{"id":3,"date":"2025-07-23T08:00:14","date_gmt":"2025-07-23T06:00:14","guid":{"rendered":"https:\/\/www-dev.involverh.com\/?page_id=3"},"modified":"2026-04-30T20:29:58","modified_gmt":"2026-04-30T18:29:58","slug":"politica-privacidad","status":"publish","type":"page","link":"https:\/\/www.involverh.com\/es_es\/politica-privacidad\/","title":{"rendered":"Pol\u00edtica de privacidad"},"content":{"rendered":"<div data-elementor-type=\"wp-page\" data-elementor-id=\"3\" class=\"elementor elementor-3\" data-elementor-settings=\"{&quot;ha_cmc_init_switcher&quot;:&quot;no&quot;}\" data-elementor-post-type=\"page\">\n\t\t\t\t<div class=\"elementor-element elementor-element-40a5550e e-flex e-con-boxed e-con e-parent\" data-id=\"40a5550e\" data-element_type=\"container\" data-e-type=\"container\" data-settings=\"{&quot;_ha_eqh_enable&quot;:false}\">\n\t\t\t\t\t<div class=\"e-con-inner\">\n\t\t\t\t\t<\/div>\n\t\t\t\t<\/div>\n\t\t<div class=\"elementor-element elementor-element-c777c3b e-flex e-con-boxed e-con e-parent\" data-id=\"c777c3b\" data-element_type=\"container\" data-e-type=\"container\" data-settings=\"{&quot;_ha_eqh_enable&quot;:false}\">\n\t\t\t\t\t<div class=\"e-con-inner\">\n\t\t\t\t<div class=\"elementor-element elementor-element-3d2f6c7 elementor-widget elementor-widget-heading\" data-id=\"3d2f6c7\" data-element_type=\"widget\" data-e-type=\"widget\" data-widget_type=\"heading.default\">\n\t\t\t\t\t<h1 class=\"elementor-heading-title elementor-size-default\">Pol\u00edtica de privacidad<\/h1>\t\t\t\t<\/div>\n\t\t\t\t\t<\/div>\n\t\t\t\t<\/div>\n\t\t<div class=\"elementor-element elementor-element-18557ac e-flex e-con-boxed e-con e-parent\" data-id=\"18557ac\" data-element_type=\"container\" data-e-type=\"container\" data-settings=\"{&quot;_ha_eqh_enable&quot;:false}\">\n\t\t\t\t\t<div class=\"e-con-inner\">\n\t\t\t\t<div class=\"elementor-element elementor-element-7b5ff4a elementor-hidden-widescreen elementor-hidden-desktop elementor-hidden-laptop elementor-hidden-tablet elementor-widget elementor-widget-n-accordion\" data-id=\"7b5ff4a\" data-element_type=\"widget\" data-e-type=\"widget\" data-settings=\"{&quot;default_state&quot;:&quot;expanded&quot;,&quot;max_items_expended&quot;:&quot;one&quot;,&quot;n_accordion_animation_duration&quot;:{&quot;unit&quot;:&quot;ms&quot;,&quot;size&quot;:400,&quot;sizes&quot;:[]}}\" data-widget_type=\"nested-accordion.default\">\n\t\t\t\t\t\t\t<div class=\"e-n-accordion\" aria-label=\"Accordion. Open links with Enter or Space, close with Escape, and navigate with Arrow Keys\">\n\t\t\t\t\t\t<details id=\"e-n-accordion-item-1290\" class=\"e-n-accordion-item\" open>\n\t\t\t\t<summary class=\"e-n-accordion-item-title\" data-accordion-index=\"1\" tabindex=\"0\" aria-expanded=\"true\" aria-controls=\"e-n-accordion-item-1290\" >\n\t\t\t\t\t<span class='e-n-accordion-item-title-header'><div class=\"e-n-accordion-item-title-text\"> Pol\u00edtica de Privacidad Espa\u00f1a <\/div><\/span>\n\t\t\t\t\t\t\t<span class='e-n-accordion-item-title-icon'>\n\t\t\t<span class='e-opened' ><svg aria-hidden=\"true\" class=\"e-font-icon-svg e-fas-minus\" viewbox=\"0 0 448 512\" xmlns=\"http:\/\/www.w3.org\/2000\/svg\"><path d=\"M416 208H32c-17.67 0-32 14.33-32 32v32c0 17.67 14.33 32 32 32h384c17.67 0 32-14.33 32-32v-32c0-17.67-14.33-32-32-32z\"><\/path><\/svg><\/span>\n\t\t\t<span class='e-closed'><svg aria-hidden=\"true\" class=\"e-font-icon-svg e-fas-plus\" viewbox=\"0 0 448 512\" xmlns=\"http:\/\/www.w3.org\/2000\/svg\"><path d=\"M416 208H272V64c0-17.67-14.33-32-32-32h-32c-17.67 0-32 14.33-32 32v144H32c-17.67 0-32 14.33-32 32v32c0 17.67 14.33 32 32 32h144v144c0 17.67 14.33 32 32 32h32c17.67 0 32-14.33 32-32V304h144c17.67 0 32-14.33 32-32v-32c0-17.67-14.33-32-32-32z\"><\/path><\/svg><\/span>\n\t\t<\/span>\n\n\t\t\t\t\t\t<\/summary>\n\t\t\t\t<div role=\"region\" aria-labelledby=\"e-n-accordion-item-1290\" class=\"elementor-element elementor-element-2f3836c e-con-full e-flex e-con e-child\" data-id=\"2f3836c\" data-element_type=\"container\" data-e-type=\"container\" data-settings=\"{&quot;_ha_eqh_enable&quot;:false}\">\n\t\t\t\t<div class=\"elementor-element elementor-element-055e06a elementor-widget elementor-widget-text-editor\" data-id=\"055e06a\" data-element_type=\"widget\" data-e-type=\"widget\" data-widget_type=\"text-editor.default\">\n\t\t\t\t\t\t\t\t\t<p class=\"p1\" style=\"text-align: left;\">En INVOLVE IBERICA SL nos preocupamos por la privacidad y la transparencia. A continuaci\u00f3n, le indicamos en detalle los tratamientos de datos personales que realizamos, as\u00ed como toda la informaci\u00f3n relativa a los mismos.<\/p><p class=\"p1\"><b>Tratamiento de im\u00e1genes con fines promocionales<\/b><\/p><table class=\"t1\" cellspacing=\"0\" cellpadding=\"0\"><tbody><tr><td class=\"td1\" valign=\"top\"><p class=\"p2\"><b>Informaci\u00f3n b\u00e1sica sobre Protecci\u00f3n de datos<\/b><\/p><\/td><td class=\"td1\" valign=\"top\">\u00a0<\/td><\/tr><tr><td class=\"td1\" valign=\"top\"><p class=\"p1\"><b>Responsable:<\/b><\/p><\/td><td class=\"td1\" valign=\"top\"><p class=\"p1\">INVOLVE IBERICA SL<\/p><\/td><\/tr><tr><td class=\"td1\" valign=\"top\"><p class=\"p1\"><b>Finalidad:<\/b><\/p><\/td><td class=\"td1\" valign=\"top\"><p class=\"p1\">Captaci\u00f3n y difusi\u00f3n de imagen y\/o v\u00eddeo con fines promocionales<\/p><\/td><\/tr><tr><td class=\"td1\" valign=\"top\"><p class=\"p1\"><b>Legitimaci\u00f3n:<\/b><\/p><\/td><td class=\"td1\" valign=\"top\"><p class=\"p1\">Consentimiento del interesado.<\/p><\/td><\/tr><tr><td class=\"td1\" valign=\"top\"><p class=\"p1\"><b>Destinatarios:<\/b><\/p><\/td><td class=\"td1\" valign=\"top\"><p class=\"p1\">Est\u00e1n previstas cesiones de datos a: Internet (redes sociales, plataformas de video y sitios web), p\u00e1gina web de la entidad y otros medios de comunicaci\u00f3n.<\/p><p class=\"p1\">Est\u00e1n previstas transferencias a terceros pa\u00edses.<\/p><\/td><\/tr><tr><td class=\"td1\" valign=\"top\"><p class=\"p1\"><b>Derechos:<\/b><\/p><\/td><td class=\"td1\" valign=\"top\"><p class=\"p1\">Tiene derecho a acceder, rectificar y suprimir los datos, as\u00ed como otros derechos, indicados en la informaci\u00f3n adicional, que puede ejercer dirigi\u00e9ndose a\u00a0<a href=\"mailto:contacto@involverh.es\"><span class=\"s1\"><b>contacto@involverh.es<\/b><\/span><\/a>\u00a0o Paseo de la Castellana 95, Planta 15, 28043 Madrid.<\/p><\/td><\/tr><tr><td class=\"td1\" valign=\"top\"><p class=\"p1\"><b>Procedencia:<\/b><\/p><\/td><td class=\"td1\" valign=\"top\"><p class=\"p1\">El propio interesado<\/p><\/td><\/tr><\/tbody><\/table><p class=\"p1\"><b>\u00a0<\/b><b>Informaci\u00f3n completa sobre Protecci\u00f3n de Datos<\/b><\/p><p class=\"p1\"><b>1. \u00bfQui\u00e9n es el responsable del tratamiento de sus datos?<\/b><\/p><p class=\"p1\">INVOLVE IBERICA SL<\/p><p class=\"p1\">B67841775<\/p><p class=\"p1\">CALLE ORENSE, N\u00daMERO 81, PLANTA CUATRO, \u2013 28020 \u2013 MADRID<\/p><p class=\"p1\">+34 602 22 42 22<\/p><p class=\"p1\">contacto@involverh.es<\/p><p class=\"p1\"><b><i>1.1 Datos de contacto del Delegado de Protecci\u00f3n de Datos (DPD)<\/i><\/b>:<\/p><p class=\"p1\">Victor Manuel Trujillo<\/p><p class=\"p1\">Paseo de la Castellana 95, Planta 15, 28043 Madrid<\/p><p class=\"p1\">contacto@involverh.es<\/p><p class=\"p1\"><b>2. \u00bfCon qu\u00e9 finalidad tratamos sus datos personales?<\/b><\/p><p class=\"p1\">En INVOLVE IBERICA SL tratamos la informaci\u00f3n que nos facilitan las personas interesadas con el fin de realizar la captaci\u00f3n, difusi\u00f3n y cesi\u00f3n de imagen y\/o v\u00eddeo con fines promocionales para su publicaci\u00f3n en Internet (redes sociales, plataformas de video y sitios web), en las publicaciones de la entidad y otros medios de comunicaci\u00f3n. En el caso de que no facilite sus datos personales, no podremos cumplir con las finalidades descritas.<\/p><p class=\"p1\">No se van a tomar decisiones automatizadas en base a los datos proporcionados.<\/p><p class=\"p1\"><b>3. \u00bfPor cu\u00e1nto tiempo conservaremos sus datos?<\/b><\/p><p class=\"p1\">Los datos se conservar\u00e1n mientras el interesado no solicite la supresi\u00f3n de los mismos.<\/p><p class=\"p1\"><b>4. \u00bfCu\u00e1l es la legitimaci\u00f3n para el tratamiento de sus datos?<\/b><\/p><p class=\"p1\">Le indicamos la base legal para el tratamiento de sus datos:<\/p><ul class=\"ul1\"><li class=\"li1\">Consentimiento del interesado: Captaci\u00f3n, difusi\u00f3n y cesi\u00f3n de imagen y\/o v\u00eddeo con fines promocionales para su publicaci\u00f3n en redes sociales, plataformas de v\u00eddeo y sitios web, as\u00ed como en las publicaciones de la entidad y otros medios de comunicaci\u00f3n. (RGPD art. 6.1.a).<\/li><\/ul><p class=\"p1\"><b>5. \u00bfA qu\u00e9 destinatarios se comunicar\u00e1n sus datos?<\/b><\/p><p class=\"p1\">Los datos se comunicar\u00e1n a los siguientes destinatarios:<\/p><ul class=\"ul1\"><li class=\"li1\">Internet (redes sociales, plataformas de video y sitios web), p\u00e1gina web de la entidad y otros medios de comunicaci\u00f3n, con la finalidad de cesi\u00f3n y publicaci\u00f3n de im\u00e1genes y\/o v\u00eddeo con fines promocionales.<\/li><\/ul><p class=\"p1\"><b>6. Transferencias de datos a terceros pa\u00edses<\/b><\/p><p class=\"p1\">Est\u00e1n previstas las siguientes transferencias de datos a terceros pa\u00edses:<\/p><ul class=\"ul1\"><li class=\"li1\">Redes sociales y sistemas de difusi\u00f3n promocional, con la finalidad de realizar promoci\u00f3n publicitaria de los servicios de la entidad. La garant\u00eda para esta transferencia se ha establecido a trav\u00e9s de: Consentimiento expl\u00edcito del interesado. Puede consultar informaci\u00f3n adicional en: Pol\u00edtica de privacidad de la entidad..<\/li><\/ul><p class=\"p1\"><b>7. \u00bfCu\u00e1les son sus derechos cuando nos facilita sus datos?<\/b><\/p><p class=\"p1\">Cualquier persona tiene derecho a obtener confirmaci\u00f3n sobre si en INVOLVE IBERICA SL estamos tratando, o no, datos personales que les conciernan.<\/p><p class=\"p1\">Las personas interesadas tienen derecho a acceder a sus datos personales, as\u00ed como a solicitar la rectificaci\u00f3n de los datos inexactos o, en su caso, solicitar su supresi\u00f3n cuando, entre otros motivos, los datos ya no sean necesarios para los fines que fueron recogidos. Igualmente tiene derecho a la portabilidad de sus datos.<\/p><p class=\"p1\">En determinadas circunstancias, los interesados podr\u00e1n solicitar la limitaci\u00f3n del tratamiento de sus datos, en cuyo caso \u00fanicamente los conservaremos para el ejercicio o la defensa de reclamaciones.<\/p><p class=\"p1\">En determinadas circunstancias y por motivos relacionados con su situaci\u00f3n particular, los interesados podr\u00e1n oponerse al tratamiento de sus datos. En este caso, INVOLVE IBERICA SL dejar\u00e1 de tratar los datos, salvo por motivos leg\u00edtimos imperiosos, o el ejercicio o la defensa de posibles reclamaciones.<\/p><p class=\"p1\">Podr\u00e1 ejercitar materialmente sus derechos de la siguiente forma: dirigi\u00e9ndose a contacto@involverh.es o Paseo de la Castellana 95, Planta 15, 28043 Madrid.<\/p><p class=\"p1\">Cuando se realice el env\u00edo de comunicaciones comerciales utilizando como base jur\u00eddica el inter\u00e9s leg\u00edtimo del responsable, el interesado podr\u00e1 oponerse al tratamiento de sus datos con ese fin.<\/p><p class=\"p1\">Si ha otorgado su consentimiento para alguna finalidad concreta, tiene derecho a retirar el consentimiento otorgado en cualquier momento, sin que ello afecte a la licitud del tratamiento basado en el consentimiento previo a su retirada.<\/p><p class=\"p1\">En caso de que sienta vulnerados sus derechos en lo concerniente a la protecci\u00f3n de sus datos personales, especialmente cuando no haya obtenido satisfacci\u00f3n en el ejercicio de sus derechos, puede presentar una reclamaci\u00f3n ante la Autoridad de Control en materia de Protecci\u00f3n de Datos competente a trav\u00e9s de su sitio web: www.aepd.es.<\/p><p class=\"p1\"><b>8. \u00bfC\u00f3mo hemos obtenido sus datos?<\/b><\/p><p class=\"p1\">Los datos personales que tratamos en INVOLVE IBERICA SL proceden de: El propio interesado.<\/p><p class=\"p1\"><b>Tratamiento de los datos de candidatos a un puesto de trabajo<\/b><\/p><table class=\"t1\" cellspacing=\"0\" cellpadding=\"0\"><tbody><tr><td class=\"td1\" valign=\"top\"><p class=\"p2\"><b>Informaci\u00f3n b\u00e1sica sobre Protecci\u00f3n de datos<\/b><\/p><\/td><td class=\"td1\" valign=\"top\">\u00a0<\/td><\/tr><tr><td class=\"td1\" valign=\"top\"><p class=\"p1\"><b>Responsable:<\/b><\/p><\/td><td class=\"td1\" valign=\"top\"><p class=\"p1\">INVOLVE IBERICA SL<\/p><\/td><\/tr><tr><td class=\"td1\" valign=\"top\"><p class=\"p1\"><b>Finalidad:<\/b><\/p><\/td><td class=\"td1\" valign=\"top\"><p class=\"p1\">Realizar los procesos de selecci\u00f3n de personal.<\/p><\/td><\/tr><tr><td class=\"td1\" valign=\"top\"><p class=\"p1\"><b>Legitimaci\u00f3n:<\/b><\/p><\/td><td class=\"td1\" valign=\"top\"><p class=\"p1\">Ejecuci\u00f3n de un contrato.<\/p><\/td><\/tr><tr><td class=\"td1\" valign=\"top\"><p class=\"p1\"><b>Destinatarios:<\/b><\/p><\/td><td class=\"td1\" valign=\"top\"><p class=\"p1\">No se ceder\u00e1n datos a terceros, salvo obligaci\u00f3n legal.<\/p><\/td><\/tr><tr><td class=\"td1\" valign=\"top\"><p class=\"p1\"><b>Derechos:<\/b><\/p><\/td><td class=\"td1\" valign=\"top\"><p class=\"p1\">Tiene derecho a acceder, rectificar y suprimir los datos, as\u00ed como otros derechos, indicados en la informaci\u00f3n adicional, que puede ejercer dirigi\u00e9ndose a contacto@involverh.es o Paseo de la Castellana 95, Planta 15, 28043 Madrid.<\/p><\/td><\/tr><tr><td class=\"td1\" valign=\"top\"><p class=\"p1\"><b>Procedencia:<\/b><\/p><\/td><td class=\"td1\" valign=\"top\"><p class=\"p1\">El propio interesado<\/p><\/td><\/tr><\/tbody><\/table><p class=\"p1\"><b>\u00a0<\/b><\/p><p class=\"p1\"><b>Informaci\u00f3n completa sobre Protecci\u00f3n de Datos<\/b><\/p><p class=\"p1\"><b>1. \u00bfQui\u00e9n es el responsable del tratamiento de sus datos?<\/b><\/p><p class=\"p1\">INVOLVE IBERICA SL<\/p><p class=\"p1\">B67841775<\/p><p class=\"p1\">CALLE ORENSE, N\u00daMERO 81, PLANTA CUATRO, \u2013 28020 \u2013 MADRID<\/p><p class=\"p1\">+34 602 22 42 22<\/p><p class=\"p1\">contacto@involverh.es<\/p><p class=\"p1\"><b><i>1.1 Datos de contacto del Delegado de Protecci\u00f3n de Datos (DPD)<\/i><\/b>:<\/p><p class=\"p1\">Victor Manuel Trujillo<\/p><p class=\"p1\">Paseo de la Castellana 95, Planta 15, 28043 Madrid<\/p><p class=\"p1\">contacto@involverh.es<\/p><p class=\"p1\"><b>2. \u00bfCon qu\u00e9 finalidad tratamos sus datos personales?<\/b><\/p><p class=\"p1\">En INVOLVE IBERICA SL tratamos la informaci\u00f3n que nos facilitan las personas interesadas con el fin de gestionar los Curriculums Vitae recibidos y realizar los procesos de selecci\u00f3n de personal, entrevistas y dem\u00e1s tr\u00e1mites necesarios para la b\u00fasqueda del mejor candidato posible a un puesto de trabajo determinado. En el caso de que no facilite sus datos personales, no podremos cumplir con las finalidades descritas.<\/p><p class=\"p1\">No se van a tomar decisiones automatizadas en base a los datos proporcionados.<\/p><p class=\"p1\"><b>3. \u00bfPor cu\u00e1nto tiempo conservaremos sus datos?<\/b><\/p><p class=\"p1\">Dos a\u00f1os desde la \u00faltima interacci\u00f3n.<\/p><p class=\"p1\"><b>4. \u00bfCu\u00e1l es la legitimaci\u00f3n para el tratamiento de sus datos?<\/b><\/p><p class=\"p1\">Le indicamos la base legal para el tratamiento de sus datos:<\/p><ul class=\"ul1\"><li class=\"li1\">Ejecuci\u00f3n de un contrato: Gesti\u00f3n de los Curriculums Vitae entregados por el candidato para realizar los procesos de selecci\u00f3n de personal para la b\u00fasqueda del mejor candidato posible a un puesto de trabajo determinado. (RGPD art. 6.1.b).<\/li><\/ul><p class=\"p1\"><b>5. \u00bfA qu\u00e9 destinatarios se comunicar\u00e1n sus datos?<\/b><\/p><p class=\"p1\">No se ceder\u00e1n datos a terceros, salvo obligaci\u00f3n legal.<\/p><p class=\"p1\"><b>6. Transferencias de datos a terceros pa\u00edses<\/b><\/p><p class=\"p1\">No est\u00e1n previstas transferencias de datos a terceros pa\u00edses.<\/p><p class=\"p1\"><b>7. \u00bfCu\u00e1les son sus derechos cuando nos facilita sus datos?<\/b><\/p><p class=\"p1\">Cualquier persona tiene derecho a obtener confirmaci\u00f3n sobre si en INVOLVE IBERICA SL estamos tratando, o no, datos personales que les conciernan.<\/p><p class=\"p1\">Las personas interesadas tienen derecho a acceder a sus datos personales, as\u00ed como a solicitar la rectificaci\u00f3n de los datos inexactos o, en su caso, solicitar su supresi\u00f3n cuando, entre otros motivos, los datos ya no sean necesarios para los fines que fueron recogidos. Igualmente tiene derecho a la portabilidad de sus datos.<\/p><p class=\"p1\">En determinadas circunstancias, los interesados podr\u00e1n solicitar la limitaci\u00f3n del tratamiento de sus datos, en cuyo caso \u00fanicamente los conservaremos para el ejercicio o la defensa de reclamaciones.<\/p><p class=\"p1\">En determinadas circunstancias y por motivos relacionados con su situaci\u00f3n particular, los interesados podr\u00e1n oponerse al tratamiento de sus datos. En este caso, INVOLVE IBERICA SL dejar\u00e1 de tratar los datos, salvo por motivos leg\u00edtimos imperiosos, o el ejercicio o la defensa de posibles reclamaciones.<\/p><p class=\"p1\">Podr\u00e1 ejercitar materialmente sus derechos de la siguiente forma: dirigi\u00e9ndose a contacto@involverh.es o Paseo de la Castellana 95, Planta 15, 28043 Madrid.<\/p><p class=\"p1\">Cuando se realice el env\u00edo de comunicaciones comerciales utilizando como base jur\u00eddica el inter\u00e9s leg\u00edtimo del responsable, el interesado podr\u00e1 oponerse al tratamiento de sus datos con ese fin.<\/p><p class=\"p1\">Si ha otorgado su consentimiento para alguna finalidad concreta, tiene derecho a retirar el consentimiento otorgado en cualquier momento, sin que ello afecte a la licitud del tratamiento basado en el consentimiento previo a su retirada.<\/p><p class=\"p1\">En caso de que sienta vulnerados sus derechos en lo concerniente a la protecci\u00f3n de sus datos personales, especialmente cuando no haya obtenido satisfacci\u00f3n en el ejercicio de sus derechos, puede presentar una reclamaci\u00f3n ante la Autoridad de Control en materia de Protecci\u00f3n de Datos competente a trav\u00e9s de su sitio web: www.aepd.es.<\/p><p class=\"p1\"><b>8. \u00bfC\u00f3mo hemos obtenido sus datos?<\/b><\/p><p class=\"p1\">Los datos personales que tratamos en INVOLVE IBERICA SL proceden de: El propio interesado.<\/p><p class=\"p1\">Las categor\u00edas de datos que se tratan son:<\/p><ul class=\"ul1\"><li class=\"li1\">Datos identificativos.<\/li><li class=\"li1\">Datos econ\u00f3micos.<\/li><\/ul><p class=\"p1\"><b>Tratamiento de los datos de clientes<\/b><\/p><table class=\"t1\" cellspacing=\"0\" cellpadding=\"0\"><tbody><tr><td class=\"td1\" valign=\"top\"><p class=\"p2\"><b>Informaci\u00f3n b\u00e1sica sobre Protecci\u00f3n de datos<\/b><\/p><\/td><td class=\"td1\" valign=\"top\">\u00a0<\/td><\/tr><tr><td class=\"td1\" valign=\"top\"><p class=\"p1\"><b>Responsable:<\/b><\/p><\/td><td class=\"td1\" valign=\"top\"><p class=\"p1\">INVOLVE IBERICA SL<\/p><\/td><\/tr><tr><td class=\"td1\" valign=\"top\"><p class=\"p1\"><b>Finalidad:<\/b><\/p><\/td><td class=\"td1\" valign=\"top\"><p class=\"p1\">Prestar los servicios solicitados y enviar comunicaciones promocionales.<\/p><\/td><\/tr><tr><td class=\"td1\" valign=\"top\"><p class=\"p1\"><b>Legitimaci\u00f3n:<\/b><\/p><\/td><td class=\"td1\" valign=\"top\"><p class=\"p1\">Ejecuci\u00f3n de un contrato.<\/p><p class=\"p1\">Inter\u00e9s leg\u00edtimo del Responsable.<\/p><\/td><\/tr><tr><td class=\"td1\" valign=\"top\"><p class=\"p1\"><b>Destinatarios:<\/b><\/p><\/td><td class=\"td1\" valign=\"top\"><p class=\"p1\">Est\u00e1n previstas cesiones de datos a: Administraci\u00f3n Tributaria; Entidades financieras.<\/p><\/td><\/tr><tr><td class=\"td1\" valign=\"top\"><p class=\"p1\"><b>Derechos:<\/b><\/p><\/td><td class=\"td1\" valign=\"top\"><p class=\"p1\">Tiene derecho a acceder, rectificar y suprimir los datos, as\u00ed como otros derechos, indicados en la informaci\u00f3n adicional, que puede ejercer dirigi\u00e9ndose a contacto@involverh.es o Paseo de la Castellana 95, Planta 15, 28043 Madrid.<\/p><\/td><\/tr><tr><td class=\"td1\" valign=\"top\"><p class=\"p1\"><b>Procedencia:<\/b><\/p><\/td><td class=\"td1\" valign=\"top\"><p class=\"p1\">El propio interesado<\/p><\/td><\/tr><\/tbody><\/table><p class=\"p1\"><b>\u00a0<\/b><\/p><p class=\"p1\"><b>Informaci\u00f3n completa sobre Protecci\u00f3n de Datos<\/b><\/p><p class=\"p1\"><b>1. \u00bfQui\u00e9n es el responsable del tratamiento de sus datos<\/b>?<\/p><p class=\"p1\">INVOLVE IBERICA SL<\/p><p class=\"p1\">B67841775<\/p><p class=\"p1\">CALLE ORENSE, N\u00daMERO 81, PLANTA CUATRO, \u2013 28020 \u2013 MADRID<\/p><p class=\"p1\">+34 602 22 42 22<\/p><p class=\"p1\">contacto@involverh.es<\/p><p class=\"p1\"><b><i>1.1 Datos de contacto del Delegado de Protecci\u00f3n de Datos (DPD):<\/i><\/b><\/p><p class=\"p1\">Victor Manuel Trujillo<\/p><p class=\"p1\">Paseo de la Castellana 95, Planta 15, 28043 Madrid<\/p><p class=\"p1\">contacto@involverh.es<\/p><p class=\"p1\"><b>2. \u00bfCon qu\u00e9 finalidad tratamos sus datos personales?<\/b><\/p><p class=\"p1\">En INVOLVE IBERICA SL tratamos la informaci\u00f3n que nos facilitan las personas interesadas con el fin de realizar la gesti\u00f3n administrativa, contable y fiscal de los servicios solicitados, as\u00ed como enviar comunicaciones promocionales sobre nuestros productos y servicios. En el caso de que no facilite sus datos personales, no podremos cumplir con las finalidades descritas.<\/p><p class=\"p1\">No se van a tomar decisiones automatizadas en base a los datos proporcionados.<\/p><p class=\"p1\"><b>3. \u00bfPor cu\u00e1nto tiempo conservaremos sus datos?<\/b><\/p><p class=\"p1\">Los datos se conservar\u00e1n mientras el interesado no solicite su supresi\u00f3n, y en su caso, durante los a\u00f1os necesarios para cumplir con las obligaciones legales.<\/p><p class=\"p1\"><b>4. \u00bfCu\u00e1l es la legitimaci\u00f3n para el tratamiento de sus datos?<\/b><\/p><p class=\"p1\">Le indicamos la base legal para el tratamiento de sus datos:<\/p><ul class=\"ul1\"><li class=\"li1\">Ejecuci\u00f3n de un contrato: Gesti\u00f3n fiscal, contable y administrativa de clientes. (RGPD art. 6.1.b).<\/li><li class=\"li1\">Inter\u00e9s leg\u00edtimo del Responsable: Env\u00edo de comunicaciones promocionales incluso por v\u00eda electr\u00f3nica. (RGPD Considerando 47, LSSICE art. 21.2).<\/li><\/ul><p class=\"p1\"><b>5. \u00bfA qu\u00e9 destinatarios se comunicar\u00e1n sus datos?<\/b><\/p><p class=\"p1\">Los datos se comunicar\u00e1n a los siguientes destinatarios:<\/p><ul class=\"ul1\"><li class=\"li1\">Administraci\u00f3n Tributaria, con la finalidad de cumplir con las obligaciones legales (requisito legal).<\/li><li class=\"li1\">Entidades financieras, con la finalidad de girar los recibos correspondientes (requisito contractual).<\/li><\/ul><p class=\"p1\"><b>6. Transferencias de datos a terceros pa\u00edses<\/b><\/p><p class=\"p1\">No est\u00e1n previstas transferencias de datos a terceros pa\u00edses.<\/p><p class=\"p1\"><b>7. \u00bfCu\u00e1les son sus derechos cuando nos facilita sus datos?<\/b><\/p><p class=\"p1\">Cualquier persona tiene derecho a obtener confirmaci\u00f3n sobre si en INVOLVE IBERICA SL estamos tratando, o no, datos personales que les conciernan.<\/p><p class=\"p1\">Las personas interesadas tienen derecho a acceder a sus datos personales, as\u00ed como a solicitar la rectificaci\u00f3n de los datos inexactos o, en su caso, solicitar su supresi\u00f3n cuando, entre otros motivos, los datos ya no sean necesarios para los fines que fueron recogidos. Igualmente tiene derecho a la portabilidad de sus datos.<\/p><p class=\"p1\">En determinadas circunstancias, los interesados podr\u00e1n solicitar la limitaci\u00f3n del tratamiento de sus datos, en cuyo caso \u00fanicamente los conservaremos para el ejercicio o la defensa de reclamaciones.<\/p><p class=\"p1\">En determinadas circunstancias y por motivos relacionados con su situaci\u00f3n particular, los interesados podr\u00e1n oponerse al tratamiento de sus datos. En este caso, INVOLVE IBERICA SL dejar\u00e1 de tratar los datos, salvo por motivos leg\u00edtimos imperiosos, o el ejercicio o la defensa de posibles reclamaciones.<\/p><p class=\"p1\">Podr\u00e1 ejercitar materialmente sus derechos de la siguiente forma: dirigi\u00e9ndose a contacto@involverh.es o Paseo de la Castellana 95, Planta 15, 28043 Madrid.<\/p><p class=\"p1\">Cuando se realice el env\u00edo de comunicaciones comerciales utilizando como base jur\u00eddica el inter\u00e9s leg\u00edtimo del responsable, el interesado podr\u00e1 oponerse al tratamiento de sus datos con ese fin.<\/p><p class=\"p1\">Si ha otorgado su consentimiento para alguna finalidad concreta, tiene derecho a retirar el consentimiento otorgado en cualquier momento, sin que ello afecte a la licitud del tratamiento basado en el consentimiento previo a su retirada.<\/p><p class=\"p1\">En caso de que sienta vulnerados sus derechos en lo concerniente a la protecci\u00f3n de sus datos personales, especialmente cuando no haya obtenido satisfacci\u00f3n en el ejercicio de sus derechos, puede presentar una reclamaci\u00f3n ante la Autoridad de Control en materia de Protecci\u00f3n de Datos competente a trav\u00e9s de su sitio web: www.aepd.es.<\/p><p class=\"p1\"><b>8. \u00bfC\u00f3mo hemos obtenido sus datos?<\/b><\/p><p class=\"p1\">Los datos personales que tratamos en INVOLVE IBERICA SL proceden de: El propio interesado.<\/p><p class=\"p1\"><b>Tratamiento de los datos de potenciales clientes y contactos<\/b><\/p><table class=\"t1\" cellspacing=\"0\" cellpadding=\"0\"><tbody><tr><td class=\"td1\" valign=\"top\"><p class=\"p2\"><b>Informaci\u00f3n b\u00e1sica sobre Protecci\u00f3n de datos<\/b><\/p><\/td><td class=\"td1\" valign=\"top\">\u00a0<\/td><\/tr><tr><td class=\"td1\" valign=\"top\"><p class=\"p1\"><b>Responsable:<\/b><\/p><\/td><td class=\"td1\" valign=\"top\"><p class=\"p1\">INVOLVE IBERICA SL<\/p><\/td><\/tr><tr><td class=\"td1\" valign=\"top\"><p class=\"p1\"><b>Finalidad:<\/b><\/p><\/td><td class=\"td1\" valign=\"top\"><p class=\"p1\">Atender su solicitud y enviarle comunicaciones promocionales<\/p><\/td><\/tr><tr><td class=\"td1\" valign=\"top\"><p class=\"p1\"><b>Legitimaci\u00f3n:<\/b><\/p><\/td><td class=\"td1\" valign=\"top\"><p class=\"p1\">Ejecuci\u00f3n de un contrato.<\/p><p class=\"p1\">Consentimiento del interesado.<\/p><p class=\"p1\">Inter\u00e9s leg\u00edtimo del Responsable.<\/p><\/td><\/tr><tr><td class=\"td1\" valign=\"top\"><p class=\"p1\"><b>Destinatarios:<\/b><\/p><\/td><td class=\"td1\" valign=\"top\"><p class=\"p1\">No se ceder\u00e1n datos a terceros, salvo obligaci\u00f3n legal.<\/p><\/td><\/tr><tr><td class=\"td1\" valign=\"top\"><p class=\"p1\"><b>Derechos:<\/b><\/p><\/td><td class=\"td1\" valign=\"top\"><p class=\"p1\">Tiene derecho a acceder, rectificar y suprimir los datos, as\u00ed como otros derechos, indicados en la informaci\u00f3n adicional, que puede ejercer dirigi\u00e9ndose a contacto@involverh.es o Paseo de la Castellana 95, Planta 15, 28043 Madrid.<\/p><\/td><\/tr><tr><td class=\"td1\" valign=\"top\"><p class=\"p1\"><b>Procedencia:<\/b><\/p><\/td><td class=\"td1\" valign=\"top\"><p class=\"p1\">El propio interesado<\/p><\/td><\/tr><\/tbody><\/table><p class=\"p1\"><b>\u00a0<\/b><\/p><p class=\"p1\"><b>Informaci\u00f3n completa sobre Protecci\u00f3n de Datos<\/b><\/p><p class=\"p1\"><b>1. \u00bfQui\u00e9n es el responsable del tratamiento de sus datos?<\/b><\/p><p class=\"p1\">INVOLVE IBERICA SL<\/p><p class=\"p1\">B67841775<\/p><p class=\"p1\">CALLE ORENSE, N\u00daMERO 81, PLANTA CUATRO, \u2013 28020 \u2013 MADRID<\/p><p class=\"p1\">+34 602 22 42 22<\/p><p class=\"p1\">contacto@involverh.es<\/p><p class=\"p1\"><b><i>1.1 Datos de contacto del Delegado de Protecci\u00f3n de Datos (DPD):<\/i><\/b><\/p><p class=\"p1\">Victor Manuel Trujillo<\/p><p class=\"p1\">Paseo de la Castellana 95, Planta 15, 28043 Madrid<\/p><p class=\"p1\">contacto@involverh.es<\/p><p class=\"p1\"><b>2. \u00bfCon qu\u00e9 finalidad tratamos sus datos personales?<\/b><\/p><p class=\"p1\">En INVOLVE IBERICA SL tratamos la informaci\u00f3n que nos facilitan las personas interesadas con el fin de realizar la gesti\u00f3n de potenciales clientes que se han interesado sobre nuestros productos y\/o servicios, as\u00ed como otros contactos comerciales y realizar, en su caso, el env\u00edo de comunicaciones promocionales, inclusive por v\u00eda electr\u00f3nica. En el caso de que no facilite sus datos personales, no podremos cumplir con las finalidades descritas.<\/p><p class=\"p1\">No se van a tomar decisiones automatizadas en base a los datos proporcionados.<\/p><p class=\"p1\"><b>3. \u00bfPor cu\u00e1nto tiempo conservaremos sus datos?<\/b><\/p><p class=\"p1\">Los datos se conservar\u00e1n mientras el interesado no solicite su supresi\u00f3n.<\/p><p class=\"p1\"><b>4. \u00bfCu\u00e1l es la legitimaci\u00f3n para el tratamiento de sus datos?<\/b><\/p><p class=\"p1\">Le indicamos la base legal para el tratamiento de sus datos:<\/p><ul class=\"ul1\"><li class=\"li1\">Ejecuci\u00f3n de un contrato: Gesti\u00f3n de potenciales clientes que se han interesado sobre nuestros productos y\/o servicios. (RGPD, art. 6.1.b).<\/li><li class=\"li1\">Consentimiento del interesado: Enviar comunicaciones promocionales, inclusive por v\u00eda electr\u00f3nica. (RGPD, art. 6.1.a, LSSICE art.21).<\/li><li class=\"li1\">Inter\u00e9s leg\u00edtimo del Responsable: Gesti\u00f3n de los datos de contacto profesionales (LOPDGDD art.19, RGPD art. 6.1.f).<\/li><\/ul><p class=\"p1\"><b>5. \u00bfA qu\u00e9 destinatarios se comunicar\u00e1n sus datos?<\/b><\/p><p class=\"p1\">No se ceder\u00e1n datos a terceros, salvo obligaci\u00f3n legal.<\/p><p class=\"p1\"><b>6. Transferencias de datos a terceros pa\u00edses<\/b><\/p><p class=\"p1\">No est\u00e1n previstas transferencias de datos a terceros pa\u00edses.<\/p><p class=\"p1\"><b>7. \u00bfCu\u00e1les son sus derechos cuando nos facilita sus datos?<\/b><\/p><p class=\"p1\">Cualquier persona tiene derecho a obtener confirmaci\u00f3n sobre si en INVOLVE IBERICA SL estamos tratando, o no, datos personales que les conciernan.<\/p><p class=\"p1\">Las personas interesadas tienen derecho a acceder a sus datos personales, as\u00ed como a solicitar la rectificaci\u00f3n de los datos inexactos o, en su caso, solicitar su supresi\u00f3n cuando, entre otros motivos, los datos ya no sean necesarios para los fines que fueron recogidos. Igualmente tiene derecho a la portabilidad de sus datos.<\/p><p class=\"p1\">En determinadas circunstancias, los interesados podr\u00e1n solicitar la limitaci\u00f3n del tratamiento de sus datos, en cuyo caso \u00fanicamente los conservaremos para el ejercicio o la defensa de reclamaciones.<\/p><p class=\"p1\">En determinadas circunstancias y por motivos relacionados con su situaci\u00f3n particular, los interesados podr\u00e1n oponerse al tratamiento de sus datos. En este caso, INVOLVE IBERICA SL dejar\u00e1 de tratar los datos, salvo por motivos leg\u00edtimos imperiosos, o el ejercicio o la defensa de posibles reclamaciones.<\/p><p class=\"p1\">Podr\u00e1 ejercitar materialmente sus derechos de la siguiente forma: dirigi\u00e9ndose a contacto@involverh.es o Paseo de la Castellana 95, Planta 15, 28043 Madrid.<\/p><p class=\"p1\">Cuando se realice el env\u00edo de comunicaciones comerciales utilizando como base jur\u00eddica el inter\u00e9s leg\u00edtimo del responsable, el interesado podr\u00e1 oponerse al tratamiento de sus datos con ese fin.<\/p><p class=\"p1\">Si ha otorgado su consentimiento para alguna finalidad concreta, tiene derecho a retirar el consentimiento otorgado en cualquier momento, sin que ello afecte a la licitud del tratamiento basado en el consentimiento previo a su retirada.<\/p><p class=\"p1\">En caso de que sienta vulnerados sus derechos en lo concerniente a la protecci\u00f3n de sus datos personales, especialmente cuando no haya obtenido satisfacci\u00f3n en el ejercicio de sus derechos, puede presentar una reclamaci\u00f3n ante la Autoridad de Control en materia de Protecci\u00f3n de Datos competente a trav\u00e9s de su sitio web: www.aepd.es.<\/p><p class=\"p1\"><b>8. \u00bfC\u00f3mo hemos obtenido sus datos?<\/b><\/p><p class=\"p1\">Los datos personales que tratamos en INVOLVE IBERICA SL proceden de: El propio interesado.<\/p><p class=\"p1\"><b>Tratamiento de los datos de suscriptores a la newsletter<\/b><\/p><table class=\"t1\" cellspacing=\"0\" cellpadding=\"0\"><tbody><tr><td class=\"td1\" valign=\"top\"><p class=\"p2\"><b>Informaci\u00f3n b\u00e1sica sobre Protecci\u00f3n de datos<\/b><\/p><\/td><td class=\"td1\" valign=\"top\">\u00a0<\/td><\/tr><tr><td class=\"td1\" valign=\"top\"><p class=\"p1\"><b>Responsable:<\/b><\/p><\/td><td class=\"td1\" valign=\"top\"><p class=\"p1\">INVOLVE IBERICA SL<\/p><\/td><\/tr><tr><td class=\"td1\" valign=\"top\"><p class=\"p1\"><b>Finalidad:<\/b><\/p><\/td><td class=\"td1\" valign=\"top\"><p class=\"p1\">Mandarle nuestra newsletter y otras comunicaciones promocionales de inter\u00e9s<\/p><\/td><\/tr><tr><td class=\"td1\" valign=\"top\"><p class=\"p1\"><b>Legitimaci\u00f3n:<\/b><\/p><\/td><td class=\"td1\" valign=\"top\"><p class=\"p1\">Consentimiento del interesado.<\/p><\/td><\/tr><tr><td class=\"td1\" valign=\"top\"><p class=\"p1\"><b>Destinatarios:<\/b><\/p><\/td><td class=\"td1\" valign=\"top\"><p class=\"p1\">No se ceder\u00e1n datos a terceros, salvo obligaci\u00f3n legal.<\/p><\/td><\/tr><tr><td class=\"td1\" valign=\"top\"><p class=\"p1\"><b>Derechos:<\/b><\/p><\/td><td class=\"td1\" valign=\"top\"><p class=\"p1\">Tiene derecho a acceder, rectificar y suprimir los datos, as\u00ed como otros derechos, indicados en la informaci\u00f3n adicional, que puede ejercer dirigi\u00e9ndose a contacto@involverh.es o Paseo de la Castellana 95, Planta 15, 28043 Madrid.<\/p><\/td><\/tr><tr><td class=\"td1\" valign=\"top\"><p class=\"p1\"><b>Procedencia:<\/b><\/p><\/td><td class=\"td1\" valign=\"top\"><p class=\"p1\">El propio interesado<\/p><\/td><\/tr><\/tbody><\/table><p class=\"p1\"><b>\u00a0<\/b><\/p><p class=\"p1\"><b>Informaci\u00f3n completa sobre Protecci\u00f3n de Datos<\/b><\/p><p class=\"p1\"><b>1. \u00bfQui\u00e9n es el responsable del tratamiento de sus datos?<\/b><\/p><p class=\"p1\">INVOLVE IBERICA SL<\/p><p class=\"p1\">B67841775<\/p><p class=\"p1\">CALLE ORENSE, N\u00daMERO 81, PLANTA CUATRO, \u2013 28020 \u2013 MADRID<\/p><p class=\"p1\">+34 602 22 42 22<\/p><p class=\"p1\">contacto@involverh.es<\/p><p class=\"p1\"><b><i>1.1 Datos de contacto del Delegado de Protecci\u00f3n de Datos (DPD):<\/i><\/b><\/p><p class=\"p1\">Victor Manuel Trujillo<\/p><p class=\"p1\">Paseo de la Castellana 95, Planta 15, 28043 Madrid<\/p><p class=\"p1\">contacto@involverh.es<\/p><p class=\"p1\"><b>2. \u00bfCon qu\u00e9 finalidad tratamos sus datos personales?<\/b><\/p><p class=\"p1\">En INVOLVE IBERICA SL tratamos la informaci\u00f3n que nos facilitan las personas interesadas con el fin de realizar el env\u00edo de nuestra newsletter y otras comunicaciones promocionales de inter\u00e9s para los suscriptores a la misma. En el caso de que no facilite sus datos personales, no podremos cumplir con las finalidades descritas.<\/p><p class=\"p1\">No se van a tomar decisiones automatizadas en base a los datos proporcionados.<\/p><p class=\"p1\"><b>3. \u00bfPor cu\u00e1nto tiempo conservaremos sus datos?<\/b><\/p><p class=\"p1\">Los datos se conservar\u00e1n mientras el interesado no solicite su supresi\u00f3n.<\/p><p class=\"p1\"><b>4. \u00bfCu\u00e1l es la legitimaci\u00f3n para el tratamiento de sus datos?<\/b><\/p><p class=\"p1\">Le indicamos la base legal para el tratamiento de sus datos:<\/p><ul class=\"ul1\"><li class=\"li1\">Consentimiento del interesado: realizar el env\u00edo de nuestra newsletter y otras comunicaciones promocionales de inter\u00e9s para los suscriptores a la misma (RGPD, art. 6.1.a, y LSSICE art.21)<\/li><\/ul><p class=\"p1\"><b>5. \u00bfA qu\u00e9 destinatarios se comunicar\u00e1n sus datos?<\/b><\/p><p class=\"p1\">No se ceder\u00e1n datos a terceros, salvo obligaci\u00f3n legal.<\/p><p class=\"p1\"><b>6. Transferencias de datos a terceros pa\u00edses<\/b><\/p><p class=\"p1\">No est\u00e1n previstas transferencias de datos a terceros pa\u00edses.<\/p><p class=\"p1\"><b>7. \u00bfCu\u00e1les son sus derechos cuando nos facilita sus datos?<\/b><\/p><p class=\"p1\">Cualquier persona tiene derecho a obtener confirmaci\u00f3n sobre si en INVOLVE IBERICA SL estamos tratando, o no, datos personales que les conciernan.<\/p><p class=\"p1\">Las personas interesadas tienen derecho a acceder a sus datos personales, as\u00ed como a solicitar la rectificaci\u00f3n de los datos inexactos o, en su caso, solicitar su supresi\u00f3n cuando, entre otros motivos, los datos ya no sean necesarios para los fines que fueron recogidos. Igualmente tiene derecho a la portabilidad de sus datos.<\/p><p class=\"p1\">En determinadas circunstancias, los interesados podr\u00e1n solicitar la limitaci\u00f3n del tratamiento de sus datos, en cuyo caso \u00fanicamente los conservaremos para el ejercicio o la defensa de reclamaciones.<\/p><p class=\"p1\">En determinadas circunstancias y por motivos relacionados con su situaci\u00f3n particular, los interesados podr\u00e1n oponerse al tratamiento de sus datos. En este caso, INVOLVE IBERICA SL dejar\u00e1 de tratar los datos, salvo por motivos leg\u00edtimos imperiosos, o el ejercicio o la defensa de posibles reclamaciones.<\/p><p class=\"p1\">Podr\u00e1 ejercitar materialmente sus derechos de la siguiente forma: dirigi\u00e9ndose a contacto@involverh.es o Paseo de la Castellana 95, Planta 15, 28043 Madrid.<\/p><p class=\"p1\">Cuando se realice el env\u00edo de comunicaciones comerciales utilizando como base jur\u00eddica el inter\u00e9s leg\u00edtimo del responsable, el interesado podr\u00e1 oponerse al tratamiento de sus datos con ese fin.<\/p><p class=\"p1\">Si ha otorgado su consentimiento para alguna finalidad concreta, tiene derecho a retirar el consentimiento otorgado en cualquier momento, sin que ello afecte a la licitud del tratamiento basado en el consentimiento previo a su retirada.<\/p><p class=\"p1\">En caso de que sienta vulnerados sus derechos en lo concerniente a la protecci\u00f3n de sus datos personales, especialmente cuando no haya obtenido satisfacci\u00f3n en el ejercicio de sus derechos, puede presentar una reclamaci\u00f3n ante la Autoridad de Control en materia de Protecci\u00f3n de Datos competente a trav\u00e9s de su sitio web: www.aepd.es.<\/p><p class=\"p1\"><b>8. \u00bfC\u00f3mo hemos obtenido sus datos?<\/b><\/p><p class=\"p1\">Los datos personales que tratamos en INVOLVE IBERICA SL proceden de: El propio interesado.<\/p><p class=\"p1\">Las categor\u00edas de datos que se tratan son:<\/p><ul class=\"ul1\"><li class=\"li1\">Direcciones postales y electr\u00f3nicas.<\/li><\/ul><p class=\"p1\"><b>Tratamiento de los datos de usuarios de la plataforma con cuenta creada<\/b><\/p><table class=\"t1\" cellspacing=\"0\" cellpadding=\"0\"><tbody><tr><td class=\"td1\" valign=\"top\"><p class=\"p2\"><b>Informaci\u00f3n b\u00e1sica sobre Protecci\u00f3n de datos<\/b><\/p><\/td><td class=\"td1\" valign=\"top\">\u00a0<\/td><\/tr><tr><td class=\"td1\" valign=\"top\"><p class=\"p1\"><b>Responsable:<\/b><\/p><\/td><td class=\"td1\" valign=\"top\"><p class=\"p1\">INVOLVE IBERICA SL<\/p><\/td><\/tr><tr><td class=\"td1\" valign=\"top\"><p class=\"p1\"><b>Finalidad:<\/b><\/p><\/td><td class=\"td1\" valign=\"top\"><p class=\"p1\">Atender su solicitud y enviarle comunicaciones relacionadas con la misma<\/p><\/td><\/tr><tr><td class=\"td1\" valign=\"top\"><p class=\"p1\"><b>Legitimaci\u00f3n:<\/b><\/p><\/td><td class=\"td1\" valign=\"top\"><p class=\"p1\">Ejecuci\u00f3n de un contrato.<\/p><p class=\"p1\">Consentimiento del interesado.<\/p><p class=\"p1\">Inter\u00e9s leg\u00edtimo del Responsable.<\/p><\/td><\/tr><tr><td class=\"td1\" valign=\"top\"><p class=\"p1\"><b>Destinatarios:<\/b><\/p><\/td><td class=\"td1\" valign=\"top\"><p class=\"p1\">Est\u00e1n previstas cesiones de datos a: Empresas clientes de la plataforma que publican vacantes a los que los interesados responden..<\/p><\/td><\/tr><tr><td class=\"td1\" valign=\"top\"><p class=\"p1\"><b>Derechos:<\/b><\/p><\/td><td class=\"td1\" valign=\"top\"><p class=\"p1\">Tiene derecho a acceder, rectificar y suprimir los datos, as\u00ed como otros derechos, indicados en la informaci\u00f3n adicional, que puede ejercer dirigi\u00e9ndose a contacto@involverh.es o Paseo de la Castellana 95, Planta 15, 28043 Madrid.<\/p><\/td><\/tr><tr><td class=\"td1\" valign=\"top\"><p class=\"p1\"><b>Procedencia:<\/b><\/p><\/td><td class=\"td1\" valign=\"top\"><p class=\"p1\">El propio interesado<\/p><\/td><\/tr><\/tbody><\/table><p class=\"p1\"><b>\u00a0<\/b><\/p><p class=\"p1\">Informaci\u00f3n completa sobre Protecci\u00f3n de Datos<\/p><p class=\"p1\"><b>1. \u00bfQui\u00e9n es el responsable del tratamiento de sus datos?<\/b><\/p><p class=\"p1\">INVOLVE IBERICA SL<\/p><p class=\"p1\">B67841775<\/p><p class=\"p1\">CALLE ORENSE, N\u00daMERO 81, PLANTA CUATRO, \u2013 28020 \u2013 MADRID<\/p><p class=\"p1\">+34 602 22 42 22<\/p><p class=\"p1\">contacto@involverh.es<\/p><p class=\"p1\"><b>1.1 Datos de contacto del Delegado de Protecci\u00f3n de Datos (DPD):<\/b><\/p><p class=\"p1\">Victor Manuel Trujillo<\/p><p class=\"p1\">Paseo de la Castellana 95, Planta 15, 28043 Madrid<\/p><p class=\"p1\">contacto@involverh.es<\/p><p class=\"p1\"><b>2. \u00bfCon qu\u00e9 finalidad tratamos sus datos personales?<\/b><\/p><p class=\"p1\">En INVOLVE IBERICA SL tratamos la informaci\u00f3n que nos facilitan las personas interesadas con el fin de realizar la gesti\u00f3n de potenciales empleados que se han interesado sobre las vacantes publicadas por los clientes de la plataforma,\u00a0 en su caso, el env\u00edo de comunicaciones relacionadas con los procesos de selecci\u00f3n, inclusive por v\u00eda electr\u00f3nica. En el caso de que no facilite sus datos personales, no podremos cumplir con las finalidades descritas.<\/p><p class=\"p1\">No se van a tomar decisiones automatizadas en base a los datos proporcionados.<\/p><p class=\"p1\"><b>3. \u00bfPor cu\u00e1nto tiempo conservaremos sus datos?<\/b><\/p><p class=\"p1\">Los datos se conservar\u00e1n mientras el interesado no solicite su supresi\u00f3n.<\/p><p class=\"p1\"><b>4. \u00bfCu\u00e1l es la legitimaci\u00f3n para el tratamiento de sus datos?<\/b><\/p><p class=\"p1\">Le indicamos la base legal para el tratamiento de sus datos:<\/p><ul class=\"ul1\"><li class=\"li1\">Ejecuci\u00f3n de un contrato: Gesti\u00f3n de potenciales empleados que se han interesado sobre las vacantes publicadas en la plataforma. (RGPD, art. 6.1.b).<\/li><li class=\"li1\">Consentimiento del interesado: Enviar de comunicaciones informativas, inclusive por v\u00eda electr\u00f3nica. (RGPD, art. 6.1.a, LSSICE art.21).<\/li><li class=\"li1\">Inter\u00e9s leg\u00edtimo del Responsable: Gesti\u00f3n de los datos de contacto profesionales en el caso de procesos de selecci\u00f3n internos (LOPDGDD art.19, RGPD art. 6.1.f).<\/li><\/ul><p class=\"p1\"><b>5. \u00bfA qu\u00e9 destinatarios se comunicar\u00e1n sus datos?<\/b><\/p><p class=\"p1\">Los datos se comunicar\u00e1n a los siguientes destinatarios:<\/p><ul class=\"ul1\"><li class=\"li1\">Empresas clientes de la plataforma que publican vacantes a los que los interesados responden., con la finalidad de atender la solicitud del usuario de la plataforma de participar en el proceso de selecci\u00f3n.<\/li><\/ul><p class=\"p1\"><b>6. Transferencias de datos a terceros pa\u00edses<\/b><\/p><p class=\"p1\">No est\u00e1n previstas transferencias de datos a terceros pa\u00edses.<\/p><p class=\"p1\"><b>7. \u00bfCu\u00e1les son sus derechos cuando nos facilita sus datos?<\/b><\/p><p class=\"p1\">Cualquier persona tiene derecho a obtener confirmaci\u00f3n sobre si en INVOLVE IBERICA SL estamos tratando, o no, datos personales que les conciernan.<\/p><p class=\"p1\">Las personas interesadas tienen derecho a acceder a sus datos personales, as\u00ed como a solicitar la rectificaci\u00f3n de los datos inexactos o, en su caso, solicitar su supresi\u00f3n cuando, entre otros motivos, los datos ya no sean necesarios para los fines que fueron recogidos. Igualmente tiene derecho a la portabilidad de sus datos.<\/p><p class=\"p1\">En determinadas circunstancias, los interesados podr\u00e1n solicitar la limitaci\u00f3n del tratamiento de sus datos, en cuyo caso \u00fanicamente los conservaremos para el ejercicio o la defensa de reclamaciones.<\/p><p class=\"p1\">En determinadas circunstancias y por motivos relacionados con su situaci\u00f3n particular, los interesados podr\u00e1n oponerse al tratamiento de sus datos. En este caso, INVOLVE IBERICA SL dejar\u00e1 de tratar los datos, salvo por motivos leg\u00edtimos imperiosos, o el ejercicio o la defensa de posibles reclamaciones.<\/p><p class=\"p1\">Podr\u00e1 ejercitar materialmente sus derechos de la siguiente forma: dirigi\u00e9ndose a contacto@involverh.es o Paseo de la Castellana 95, Planta 15, 28043 Madrid.<\/p><p class=\"p1\">Cuando se realice el env\u00edo de comunicaciones comerciales utilizando como base jur\u00eddica el inter\u00e9s leg\u00edtimo del responsable, el interesado podr\u00e1 oponerse al tratamiento de sus datos con ese fin.<\/p><p class=\"p1\">Si ha otorgado su consentimiento para alguna finalidad concreta, tiene derecho a retirar el consentimiento otorgado en cualquier momento, sin que ello afecte a la licitud del tratamiento basado en el consentimiento previo a su retirada.<\/p><p class=\"p1\">En caso de que sienta vulnerados sus derechos en lo concerniente a la protecci\u00f3n de sus datos personales, especialmente cuando no haya obtenido satisfacci\u00f3n en el ejercicio de sus derechos, puede presentar una reclamaci\u00f3n ante la Autoridad de Control en materia de Protecci\u00f3n de Datos competente a trav\u00e9s de su sitio web: www.aepd.es.<\/p><p class=\"p1\"><b>8. \u00bfC\u00f3mo hemos obtenido sus datos?<\/b><\/p><p class=\"p1\">Los datos personales que tratamos en INVOLVE IBERICA SL proceden de: El propio interesado.<\/p><p class=\"p1\">Las categor\u00edas de datos que se tratan son:<\/p><ul class=\"ul1\"><li class=\"li1\">Datos identificativos.<\/li><li class=\"li1\">Datos econ\u00f3micos.<\/li><\/ul><p class=\"p1\"><b>Tratamiento de los datos para el ejercicio de los derechos de los interesados<\/b><\/p><table class=\"t1\" cellspacing=\"0\" cellpadding=\"0\"><tbody><tr><td class=\"td1\" valign=\"top\"><p class=\"p2\"><b>Informaci\u00f3n b\u00e1sica sobre Protecci\u00f3n de datos<\/b><\/p><\/td><td class=\"td1\" valign=\"top\">\u00a0<\/td><\/tr><tr><td class=\"td1\" valign=\"top\"><p class=\"p1\"><b>Responsable:<\/b><\/p><\/td><td class=\"td1\" valign=\"top\"><p class=\"p1\">INVOLVE IBERICA SL<\/p><\/td><\/tr><tr><td class=\"td1\" valign=\"top\"><p class=\"p1\"><b>Finalidad:<\/b><\/p><\/td><td class=\"td1\" valign=\"top\"><p class=\"p1\">Gestionar y atender las solicitudes de los interesados en el ejercicio de los derechos establecidos en la normativa de protecci\u00f3n de datos.<\/p><\/td><\/tr><tr><td class=\"td1\" valign=\"top\"><p class=\"p1\"><b>Legitimaci\u00f3n:<\/b><\/p><\/td><td class=\"td1\" valign=\"top\"><p class=\"p1\">Cumplimiento de una obligaci\u00f3n legal.<\/p><\/td><\/tr><tr><td class=\"td1\" valign=\"top\"><p class=\"p1\"><b>Destinatarios:<\/b><\/p><\/td><td class=\"td1\" valign=\"top\"><p class=\"p1\">Est\u00e1n previstas cesiones de datos a: Autoridades de control, Organismos de la administraci\u00f3n p\u00fablica y Defensor del Pueblo, en su caso..<\/p><\/td><\/tr><tr><td class=\"td1\" valign=\"top\"><p class=\"p1\"><b>Derechos:<\/b><\/p><\/td><td class=\"td1\" valign=\"top\"><p class=\"p1\">Tiene derecho a acceder, rectificar y suprimir los datos, as\u00ed como otros derechos, indicados en la informaci\u00f3n adicional, que puede ejercer dirigi\u00e9ndose a contacto@involverh.es o Paseo de la Castellana 95, Planta 15, 28043 Madrid.<\/p><\/td><\/tr><tr><td class=\"td1\" valign=\"top\"><p class=\"p1\"><b>Procedencia:<\/b><\/p><\/td><td class=\"td1\" valign=\"top\"><p class=\"p1\">El propio interesado<\/p><\/td><\/tr><\/tbody><\/table><p class=\"p1\"><b>\u00a0<\/b><\/p><p class=\"p1\"><b>Informaci\u00f3n completa sobre Protecci\u00f3n de Datos<\/b><\/p><p class=\"p1\"><b>1. \u00bfQui\u00e9n es el responsable del tratamiento de sus datos?<\/b><\/p><p class=\"p1\">INVOLVE IBERICA SL<\/p><p class=\"p1\">B67841775<\/p><p class=\"p1\">CALLE ORENSE, N\u00daMERO 81, PLANTA CUATRO, \u2013 28020 \u2013 MADRID<\/p><p class=\"p1\">+34 602 22 42 22<\/p><p class=\"p1\">contacto@involverh.es<\/p><p class=\"p1\"><b><i>1.1 Datos de contacto del Delegado de Protecci\u00f3n de Datos (DPD):<\/i><\/b><\/p><p class=\"p1\">Victor Manuel Trujillo<\/p><p class=\"p1\">Paseo de la Castellana 95, Planta 15, 28043 Madrid<\/p><p class=\"p1\">contacto@involverh.es<\/p><p class=\"p1\"><b>2. \u00bfCon qu\u00e9 finalidad tratamos sus datos personales?<\/b><\/p><p class=\"p1\">En INVOLVE IBERICA SL tratamos la informaci\u00f3n que nos facilitan las personas interesadas con el fin de gestionar y atender las solicitudes de los interesados en el ejercicio de los derechos establecidos en la normativa de protecci\u00f3n de datos. En el caso de que no facilite sus datos personales, no podremos cumplir con las finalidades descritas.<\/p><p class=\"p1\">No se van a tomar decisiones automatizadas en base a los datos proporcionados.<\/p><p class=\"p1\"><b>3. \u00bfPor cu\u00e1nto tiempo conservaremos sus datos?<\/b><\/p><p class=\"p1\">Se conservar\u00e1n durante el tiempo necesario para resolver las solicitudes y al menos durante tres a\u00f1os para atender posibles reclamaciones.<\/p><p class=\"p1\"><b>4. \u00bfCu\u00e1l es la legitimaci\u00f3n para el tratamiento de sus datos?<\/b><\/p><p class=\"p1\">Le indicamos la base legal para el tratamiento de sus datos:<\/p><ul class=\"ul1\"><li class=\"li1\">Cumplimiento de una obligaci\u00f3n legal: gestionar y atender las solicitudes de los interesados en el ejercicio de los derechos establecidos en la normativa de protecci\u00f3n de datos (RGPD, art.6.1.b)<\/li><\/ul><p class=\"p1\"><b>5. \u00bfA qu\u00e9 destinatarios se comunicar\u00e1n sus datos?<\/b><\/p><p class=\"p1\">Los datos se comunicar\u00e1n a los siguientes destinatarios:<\/p><ul class=\"ul1\"><li class=\"li1\">Autoridades de control, Organismos de la administraci\u00f3n p\u00fablica y Defensor del Pueblo, en su caso., con la finalidad de gestionar y atender las solicitudes y las posibles reclamaciones (requisito legal).<\/li><\/ul><p class=\"p1\"><b>6. Transferencias de datos a terceros pa\u00edses<\/b><\/p><p class=\"p1\">No est\u00e1n previstas transferencias de datos a terceros pa\u00edses.<\/p><p class=\"p1\"><b>7. \u00bfCu\u00e1les son sus derechos cuando nos facilita sus datos?<\/b><\/p><p class=\"p1\">Cualquier persona tiene derecho a obtener confirmaci\u00f3n sobre si en INVOLVE IBERICA SL estamos tratando, o no, datos personales que les conciernan.<\/p><p class=\"p1\">Las personas interesadas tienen derecho a acceder a sus datos personales, as\u00ed como a solicitar la rectificaci\u00f3n de los datos inexactos o, en su caso, solicitar su supresi\u00f3n cuando, entre otros motivos, los datos ya no sean necesarios para los fines que fueron recogidos. Igualmente tiene derecho a la portabilidad de sus datos.<\/p><p class=\"p1\">En determinadas circunstancias, los interesados podr\u00e1n solicitar la limitaci\u00f3n del tratamiento de sus datos, en cuyo caso \u00fanicamente los conservaremos para el ejercicio o la defensa de reclamaciones.<\/p><p class=\"p1\">En determinadas circunstancias y por motivos relacionados con su situaci\u00f3n particular, los interesados podr\u00e1n oponerse al tratamiento de sus datos. En este caso, INVOLVE IBERICA SL dejar\u00e1 de tratar los datos, salvo por motivos leg\u00edtimos imperiosos, o el ejercicio o la defensa de posibles reclamaciones.<\/p><p class=\"p1\">Podr\u00e1 ejercitar materialmente sus derechos de la siguiente forma: dirigi\u00e9ndose a contacto@involverh.es o Paseo de la Castellana 95, Planta 15, 28043 Madrid.<\/p><p class=\"p1\">Cuando se realice el env\u00edo de comunicaciones comerciales utilizando como base jur\u00eddica el inter\u00e9s leg\u00edtimo del responsable, el interesado podr\u00e1 oponerse al tratamiento de sus datos con ese fin.<\/p><p class=\"p1\">Si ha otorgado su consentimiento para alguna finalidad concreta, tiene derecho a retirar el consentimiento otorgado en cualquier momento, sin que ello afecte a la licitud del tratamiento basado en el consentimiento previo a su retirada.<\/p><p class=\"p1\">En caso de que sienta vulnerados sus derechos en lo concerniente a la protecci\u00f3n de sus datos personales, especialmente cuando no haya obtenido satisfacci\u00f3n en el ejercicio de sus derechos, puede presentar una reclamaci\u00f3n ante la Autoridad de Control en materia de Protecci\u00f3n de Datos competente a trav\u00e9s de su sitio web: www.aepd.es.<\/p><p class=\"p1\"><b>8. \u00bfC\u00f3mo hemos obtenido sus datos?<\/b><\/p><p class=\"p1\">Los datos personales que tratamos en INVOLVE IBERICA SL proceden de: El propio interesado.<\/p><p class=\"p1\">Las categor\u00edas de datos que se tratan son:<\/p><ul class=\"ul1\"><li class=\"li1\">Datos identificativos.<\/li><\/ul>\t\t\t\t\t\t\t\t<\/div>\n\t\t\t\t<\/div>\n\t\t\t\t\t<\/details>\n\t\t\t\t\t\t<details id=\"e-n-accordion-item-1291\" class=\"e-n-accordion-item\" >\n\t\t\t\t<summary class=\"e-n-accordion-item-title\" data-accordion-index=\"2\" tabindex=\"-1\" aria-expanded=\"false\" aria-controls=\"e-n-accordion-item-1291\" >\n\t\t\t\t\t<span class='e-n-accordion-item-title-header'><div class=\"e-n-accordion-item-title-text\"> Aviso de Privacidad M\u00e9xico <\/div><\/span>\n\t\t\t\t\t\t\t<span class='e-n-accordion-item-title-icon'>\n\t\t\t<span class='e-opened' ><svg aria-hidden=\"true\" class=\"e-font-icon-svg e-fas-minus\" viewbox=\"0 0 448 512\" xmlns=\"http:\/\/www.w3.org\/2000\/svg\"><path d=\"M416 208H32c-17.67 0-32 14.33-32 32v32c0 17.67 14.33 32 32 32h384c17.67 0 32-14.33 32-32v-32c0-17.67-14.33-32-32-32z\"><\/path><\/svg><\/span>\n\t\t\t<span class='e-closed'><svg aria-hidden=\"true\" class=\"e-font-icon-svg e-fas-plus\" viewbox=\"0 0 448 512\" xmlns=\"http:\/\/www.w3.org\/2000\/svg\"><path d=\"M416 208H272V64c0-17.67-14.33-32-32-32h-32c-17.67 0-32 14.33-32 32v144H32c-17.67 0-32 14.33-32 32v32c0 17.67 14.33 32 32 32h144v144c0 17.67 14.33 32 32 32h32c17.67 0 32-14.33 32-32V304h144c17.67 0 32-14.33 32-32v-32c0-17.67-14.33-32-32-32z\"><\/path><\/svg><\/span>\n\t\t<\/span>\n\n\t\t\t\t\t\t<\/summary>\n\t\t\t\t<div role=\"region\" aria-labelledby=\"e-n-accordion-item-1291\" class=\"elementor-element elementor-element-a5067b1 e-con-full e-flex e-con e-child\" data-id=\"a5067b1\" data-element_type=\"container\" data-e-type=\"container\" data-settings=\"{&quot;_ha_eqh_enable&quot;:false}\">\n\t\t\t\t<div class=\"elementor-element elementor-element-af607c1 elementor-widget elementor-widget-text-editor\" data-id=\"af607c1\" data-element_type=\"widget\" data-e-type=\"widget\" data-widget_type=\"text-editor.default\">\n\t\t\t\t\t\t\t\t\t<p><span style=\"font-weight: 400;\">El presente aviso se emite en cumplimiento a lo dispuesto en los art\u00edculos 15 y 43 en su fracci\u00f3n III de la Ley Federal de Protecci\u00f3n de Datos Personales en Posesi\u00f3n de los Particulares (LFPDPPP), as\u00ed como el art\u00edculo 23 de su Reglamento.<\/span><\/p><p><b>INVOLVE, S.A. DE C.V.<\/b><span style=\"font-weight: 400;\"> (comercialmente conocido como \u201c<\/span><b>INVOLVE RH<\/b><span style=\"font-weight: 400;\">\u201d) en adelante <\/span><b>INVOLVE RH<\/b><span style=\"font-weight: 400;\">, comprometido con sus usuarios reconoce la necesidad del tratamiento y uso de los datos e informaci\u00f3n que se obtenga con motivo del uso de este sitio web, por lo que usted, (la empresa y\/o las personas que usen el sitio web directa o indirectamente), consienten y aceptan que se den a conocer, sus datos personales, las vacantes, nombre de las empresas, puesto, giro, contraprestaci\u00f3n ofrecida y dem\u00e1s datos generales y personales que proporcionen y nutran informativamente en el sitio web, con el objetivo de brindar perfiles completos registrados, promociones comerciales de bienes o servicios propios o de terceros que consideramos que pueden ser de su inter\u00e9s y otros servicios que brinda <\/span><b>INVOLVE RH<\/b><span style=\"font-weight: 400;\">.<\/span><\/p><p><span style=\"font-weight: 400;\">Antes de proporcionarnos cualquier informaci\u00f3n, deber\u00e1 de leer y comprender cuidadosamente los t\u00e9rminos del presente <\/span><b>Aviso de Privacidad<\/b><span style=\"font-weight: 400;\">, manifestando expresamente su consentimiento al aceptar los mismos, lo que significa que nos dar\u00e1n informaci\u00f3n que m\u00e1s adelante se precisa.<\/span><\/p><h4><b>IDENTIDAD Y DOMICILIO DEL INVOLVE RH.<\/b><\/h4><p><span style=\"font-weight: 400;\">Este documento es el Aviso de Privacidad de <\/span><b>INVOLVE RH<\/b><span style=\"font-weight: 400;\"> (el \u201cresponsable\u201d) quien se\u00f1ala como domicilio el ubicado en: Calle R\u00edo Lerma, 196 Bis, Colonia Cuauht\u00e9moc, Ciudad de M\u00e9xico, C.P. 06500.<\/span><\/p><p><b>USUARIOS<\/b><\/p><p><span style=\"font-weight: 400;\">Para efectos del presente Aviso de Privacidad se entender\u00e1 como Usuarios a las dos modalidades con las que podr\u00e1s hacer uso en el sitio web de <\/span><b>INVOLVE RH<\/b><span style=\"font-weight: 400;\">, en adelante el \u201c<\/span><b>Sitio web<\/b><span style=\"font-weight: 400;\">\u201d que son \u201c<\/span><b>Quiero empleo<\/b><span style=\"font-weight: 400;\">\u201d en lo sucesivo el \u201c<\/span><b>Candidato<\/b><span style=\"font-weight: 400;\">\u201d y \u201c<\/span><b>Quiero cubrir mi vacante<\/b><span style=\"font-weight: 400;\">\u201d, en lo sucesivo \u201c<\/span><b>Cliente<\/b><span style=\"font-weight: 400;\">\u201d, los cuales en su conjunto ser\u00e1n<\/span><b> Usuario<\/b><span style=\"font-weight: 400;\">.<\/span><\/p><h4><b>DATOS PERSONALES QUE SER\u00c1N SOMETIDOS A TRATAMIENTO.<\/b><\/h4><p><span style=\"font-weight: 400;\">Los datos personales que Cliente y\/o Candidato proporcionen a trav\u00e9s del Sitio web, para la creaci\u00f3n de su usuario y contrase\u00f1a son:<\/span><\/p><h4><b>PARA REGISTRARSE COMO CANDIDATO:<\/b><\/h4><ol><li style=\"font-weight: 400;\" aria-level=\"1\"><span style=\"font-weight: 400;\">Correo electr\u00f3nico<\/span><\/li><li style=\"font-weight: 400;\" aria-level=\"1\"><span style=\"font-weight: 400;\">Nombre(s)<\/span><\/li><li style=\"font-weight: 400;\" aria-level=\"1\"><span style=\"font-weight: 400;\">Apellido paterno<\/span><\/li><li style=\"font-weight: 400;\" aria-level=\"1\"><span style=\"font-weight: 400;\">Apellido materno<\/span><\/li><li style=\"font-weight: 400;\" aria-level=\"1\"><span style=\"font-weight: 400;\">Fecha de nacimiento<\/span><\/li><li style=\"font-weight: 400;\" aria-level=\"1\"><span style=\"font-weight: 400;\">G\u00e9nero<\/span><\/li><li style=\"font-weight: 400;\" aria-level=\"1\"><span style=\"font-weight: 400;\">N\u00famero telef\u00f3nico<\/span><\/li><li style=\"font-weight: 400;\" aria-level=\"1\"><span style=\"font-weight: 400;\">Estado civil<\/span><\/li><li style=\"font-weight: 400;\" aria-level=\"1\"><span style=\"font-weight: 400;\">Nacionalidad<\/span><\/li><\/ol><p><b>Informaci\u00f3n Laboral:<\/b><\/p><ol><li style=\"font-weight: 400;\" aria-level=\"1\"><span style=\"font-weight: 400;\">Informaci\u00f3n sobre grados acad\u00e9micos<\/span><\/li><li style=\"font-weight: 400;\" aria-level=\"1\"><span style=\"font-weight: 400;\">Lo relativo a historial acad\u00e9mico y laboral;<\/span><\/li><li style=\"font-weight: 400;\" aria-level=\"1\"><span style=\"font-weight: 400;\">Datos relativos a inter\u00e9s en puestos de trabajo;<\/span><\/li><li style=\"font-weight: 400;\" aria-level=\"1\"><span style=\"font-weight: 400;\">Habilidades y capacidades;<\/span><\/li><li style=\"font-weight: 400;\" aria-level=\"1\"><span style=\"font-weight: 400;\">Pretensiones laborales (incluyendo sueldo);<\/span><\/li><li style=\"font-weight: 400;\" aria-level=\"1\"><span style=\"font-weight: 400;\">Curr\u00edculum vitae (los \u201cDatos\u201d).<\/span><\/li><\/ol><p><span style=\"font-weight: 400;\">Para m\u00e1s informaci\u00f3n sobre el perfil de candidato puede consultarlo en la siguiente direcci\u00f3n <\/span><a href=\"https:\/\/talent.involverh.com\/registro-cv\"><span style=\"font-weight: 400;\">https:\/\/talent.involverh.com\/registro-cv<\/span><\/a><\/p><h4><b>PARA REGISTRARSE COMO CLIENTE:<\/b><\/h4><ol><li style=\"font-weight: 400;\" aria-level=\"1\"><span style=\"font-weight: 400;\">Correo electr\u00f3nico<\/span><\/li><li style=\"font-weight: 400;\" aria-level=\"1\"><span style=\"font-weight: 400;\">Nombre(s)<\/span><\/li><li style=\"font-weight: 400;\" aria-level=\"1\"><span style=\"font-weight: 400;\">Apellido paterno<\/span><\/li><li style=\"font-weight: 400;\" aria-level=\"1\"><span style=\"font-weight: 400;\">Apellido materno<\/span><\/li><li style=\"font-weight: 400;\" aria-level=\"1\"><span style=\"font-weight: 400;\">Puesto dentro de la Empresa<\/span><\/li><li style=\"font-weight: 400;\" aria-level=\"1\"><span style=\"font-weight: 400;\">Tel\u00e9fono<\/span><\/li><li style=\"font-weight: 400;\" aria-level=\"1\"><span style=\"font-weight: 400;\">Nombre comercial de la Empresa (raz\u00f3n social)<\/span><\/li><li style=\"font-weight: 400;\" aria-level=\"1\"><span style=\"font-weight: 400;\">Registro Federal de Contribuyentes<\/span><\/li><li style=\"font-weight: 400;\" aria-level=\"1\"><span style=\"font-weight: 400;\">Sector<\/span><\/li><li style=\"font-weight: 400;\" aria-level=\"1\"><span style=\"font-weight: 400;\">Giro<\/span><\/li><li style=\"font-weight: 400;\" aria-level=\"1\"><span style=\"font-weight: 400;\">Tipo de Empresa<\/span><\/li><li style=\"font-weight: 400;\" aria-level=\"1\"><span style=\"font-weight: 400;\">N\u00famero de Empleados<\/span><\/li><li style=\"font-weight: 400;\" aria-level=\"1\"><span style=\"font-weight: 400;\">Sitio web<\/span><\/li><li style=\"font-weight: 400;\" aria-level=\"1\"><span style=\"font-weight: 400;\">Descripci\u00f3n<\/span><\/li><li style=\"font-weight: 400;\" aria-level=\"1\"><span style=\"font-weight: 400;\">Logotipo de Empresa<\/span><\/li><li style=\"font-weight: 400;\" aria-level=\"1\"><span style=\"font-weight: 400;\">C\u00f3digo Postal<\/span><\/li><li style=\"font-weight: 400;\" aria-level=\"1\"><span style=\"font-weight: 400;\">Direcci\u00f3n Fiscal<\/span><\/li><\/ol><p><span style=\"font-weight: 400;\">Si desea conocer m\u00e1s sobre el perfil de Cliente y su tratamiento de datos puede consultarlo en la siguiente direcci\u00f3n <\/span><a href=\"https:\/\/reclutalent.involverh.com\/dashboard\/vacantes\/activas\"><span style=\"font-weight: 400;\">https:\/\/reclutalent.involverh.com\/dashboard\/vacantes\/activas<\/span><\/a><span style=\"font-weight: 400;\">.<\/span><\/p><h4><b>SUS DATOS SER\u00c1N TRATADOS PARA LAS SIGUIENTES FINALIDADES<\/b><\/h4><h4><b>FINALIDADES DE LOS DATOS PROPORCIONADOS COMO CANDIDATO:<\/b><\/h4><ol><li style=\"font-weight: 400;\" aria-level=\"1\"><span style=\"font-weight: 400;\">Creaci\u00f3n de tu perfil como candidato.<\/span><\/li><li style=\"font-weight: 400;\" aria-level=\"1\"><span style=\"font-weight: 400;\">Asesor\u00eda con la creaci\u00f3n de tu perfil como candidato;<\/span><\/li><li style=\"font-weight: 400;\" aria-level=\"1\"><span style=\"font-weight: 400;\">Env\u00edo de tu curr\u00edculo a las empresas que buscan tu perfil o se interesan en el mismo;<\/span><\/li><li style=\"font-weight: 400;\" aria-level=\"1\"><span style=\"font-weight: 400;\">Permitir que las empresas, a trav\u00e9s de una video entrevista conozca m\u00e1s a detalle sobre tus habilidades y formaci\u00f3n laboral.<\/span><\/li><li style=\"font-weight: 400;\" aria-level=\"1\"><span style=\"font-weight: 400;\">Recibir alertas de ofertas laborales que podr\u00edan resultar de tu inter\u00e9s de acuerdo con tu perfil;<\/span><\/li><li style=\"font-weight: 400;\" aria-level=\"1\"><span style=\"font-weight: 400;\">Contactarte para el seguimiento de reportes de ofertas de trabajo que consideres fraudulentas;<\/span><\/li><li style=\"font-weight: 400;\" aria-level=\"1\"><span style=\"font-weight: 400;\">Informarte sobre cambios o nuevos productos y servicios;<\/span><\/li><li style=\"font-weight: 400;\" aria-level=\"1\"><span style=\"font-weight: 400;\">Identificar de forma \u00fanica el comportamiento de los usuarios dentro de la plataforma;<\/span><\/li><li style=\"font-weight: 400;\" aria-level=\"1\"><span style=\"font-weight: 400;\">Obtener reporte psicom\u00e9trico.<\/span><\/li><li style=\"font-weight: 400;\" aria-level=\"1\"><span style=\"font-weight: 400;\">Brindarte asesor\u00eda y soporte t\u00e9cnico.<\/span><\/li><\/ol><h4><b>FINALIDADES DE LOS DATOS PROPORCIONADOS COMO CLIENTE:<\/b><\/h4><ol><li style=\"font-weight: 400;\" aria-level=\"1\"><span style=\"font-weight: 400;\">Creaci\u00f3n de contrase\u00f1a y usuario para poder entrar al sitio web y dar de alta vacantes;<\/span><\/li><li style=\"font-weight: 400;\" aria-level=\"1\"><span style=\"font-weight: 400;\">Contrataci\u00f3n de los servicios ofrecidos por el responsable;<\/span><\/li><li style=\"font-weight: 400;\" aria-level=\"1\"><span style=\"font-weight: 400;\">Emisi\u00f3n de la factura correspondiente;<\/span><\/li><li style=\"font-weight: 400;\" aria-level=\"1\"><span style=\"font-weight: 400;\">Realizar el proceso de cobranza;<\/span><\/li><li style=\"font-weight: 400;\" aria-level=\"1\"><span style=\"font-weight: 400;\">Cumplimiento de los servicios contratados;<\/span><\/li><li style=\"font-weight: 400;\" aria-level=\"1\"><span style=\"font-weight: 400;\">Seguimiento y renovaci\u00f3n de los servicios;<\/span><\/li><li style=\"font-weight: 400;\" aria-level=\"1\"><span style=\"font-weight: 400;\">Contactarte para cualquier problema o reporte de la cuenta;<\/span><\/li><li style=\"font-weight: 400;\" aria-level=\"1\"><span style=\"font-weight: 400;\">Informarte por diversos medios sobre cambios o nuevos productos;<\/span><\/li><li style=\"font-weight: 400;\" aria-level=\"1\"><span style=\"font-weight: 400;\">Procurar un servicio eficiente y proveer una mejor atenci\u00f3n, as\u00ed como para mejorar su experiencia en el uso de ciertos servicios;<\/span><\/li><li style=\"font-weight: 400;\" aria-level=\"1\"><span style=\"font-weight: 400;\">Enviarle y presentarle notificaciones por correo electr\u00f3nico que puedan resultar relevantes o atractivos;<\/span><\/li><li style=\"font-weight: 400;\" aria-level=\"1\"><span style=\"font-weight: 400;\">Hacerle llegar v\u00eda correo electr\u00f3nico, comunicaciones relacionadas con el servicio, bolet\u00edn informativo y art\u00edculos del Blog del responsable;<\/span><\/li><li style=\"font-weight: 400;\" aria-level=\"1\"><span style=\"font-weight: 400;\">Evaluar la calidad del servicio o realizar estudios sobre h\u00e1bitos de consumo.<\/span><\/li><\/ol><h4><b>CONSERVACI\u00d3N DE LOS DATOS.<\/b><\/h4><p><span style=\"font-weight: 400;\">Los datos personales de los Usuarios ser\u00e1n conservados por <\/span><b>INVOLVE RH<\/b><span style=\"font-weight: 400;\"> para las finalidades antes descritas, as\u00ed como mejorar la calidad durante su estancia en la plataforma, durante el tiempo que el usuario est\u00e9 registrado, a menos que usted solicite la supresi\u00f3n de estos mediante el procedimiento establecido en la secci\u00f3n de Cancelaci\u00f3n de Registro de este documento.<\/span><\/p><p><span style=\"font-weight: 400;\">El Usuario no proporcionar\u00e1 en ning\u00fan momento al responsable, alg\u00fan otro dato, distinto a los antes expuestos, es decir, aquellos datos personales \u00edntimos o cuya utilizaci\u00f3n indebida pueda dar origen a discriminaci\u00f3n o conlleve un riesgo grave para el Usuario. El Usuario se obliga a no proporcionar al responsable ninguna informaci\u00f3n relativa a su origen racial o \u00e9tnico, estado de salud presente y\/o futuro, informaci\u00f3n gen\u00e9tica, creencias religiosas, filos\u00f3ficas y\/o morales, afiliaci\u00f3n sindical, opiniones pol\u00edticas y\/o preferencia sexual.<\/span><\/p><p><span style=\"font-weight: 400;\">En caso de que Usted, proporcione datos sensibles a trav\u00e9s de documentos subidos al sitio web y\/o aplicaci\u00f3n m\u00f3vil, o por medio de los formularios, acepta y consiente que los mismos sean tratados conforme a los t\u00e9rminos y condiciones del sitio web y a su Aviso de Privacidad, siendo obligaci\u00f3n del Usuario no proporcionar este tipo de datos en la informaci\u00f3n que sea subida al sitio web y\/o aplicaci\u00f3n m\u00f3vil.<\/span><\/p><h4><b>TRATAMIENTO DE LOS DATOS Y SU NEGATIVA.<\/b><\/h4><p><span style=\"font-weight: 400;\">El responsable estar\u00e1 facultado para dar el tratamiento a los datos recabados, siempre y cuando este tratamiento se haga con relaci\u00f3n a las finalidades se\u00f1aladas en el presente Aviso de Privacidad. El responsable podr\u00e1 realizar dicho tratamiento en tanto no reciba la negativa por parte de Usted.<\/span><\/p><p><span style=\"font-weight: 400;\">A efecto de que el Usuario pueda manifestar su negativa o revocar el consentimiento para el tratamiento de sus datos personales, deber\u00e1 dirigirse al responsable por medio del procedimiento establecido para el ejercicio de los Derechos de Arco en la secci\u00f3n Ejercicio de Derecho de Arco del presente Aviso de Privacidad.<\/span><\/p><p><span style=\"font-weight: 400;\">Es importante que considere que la solicitud de negativa al tratamiento de sus datos, en ciertos casos no podr\u00e1 ser atendida de manera inmediata, puesto que, si subsiste una obligaci\u00f3n legal con el responsable, \u00e9ste tratar\u00e1 sus datos personales hasta culminar con el cumplimiento de esta.<\/span><\/p><p><span style=\"font-weight: 400;\">Asimismo, la revocaci\u00f3n del consentimiento al tratamiento de sus datos implica que no se podr\u00e1 continuar con la prestaci\u00f3n de uso de la plataforma, teniendo como consecuencia la terminaci\u00f3n de estos.<\/span><\/p><h4><b>TRANSFERENCIA DE DATOS.<\/b><\/h4><p><span style=\"font-weight: 400;\">Si al acceder al sitio web fue de su inter\u00e9s, registrase como Candidato, sus datos ser\u00e1n transferidos a terceros, con la finalidad de cumplir con el objetivo para el cual fue creado el sitio web, si deseas saber m\u00e1s sobre la transferencia de tus datos a terceros podr\u00e1s consultarlo dando clic en conocer m\u00e1s entrando a la siguiente liga <\/span><a href=\"https:\/\/talent.involverh.com\/registro-cv\"><span style=\"font-weight: 400;\">https:\/\/talent.involverh.com\/registro-cv<\/span><\/a><span style=\"font-weight: 400;\">.<\/span><\/p><p><span style=\"font-weight: 400;\">Si su registro es como Cliente, el responsable realizar\u00e1 transferencia de sus datos registrados a terceros, ello con la finalidad de cumplir con el servicio y mantener la calidad de este, para m\u00e1s informaci\u00f3n sobre la transferencia de sus datos puede consultarlo en la siguiente (agregar liga)<\/span><\/p><p><b>INVOLVE RH<\/b><span style=\"font-weight: 400;\"> podr\u00e1 transferir sus datos personales en los casos espec\u00edficamente previstos en la Ley.<\/span><\/p><h4><b>EJERCICIO DE LOS DERECHOS ARCO.<\/b><\/h4><p><b>\u00bfEn qu\u00e9 consisten los Derechos de ARCO?<\/b><\/p><ol><li style=\"font-weight: 400;\" aria-level=\"1\"><span style=\"font-weight: 400;\">Acceso. \u2013 Implica conocer en todo momento sus datos personales en posesi\u00f3n de <\/span><b>INVOLVE RH<\/b><span style=\"font-weight: 400;\">, as\u00ed como el Aviso de privacidad correspondiente.<\/span><\/li><li style=\"font-weight: 400;\" aria-level=\"1\"><span style=\"font-weight: 400;\">Rectificaci\u00f3n. \u2013 Si alguno de sus datos es inexacto o incompleto, podr\u00e1 solicitar su modificaci\u00f3n, nuestra \u00e1rea jur\u00eddica <\/span><span style=\"font-weight: 400;\">legal@involverh.com<\/span><span style=\"font-weight: 400;\"> adjuntando la documentaci\u00f3n que acredite dicha correcci\u00f3n.<\/span><\/li><li style=\"font-weight: 400;\" aria-level=\"1\"><span style=\"font-weight: 400;\">Cancelaci\u00f3n. \u2013 Podr\u00e1 requerir cuando as\u00ed lo considere la cancelaci\u00f3n de sus datos y, en caso de ser procedente, su informaci\u00f3n personal entrar\u00e1 en un periodo de bloqueo para proceder posteriormente a su eliminaci\u00f3n. Al entrar a dicho periodo, su informaci\u00f3n ya no podr\u00e1 ser tratada por <\/span><b>INVOLVE RH<\/b><span style=\"font-weight: 400;\">.<\/span><\/li><li style=\"font-weight: 400;\" aria-level=\"1\"><span style=\"font-weight: 400;\">Oposici\u00f3n. \u2013 Podr\u00e1 en todo momento y por causa leg\u00edtima objetar el tratamiento de sus datos personales. Si su solicitud resulta procedente, <\/span><b>INVOLVE RH<\/b><span style=\"font-weight: 400;\"> ya no podr\u00e1 hacer uso de estos.<\/span><\/li><\/ol><p><span style=\"font-weight: 400;\">Usted tendr\u00e1 derecho para solicitar al responsable en cualquier momento el acceso, rectificaci\u00f3n, cancelaci\u00f3n u oposici\u00f3n respecto de sus Datos (los \u201cDerechos ARCO\u201d), para lo cual deber\u00e1 enviar una solicitud al responsable, a la atenci\u00f3n del \u00e1rea de Protecci\u00f3n de Datos Personales, a la siguiente direcci\u00f3n: R\u00edo Lerma #196 Bis, Colonia Cuauht\u00e9moc, C.P. 06500 o al correo electr\u00f3nico: <\/span><span style=\"font-weight: 400;\">legal@involverh.com<\/span><span style=\"font-weight: 400;\">.<\/span><\/p><ol><li style=\"font-weight: 400;\" aria-level=\"1\"><span style=\"font-weight: 400;\">Para ejercer los Derechos ARCO, o para revocar el consentimiento al tratamiento de los datos personales, deber\u00e1 contener y estar acompa\u00f1ada de lo siguiente:<\/span><\/li><li style=\"font-weight: 400;\" aria-level=\"1\"><span style=\"font-weight: 400;\">Nombre,<\/span><\/li><li style=\"font-weight: 400;\" aria-level=\"1\"><span style=\"font-weight: 400;\">Apellido paterno y materno del Usuario;<\/span><\/li><li style=\"font-weight: 400;\" aria-level=\"1\"><span style=\"font-weight: 400;\">Domicilio y\/o correo electr\u00f3nico y\/o cualquier otro medio para comunicarle la respuesta a su solicitud;<\/span><\/li><li style=\"font-weight: 400;\" aria-level=\"1\"><span style=\"font-weight: 400;\">Documentos oficiales que acrediten la identidad o, en su caso, la representaci\u00f3n legal del Usuario.<\/span><\/li><li style=\"font-weight: 400;\" aria-level=\"1\"><span style=\"font-weight: 400;\">Descripci\u00f3n clara y precisa de los Datos respecto de los que se busca ejercer alguno de los derechos antes mencionados, incluyendo si se desea eliminar;<\/span><\/li><li style=\"font-weight: 400;\" aria-level=\"1\"><span style=\"font-weight: 400;\">Cualquier otro elemento o documento que facilite la localizaci\u00f3n de los Datos del Usuario.<\/span><\/li><\/ol><p><span style=\"font-weight: 400;\">Una vez que <\/span><b>INVOLVE RH<\/b><span style=\"font-weight: 400;\"> reciba el escrito del Usuario, referente al ejercicio de sus Derechos ARCO, <\/span><b>INVOLVE RH<\/b><span style=\"font-weight: 400;\"> dentro de los 15 d\u00edas h\u00e1biles tendr\u00e1 que analizar, atender y enviar al Usuario la respuesta correspondiente. El medio del env\u00edo de la respuesta podr\u00e1 ser por la forma en la que el Usuario le indique o utilizando el mismo medio por el cual el Usuario, le hizo llegar el correspondiente escrito al responsable.<\/span><\/p><h4><b>MEDIOS PARA LIMITAR EL USO O DIVULGACI\u00d3N DE LOS DATOS.<\/b><\/h4><p><span style=\"font-weight: 400;\">Para limitar el tratamiento de los datos, el Usuario \u00fanicamente tendr\u00e1 los medios se\u00f1alados en el presente Aviso de Privacidad. Quedar\u00e1 a elecci\u00f3n del Usuario, acudir o solicitar v\u00eda telef\u00f3nica su inscripci\u00f3n al Registro P\u00fablico de Consumidores previsto por la Ley Federal de Protecci\u00f3n al Consumidor, a efecto de limitar el uso de los datos personales en posesi\u00f3n de los particulares.<\/span><\/p><h4><b>CANCELACI\u00d3N DE REGISTRO.<\/b><\/h4><p><span style=\"font-weight: 400;\">Si el Usuario desea cancelar su registro, deber\u00e1 solicitar la eliminaci\u00f3n su registro, debiendo enviar su solicitud de eliminaci\u00f3n al correo electr\u00f3nico a <\/span><span style=\"font-weight: 400;\">legal@lnvolverh.com<\/span><span style=\"font-weight: 400;\"> desde el correo electr\u00f3nico que proporciono para su registro, manifestando de manera expresa su deseo de eliminar de forma definitiva su registro, por lo que una vez que esta sea procesada, en un lapso de 72 horas h\u00e1biles ser\u00e1n eliminados todos sus datos registrados, recibir\u00e1 la confirmaci\u00f3n al correo que utilizo para la realizaci\u00f3n de su registro.<\/span><\/p><h4><b>UNIDADES DE COMUNICACI\u00d3N.<\/b><\/h4><p><span style=\"font-weight: 400;\">Cualquier comunicaci\u00f3n que el Usuario dirija a la responsable relacionada al presente Aviso de Privacidad, deber\u00e1 realizarse a las direcciones proporcionadas para el ejercicio de los Derechos ARCO, mencionando de manera clara y precisa los siguientes datos:<\/span><\/p><ol><li style=\"font-weight: 400;\" aria-level=\"1\"><span style=\"font-weight: 400;\">Nombre<\/span><\/li><li style=\"font-weight: 400;\" aria-level=\"1\"><span style=\"font-weight: 400;\">Apellido paterno y Materno del Usuario;<\/span><\/li><li style=\"font-weight: 400;\" aria-level=\"1\"><span style=\"font-weight: 400;\">Domicilio y\/o correo electr\u00f3nico y\/o cualquier otro medio para comunicarle la respuesta a su solicitud;<\/span><\/li><li style=\"font-weight: 400;\" aria-level=\"1\"><span style=\"font-weight: 400;\">Documentos oficiales que acrediten la identidad o, en su caso, la representaci\u00f3n legal del Usuario; y<\/span><\/li><li style=\"font-weight: 400;\" aria-level=\"1\"><span style=\"font-weight: 400;\">Descripci\u00f3n clara y precisa del objeto de su comunicaci\u00f3n.<\/span><\/li><\/ol><p><span style=\"font-weight: 400;\">De la misma manera, <\/span><b>INVOLVE RH<\/b><span style=\"font-weight: 400;\"> atender\u00e1 y responder\u00e1 cualquier comunicaci\u00f3n que le sea dirigida dentro de los 20 d\u00edas h\u00e1biles posteriores al haber recibido dicho escrito, ya sea en la misma forma en el que le hicieron llegar la comunicaci\u00f3n, misma v\u00eda ser\u00e1 usada en caso de que no se especifique una diversa o en la forma en que hubiesen indicado.<\/span><\/p><h4><b>MEDIOS REMOTOS.<\/b><\/h4><p><span style=\"font-weight: 400;\">En caso de que el Titular proporcione sus Datos a trav\u00e9s de medios electr\u00f3nicos, incluyendo el sitio web (Internet) y\/o aplicaci\u00f3n m\u00f3vil del responsable, entonces el Titular entiende, acepta y reconoce que:<\/span><\/p><ol><li><span style=\"font-weight: 400;\">a) El sitio web del responsable puede incluir enlaces a sitios web de terceros que, de accederse, ocasionar\u00e1 que se abandone el sitio web y\/o aplicaci\u00f3n m\u00f3vil del responsable, por lo cual el responsable no asume ninguna responsabilidad en relaci\u00f3n con esos sitios web de terceros que el usuario visite.<\/span><\/li><li><span style=\"font-weight: 400;\">b) El sitio web del responsable puede incluir enlaces a sitios que administran redes sociales, en cuyo caso el Usuario acepta que, al proporcionar cualquier tipo de informaci\u00f3n o datos en dichos sitios, ocasionar\u00e1 que la misma pueda ser le\u00edda, vista, accedida, retransmitida y tratada por cualquier persona, y por lo tanto libera de cualquier responsabilidad al responsable.<\/span><\/li><li><span style=\"font-weight: 400;\">c) Es posible que los sistemas del responsable recopilen datos del Usuario tales como tipo de navegador, sistema operativo, p\u00e1ginas de Internet visitadas, direcci\u00f3n IP, etc., a trav\u00e9s \u201ccookies\u201d o \u201cweb involverh.com\u201d, entre otros.<\/span><\/li><\/ol><p><b>INVOLVE RH<\/b><span style=\"font-weight: 400;\"> utiliza cookies, web beacons y\/o Kits de Desarrollo de Software (\u201cSDKs\u201d) para facilitar la navegaci\u00f3n en sus Plataformas. Las cookies constituyen una herramienta empleada por los servidores web para almacenar y recuperar informaci\u00f3n que se guarda en el navegador utilizado por los usuarios o visitantes del sitio web, lo que permite guardar tus preferencias personales para brindarte una mejor experiencia de navegaci\u00f3n.<\/span><\/p><p><span style=\"font-weight: 400;\">Las cookies tienen fecha de caducidad, que puede oscilar desde el tiempo que dura la sesi\u00f3n o visita al sitio web hasta una fecha espec\u00edfica a partir de la cual dejan de ser operativas. Las cookies empleadas en el sitio web, se asocian \u00fanicamente con un Usuario an\u00f3nimo y su equipo inform\u00e1tico, no proporcionan referencias que permitan deducir el nombre y apellidos del Usuario, no pueden leer datos de su disco duro ni incluir virus en sus textos.<\/span><\/p><p><span style=\"font-weight: 400;\">Puedes configurar tu navegador para aceptar o rechazar autom\u00e1ticamente todas las cookies o para recibir un aviso en pantalla sobre la recepci\u00f3n de cada cookie y decidir en ese momento su implantaci\u00f3n o no en tu disco duro.<\/span><\/p><p><span style=\"font-weight: 400;\">Te confirmamos que <\/span><b>INVOLVE RH<\/b><span style=\"font-weight: 400;\"> recaba los siguientes datos personales a trav\u00e9s de estos medios, tales como;<\/span><\/p><ol><li style=\"font-weight: 400;\" aria-level=\"1\"><span style=\"font-weight: 400;\">Nombre<\/span><\/li><li style=\"font-weight: 400;\" aria-level=\"1\"><span style=\"font-weight: 400;\">Primer apellido;<\/span><\/li><li style=\"font-weight: 400;\" aria-level=\"1\"><span style=\"font-weight: 400;\">Segundo apellido; y<\/span><\/li><li style=\"font-weight: 400;\" aria-level=\"1\"><span style=\"font-weight: 400;\">Correo electr\u00f3nico, los cuales ser\u00e1n recabados por las pol\u00edticas establecidas en la Pol\u00edtica de Cookies <\/span><a href=\"https:\/\/www.involverh.com\/es_es\/cookies-policy\/\"><span style=\"font-weight: 400;\">https:\/\/www.involverh.com\/cookies-policy\/<\/span><\/a><\/li><\/ol><p><span style=\"font-weight: 400;\">Para que el Usuario pueda deshabilitar estos programas, deber\u00e1 de acceder a las \u201copciones de internet\u201d ubicadas en la secci\u00f3n de las \u201cherramientas\u201d, o funciones similares, del navegador que utilice.<\/span><\/p><h4><b>MODIFICACIONES AL AVISO DE PRIVACIDAD.<\/b><\/h4><p><b>INVOLVE RH<\/b><span style=\"font-weight: 400;\"> modificar\u00e1 el presente Aviso de Privacidad las veces que considere necesarias, a petici\u00f3n de las autoridades competentes y\/o a nuestra propia conveniencia siempre y cuando el responsable no modifique su identidad y se requieran del Usuario m\u00e1s datos de los aqu\u00ed mencionados, se modifique el objeto del presente Aviso de Privacidad y\/o cambien las condiciones.<\/span><\/p><p><span style=\"font-weight: 400;\">Asimismo, el Usuario est\u00e1 conforme, en que la forma de notificar cualquier cambio a este Aviso de Privacidad ser\u00e1 a trav\u00e9s de la publicaci\u00f3n en la p\u00e1gina de Internet <\/span><a href=\"https:\/\/www.involverh.com\/es_es\/notice-of-privacy\/\"><span style=\"font-weight: 400;\">https:\/\/www.involverh.com\/notice-of-privacy<\/span><\/a><span style=\"font-weight: 400;\">, la cual es obligaci\u00f3n del Usuario visitar peri\u00f3dicamente con el fin de verificar la versi\u00f3n m\u00e1s actual del Aviso de Privacidad. Para los casos en que el consentimiento del Titular sea necesario por los cambios realizados al presente Aviso de Privacidad, el responsable le har\u00e1 llegar el aviso correspondiente a cualquiera de los medios de contacto que el Usuario nos haya brindado; se entender\u00e1 que el Usuario acepta dicho Aviso hasta que no recibamos cualquier comunicaci\u00f3n en sentido contrario.<\/span><\/p><h4><b>ACEPTACI\u00d3N DE LOS T\u00c9RMINOS.<\/b><\/h4><p><span style=\"font-weight: 400;\">Esta declaraci\u00f3n de privacidad est\u00e1 sujeta a los t\u00e9rminos y condiciones de todos los sitios web del responsable antes descritos, lo cual constituye un acuerdo legal entre el Usuario e <\/span><b>INVOLVE RH.<\/b><\/p><p><span style=\"font-weight: 400;\">Si el Usuario utiliza los servicios en cualquiera de los sitios del <\/span><b>INVOLVE RH,<\/b><span style=\"font-weight: 400;\"> registrando un usuario, significa que ha le\u00eddo, entendido y aceptado los t\u00e9rminos antes expuestos. Al momento de registrarse y previo al tratamiento de los datos, se pone a su disposici\u00f3n este Aviso de Privacidad integral, mismo que usted acepta al dar click en \u201cIniciar Sesi\u00f3n\u201d o a trav\u00e9s del mecanismo que se ponga a su disposici\u00f3n. La oposici\u00f3n a la aceptaci\u00f3n del presente Aviso de Privacidad traer\u00e1 como consecuencia la imposibilidad para prestar el servicio dentro de la plataforma para oferentes y demandantes de empleo. En caso de no aceptar el presente Aviso de Privacidad, no debe proporcionarnos datos personales, ni registrarse a los sitios del responsable.<\/span><\/p><h4><b>DE LA PROTECCI\u00d3N.<\/b><\/h4><p><span style=\"font-weight: 400;\">La seguridad y confidencialidad de los datos que el titular nos proporcione al registrase en el sitio web, estar\u00e1n protegidos por un servidor seguro bajo el protocolo Secure Socket Layer (SSL), de tal forma que los datos enviados se transmitir\u00e1n encriptados para asegurar su resguardo.<\/span><\/p><p><b>INVOLVE RH<\/b><span style=\"font-weight: 400;\"> protege sus datos personales usando el est\u00e1ndar de la industria en materia de encriptaci\u00f3n, de esta forma garantizamos que los datos que se env\u00edan desde la p\u00e1gina de Internet lleguen seguros a nuestros servidores. Almacenamos y procesamos su informaci\u00f3n manteniendo siempre medidas de seguridad orientadas a proteger sus datos personales.<\/span><\/p><p><span style=\"font-weight: 400;\">En <\/span><b>INVOLVE RH<\/b><span style=\"font-weight: 400;\"> contamos con procedimientos que dictan quien, y bajo que\u0301 condiciones se puede tener acceso a los datos, dando siempre la m\u00e1xima prioridad a la protecci\u00f3n de su privacidad. Asimismo, asumimos medidas de seguridad f\u00edsicas para prevenir el acceso no autorizado a nuestros sistemas e instalaciones.<\/span><\/p><p><span style=\"font-weight: 400;\">Para verificar que se encuentra en un entorno protegido aseg\u00farese de que aparezca una \u201cS\u201d en la barra de navegaci\u00f3n. Ejemplo:httpS:\/\/. Sin embargo, y a pesar de contar cada d\u00eda con herramientas m\u00e1s seguras, la protecci\u00f3n de los datos enviados a trav\u00e9s de Internet no se puede garantizar al 100%; por lo que una vez recibidos, se har\u00e1 todo lo posible por salvaguardar la informaci\u00f3n.<\/span><\/p><p><span style=\"font-weight: 400;\">Durante la prestaci\u00f3n de los servicios, <\/span><b>INVOLVE RH<\/b><span style=\"font-weight: 400;\"> puede hacer uso de una serie de procesos automatizados de tratamiento de sus datos a fin de brindarle servicios m\u00e1s personalizados, como realizar recomendaciones de ofertas laborales o educativas de acuerdo con su perfil, as\u00ed como recomendaci\u00f3n autom\u00e1tica de perfiles laborales.<\/span><\/p><p><b>INVOLVE RH <\/b><span style=\"font-weight: 400;\">se compromete a contar con las medidas f\u00edsicas, administrativas y t\u00e9cnicas (incluyendo t\u00e9cnicas como data masking) de seguridad suficientes y necesarias para garantizar que sus Datos permanezcan seguros.<\/span><\/p><h4><b>AUTORIDAD.<\/b><\/h4><p><span style=\"font-weight: 400;\">Si considera que han sido vulnerados sus derechos respecto de la protecci\u00f3n de datos personales, tiene el derecho de acudir ante el Instituto Nacional de Transparencia, Acceso a la Informaci\u00f3n y Protecci\u00f3n de Datos Personales (INAI) en <\/span><a href=\"https:\/\/home.inai.org.mx\/\"><span style=\"font-weight: 400;\">https:\/\/home.inai.org.mx\/<\/span><\/a><span style=\"font-weight: 400;\">.<\/span><\/p><p><span style=\"font-weight: 400;\">Al utilizar este sitio web, usted est\u00e1 otorgando su consentimiento a <\/span><b>INVOLVE RH<\/b><span style=\"font-weight: 400;\"> para procesar sus datos personales bajo los t\u00e9rminos de este Aviso de Privacidad.<\/span><\/p><p><span style=\"font-weight: 400;\">Al brindarle sus servicios, <\/span><b>INVOLVE RH<\/b><span style=\"font-weight: 400;\"> puede hacer uso de una serie de procesos automatizados que utilizan sus datos personales y su actividad en nuestro Sitio y\/o aplicaci\u00f3n m\u00f3vil con el fin de brindarle servicios m\u00e1s personalizados y relevantes, como brindar oportunidades de trabajo y recomendaciones de curr\u00edculos a trav\u00e9s de comunicaciones por correo electr\u00f3nico y dentro del Sitio y\/o aplicaci\u00f3n m\u00f3vil.<\/span><\/p><p><span style=\"font-weight: 400;\">Si tiene alguna inquietud en relaci\u00f3n con el tratamiento o procesamiento de sus datos personales, no dude en contactarnos a <\/span><span style=\"font-weight: 400;\">legal@involverh.com<\/span><\/p><p><span style=\"font-weight: 400;\">Versi\u00f3n de este Aviso de Privacidad fue actualizada por \u00faltima vez el 27 de Enero de 2023.<\/span><\/p>\t\t\t\t\t\t\t\t<\/div>\n\t\t\t\t<\/div>\n\t\t\t\t\t<\/details>\n\t\t\t\t\t\t<details id=\"e-n-accordion-item-1292\" class=\"e-n-accordion-item\" >\n\t\t\t\t<summary class=\"e-n-accordion-item-title\" data-accordion-index=\"3\" tabindex=\"-1\" aria-expanded=\"false\" aria-controls=\"e-n-accordion-item-1292\" >\n\t\t\t\t\t<span class='e-n-accordion-item-title-header'><div class=\"e-n-accordion-item-title-text\"> Pol\u00edtica de Privacidad Colombia <\/div><\/span>\n\t\t\t\t\t\t\t<span class='e-n-accordion-item-title-icon'>\n\t\t\t<span class='e-opened' ><svg aria-hidden=\"true\" class=\"e-font-icon-svg e-fas-minus\" viewbox=\"0 0 448 512\" xmlns=\"http:\/\/www.w3.org\/2000\/svg\"><path d=\"M416 208H32c-17.67 0-32 14.33-32 32v32c0 17.67 14.33 32 32 32h384c17.67 0 32-14.33 32-32v-32c0-17.67-14.33-32-32-32z\"><\/path><\/svg><\/span>\n\t\t\t<span class='e-closed'><svg aria-hidden=\"true\" class=\"e-font-icon-svg e-fas-plus\" viewbox=\"0 0 448 512\" xmlns=\"http:\/\/www.w3.org\/2000\/svg\"><path d=\"M416 208H272V64c0-17.67-14.33-32-32-32h-32c-17.67 0-32 14.33-32 32v144H32c-17.67 0-32 14.33-32 32v32c0 17.67 14.33 32 32 32h144v144c0 17.67 14.33 32 32 32h32c17.67 0 32-14.33 32-32V304h144c17.67 0 32-14.33 32-32v-32c0-17.67-14.33-32-32-32z\"><\/path><\/svg><\/span>\n\t\t<\/span>\n\n\t\t\t\t\t\t<\/summary>\n\t\t\t\t<div role=\"region\" aria-labelledby=\"e-n-accordion-item-1292\" class=\"elementor-element elementor-element-3db5c46 e-con-full e-flex e-con e-child\" data-id=\"3db5c46\" data-element_type=\"container\" data-e-type=\"container\" data-settings=\"{&quot;_ha_eqh_enable&quot;:false}\">\n\t\t\t\t<div class=\"elementor-element elementor-element-3e795b5 elementor-widget elementor-widget-text-editor\" data-id=\"3e795b5\" data-element_type=\"widget\" data-e-type=\"widget\" data-widget_type=\"text-editor.default\">\n\t\t\t\t\t\t\t\t\t<h2><b>POL\u00cdTICA CORPORATIVA DE PROTECCI\u00d3N DE DATOS PERSONALES<\/b><\/h2><p><b>INVOLVE, S.A. DE C.V. <\/b><span style=\"font-weight: 400;\">nos preocupamos por la protecci\u00f3n de los datos personales que tratamos en el marco de las actividades que realizamos.<\/span><\/p><p><span style=\"font-weight: 400;\">Los datos personales a proteger incluyen todos aquellos que son objeto de tratamiento por nuestra parte (ya sean datos de clientes, potenciales clientes, proveedores, trabajadores, contactos, colaboradores externos, etc\u00e9tera).<\/span><\/p><p><span style=\"font-weight: 400;\">Por ello, tanto <\/span><b>INVOLVE, S.A. DE C.V. <\/b><span style=\"font-weight: 400;\">como todo su personal, ya sea interno o externo, que est\u00e9 involucrado de alguna forma en el tratamiento de datos personales, debe:<\/span><\/p><ul><li style=\"font-weight: 400;\" aria-level=\"1\"><span style=\"font-weight: 400;\">Guardar secreto y confidencialidad de la informaci\u00f3n tratada. \u2022 Proteger los datos personales que est\u00e9 tratando y custodiarlos para que el personal no autorizado no tenga acceso a ellos.\u00a0<\/span><\/li><\/ul><ul><li style=\"font-weight: 400;\" aria-level=\"1\"><span style=\"font-weight: 400;\">Cumplir con los principios de protecci\u00f3n de datos (licitud, lealtad y transparencia, limitaci\u00f3n de la finalidad, minimizaci\u00f3n de datos, exactitud, limitaci\u00f3n del plazo de conservaci\u00f3n, integridad y confidencialidad y responsabilidad proactiva).\u00a0<\/span><\/li><\/ul><ul><li style=\"font-weight: 400;\" aria-level=\"1\"><span style=\"font-weight: 400;\">Garantizar que los interesados puedan ejercer sus derechos (informaci\u00f3n, acceso, rectificaci\u00f3n, supresi\u00f3n, limitaci\u00f3n del tratamiento, portabilidad de los datos, oposici\u00f3n y decisiones individuales automatizadas).\u00a0<\/span><\/li><\/ul><ul><li style=\"font-weight: 400;\" aria-level=\"1\"><span style=\"font-weight: 400;\">Cumplir y, en su caso, hacer cumplir, los controles y las medidas de seguridad que <\/span><b>INVOLVE, S.A. DE C.V.<\/b><span style=\"font-weight: 400;\"> ha implantado para proteger la seguridad de los datos personales, evitando que pueda resultar comprometida la confidencialidad, integridad o disponibilidad de dichos datos.\u00a0<\/span><\/li><\/ul><ul><li style=\"font-weight: 400;\" aria-level=\"1\"><span style=\"font-weight: 400;\">Comunicar inmediatamente, seg\u00fan los procedimientos habilitados para ello, las incidencias que puedan afectar a la seguridad de los datos personales y que puedan comprometer su confidencialidad, integridad o disponibilidad, as\u00ed como el incumplimiento de los requisitos dispuestos por la normativa de protecci\u00f3n de datos personales.\u00a0<\/span><\/li><\/ul><ul><li style=\"font-weight: 400;\" aria-level=\"1\"><span style=\"font-weight: 400;\">Cumplir con todos los requisitos y obligaciones legales impuestas por la normativa de protecci\u00f3n de datos personales.<\/span><\/li><\/ul><p><b>POL\u00cdTICA DE PRIVACIDAD<\/b><\/p><p><span style=\"font-weight: 400;\">A continuaci\u00f3n, le indicamos en detalle los tratamientos de datos personales que realizamos, as\u00ed como toda la informaci\u00f3n relativa a los mismos.<\/span><\/p><p><b>Tratamiento de los datos de candidatos a un puesto de trabajo<\/b><\/p><table><tbody><tr><td colspan=\"2\"><p><b>Informaci\u00f3n b\u00e1sica sobre Protecci\u00f3n de datos<\/b><\/p><\/td><\/tr><tr><td><p><b>Responsable:<\/b><\/p><\/td><td><p><b>INVOLVE, S.A. DE C.V.<\/b><\/p><\/td><\/tr><tr><td><p><b>Finalidad:<\/b><\/p><\/td><td><p><span style=\"font-weight: 400;\">Realizar los procesos de selecci\u00f3n de personal.<\/span><\/p><\/td><\/tr><tr><td><p><b>Legitimaci\u00f3n:<\/b><\/p><\/td><td><p><span style=\"font-weight: 400;\">Consentimiento del usuario e inter\u00e9s legitimo.<\/span><\/p><\/td><\/tr><tr><td><p><b>Destinatarios:<\/b><\/p><\/td><td><p><span style=\"font-weight: 400;\">Proveedores de pruebas psicom\u00e9tricas y servidores de almacenamiento de video y audio.<\/span><\/p><\/td><\/tr><tr><td><p><b>Derechos:<\/b><\/p><\/td><td><p><span style=\"font-weight: 400;\">Tiene derecho a acceder, rectificar y suprimir los datos, as\u00ed como otros derechos, indicados en la informaci\u00f3n adicional, que puede ejercer dirigi\u00e9ndose a infosec@dposa.eu\u00a0<\/span><\/p><\/td><\/tr><tr><td><p><b>Procedencia:<\/b><\/p><\/td><td><p><span style=\"font-weight: 400;\">El propio interesado.<\/span><\/p><\/td><\/tr><\/tbody><\/table><p><span style=\"font-weight: 400;\">Informaci\u00f3n completa sobre Protecci\u00f3n de Datos<\/span><\/p><p>\u00a0<\/p><ul><li aria-level=\"1\"><b>\u00bfQui\u00e9n es el responsable del tratamiento de sus datos?<\/b><\/li><\/ul><p><span style=\"font-weight: 400;\">INVOLVE RH (el \u201cresponsable\u201d) quien se\u00f1ala como domicilio el ubicado en: Calle R\u00edo Lerma, 196 Bis, Colonia Cuauht\u00e9moc, Ciudad de M\u00e9xico, C.P. 06500.<\/span><\/p><p>\u00a0<\/p><ul><li aria-level=\"1\"><b>\u00bfCon qu\u00e9 finalidad tratamos sus datos personales?<\/b><\/li><\/ul><p><span style=\"font-weight: 400;\">En <\/span><b>INVOLVE, S.A. DE C.V.<\/b><span style=\"font-weight: 400;\"> tratamos la informaci\u00f3n que nos facilitan las personas interesadas con el fin de gestionar su Curriculum Vitae recibidos y realizar los procesos de selecci\u00f3n de personal, entrevistas y dem\u00e1s tr\u00e1mites necesarios para la b\u00fasqueda del mejor candidato posible a un puesto de trabajo determinado. En el caso de que no facilite sus datos personales, no podremos cumplir con las finalidades descritas. No se van a tomar decisiones automatizadas en base a los datos proporcionados.<\/span><\/p><p>\u00a0<\/p><ul><li aria-level=\"1\"><b>\u00bfPor cu\u00e1nto tiempo conservaremos sus datos?<\/b><\/li><\/ul><p><span style=\"font-weight: 400;\">Dos (2) a\u00f1os desde la \u00faltima interacci\u00f3n.<\/span><\/p><p>\u00a0<\/p><ul><li aria-level=\"1\"><b>\u00bfA qu\u00e9 destinatarios se comunicar\u00e1n sus datos?<\/b><\/li><\/ul><p><span style=\"font-weight: 400;\">Proveedores de pruebas psicom\u00e9tricas y servidores de almacenamiento de video y audio.<\/span><\/p><ol><li style=\"font-weight: 400;\" aria-level=\"1\"><b>Transferencias de datos a terceros pa\u00edses<\/b><span style=\"font-weight: 400;\">.<\/span><\/li><\/ol><p><span style=\"font-weight: 400;\">Pa\u00edses declarados seguros de acuerdo a decisi\u00f3n de adecuaci\u00f3n, principalmente EEUU y pa\u00edses de la UE, siempre contando con el consentimiento del interesado<\/span><\/p><p>\u00a0<\/p><ul><li aria-level=\"1\"><b>\u00bfCu\u00e1les son sus derechos cuando nos facilita sus datos?<\/b><\/li><\/ul><p><span style=\"font-weight: 400;\">Cualquier persona tiene derecho a obtener confirmaci\u00f3n sobre si en <\/span><b>INVOLVE, S.A. DE C.V.<\/b><span style=\"font-weight: 400;\"> estamos tratando, o no, datos personales que les conciernan.<\/span><\/p><p><span style=\"font-weight: 400;\">Las personas interesadas tienen derecho a acceder a sus datos personales, as\u00ed como a solicitar la rectificaci\u00f3n de los datos inexactos o, en su caso, solicitar su supresi\u00f3n cuando, entre otros motivos, los datos ya no sean necesarios para los fines que fueron recogidos. Igualmente tiene derecho a la portabilidad de sus datos.<\/span><\/p><p><span style=\"font-weight: 400;\">En determinadas circunstancias, los interesados podr\u00e1n solicitar la limitaci\u00f3n del tratamiento de sus datos, en cuyo caso \u00fanicamente los conservaremos para el ejercicio o la defensa de reclamaciones.<\/span><\/p><p><span style=\"font-weight: 400;\">En determinadas circunstancias y por motivos relacionados con su situaci\u00f3n particular, los interesados podr\u00e1n oponerse al tratamiento de sus datos. En este caso, <\/span><b>INVOLVE, S.A. DE C.V.<\/b><span style=\"font-weight: 400;\"> dejar\u00e1 de tratar los datos, salvo por motivos leg\u00edtimos imperiosos, o el ejercicio o la defensa de posibles reclamaciones.<\/span><\/p><p><span style=\"font-weight: 400;\">Podr\u00e1 ejercitar materialmente sus derechos de la siguiente forma: dirigi\u00e9ndose a infosec@dposa.eu<\/span><\/p><p><span style=\"font-weight: 400;\">Cuando se realice el env\u00edo de comunicaciones comerciales utilizando como base jur\u00eddica el inter\u00e9s leg\u00edtimo del responsable, el interesado podr\u00e1 oponerse al tratamiento de sus datos con ese fin.<\/span><\/p><p><span style=\"font-weight: 400;\">Si ha otorgado su consentimiento para alguna finalidad concreta, tiene derecho a retirar el consentimiento otorgado en cualquier momento, sin que ello afecte a la licitud del tratamiento basado en el consentimiento previo a su retirada. En caso de que sienta vulnerados sus derechos en lo concerniente a la protecci\u00f3n de sus datos personales, especialmente cuando no haya obtenido satisfacci\u00f3n en el ejercicio de sus derechos, puede presentar una reclamaci\u00f3n ante la Autoridad de Control en materia de Protecci\u00f3n de Datos competente.<\/span><\/p><p>\u00a0<\/p><ul><li aria-level=\"1\"><b>\u00bfC\u00f3mo hemos obtenido sus datos?<\/b><\/li><\/ul><p><span style=\"font-weight: 400;\">Los datos personales que tratamos en <\/span><b>INVOLVE, S.A. DE C.V.<\/b><span style=\"font-weight: 400;\"> proceden de: El propio interesado.<\/span><\/p><p><span style=\"font-weight: 400;\">Las categor\u00edas de datos que se tratan son:\u00a0<\/span><\/p><ul><li style=\"font-weight: 400;\" aria-level=\"1\"><span style=\"font-weight: 400;\">Datos identificativos.\u00a0<\/span><\/li><li style=\"font-weight: 400;\" aria-level=\"1\"><span style=\"font-weight: 400;\">Direcciones postales y electr\u00f3nicas.\u00a0<\/span><\/li><li style=\"font-weight: 400;\" aria-level=\"1\"><span style=\"font-weight: 400;\">Informaci\u00f3n comercial.<\/span><\/li><li style=\"font-weight: 400;\" aria-level=\"1\"><span style=\"font-weight: 400;\">Datos econ\u00f3micos.\u00a0<\/span><\/li><\/ul><p><span style=\"font-weight: 400;\">Se tratan las siguientes categor\u00edas de datos especiales: eventualmente datos de salud como alergias o limitaciones f\u00edsicas permanentes o eventuales<\/span><\/p><p><b>Tratamiento de los datos de clientes con contrato de servicios<\/b><\/p><table><tbody><tr><td colspan=\"2\"><p><b>Informaci\u00f3n b\u00e1sica sobre Protecci\u00f3n de datos<\/b><\/p><\/td><\/tr><tr><td><p><b>Responsable:<\/b><\/p><\/td><td><p><b>INVOLVE, S.A. DE C.V.<\/b><\/p><\/td><\/tr><tr><td><p><span style=\"font-weight: 400;\">Finalidad:<\/span><\/p><\/td><td><p><span style=\"font-weight: 400;\">Prestar los servicios solicitados y enviar comunicaciones comerciales.<\/span><\/p><\/td><\/tr><tr><td><p><span style=\"font-weight: 400;\">Legitimaci\u00f3n:<\/span><\/p><\/td><td><p><span style=\"font-weight: 400;\">Ejecuci\u00f3n de un contrato. Inter\u00e9s leg\u00edtimo del Responsable.<\/span><\/p><\/td><\/tr><tr><td><p><span style=\"font-weight: 400;\">Destinatarios:<\/span><\/p><\/td><td><p><span style=\"font-weight: 400;\">Est\u00e1n previstas cesiones de datos a: Administraci\u00f3n Tributaria; Entidades financieras.<\/span><\/p><\/td><\/tr><tr><td><p><span style=\"font-weight: 400;\">Derechos:<\/span><\/p><\/td><td><p><span style=\"font-weight: 400;\">Tiene derecho a acceder, rectificar y suprimir los datos, as\u00ed como otros derechos, indicados en la informaci\u00f3n adicional, que puede ejercer dirigi\u00e9ndose a infosec@dposa.eu<\/span><\/p><\/td><\/tr><tr><td><p><span style=\"font-weight: 400;\">Procedencia:<\/span><\/p><\/td><td><p><span style=\"font-weight: 400;\">El propio interesado.<\/span><\/p><\/td><\/tr><\/tbody><\/table><p>\u00a0<\/p><p><b>Informaci\u00f3n completa sobre Protecci\u00f3n de Datos<\/b><\/p><p>\u00a0<\/p><ul><li aria-level=\"1\"><b>\u00bfQui\u00e9n es el responsable del tratamiento de sus datos?<\/b><\/li><\/ul><p><span style=\"font-weight: 400;\">INVOLVE RH (el \u201cresponsable\u201d) quien se\u00f1ala como domicilio el ubicado en: Calle R\u00edo Lerma, 196 Bis, Colonia Cuauht\u00e9moc, Ciudad de M\u00e9xico, C.P. 06500.<\/span><\/p><p>\u00a0<\/p><ul><li aria-level=\"1\"><b>\u00bfCon qu\u00e9 finalidad tratamos sus datos personales?<\/b><\/li><\/ul><p><span style=\"font-weight: 400;\">En <\/span><b>INVOLVE, S.A. DE C.V.<\/b><span style=\"font-weight: 400;\"> tratamos la informaci\u00f3n que nos facilitan las personas interesadas con el fin de realizar la gesti\u00f3n administrativa, contable y fiscal de los servicios solicitados, as\u00ed como enviar comunicaciones comerciales sobre nuestros productos y servicios. En el caso de que no facilite sus datos personales, no podremos cumplir con las finalidades descritas.<\/span><\/p><p><span style=\"font-weight: 400;\">No se van a tomar decisiones automatizadas en base a los datos proporcionados.<\/span><\/p><p>\u00a0<\/p><ul><li aria-level=\"1\"><b>\u00bfPor cu\u00e1nto tiempo conservaremos sus datos?<\/b><\/li><\/ul><p><span style=\"font-weight: 400;\">Los datos se conservar\u00e1n mientras el interesado no solicite su supresi\u00f3n, y en su caso, durante los a\u00f1os necesarios para cumplir con las obligaciones legales.<\/span><\/p><p>\u00a0<\/p><ul><li aria-level=\"1\"><b>\u00bfA qu\u00e9 destinatarios se comunicar\u00e1n sus datos?<\/b><\/li><\/ul><p><span style=\"font-weight: 400;\">Los datos se comunicar\u00e1n a los siguientes destinatarios:<\/span><\/p><ul><li style=\"list-style-type: none;\"><ul><li style=\"font-weight: 400;\" aria-level=\"1\"><span style=\"font-weight: 400;\">Administraci\u00f3n Tributaria, con la finalidad de cumplir con las obligaciones legales (requisito legal).\u00a0<\/span><\/li><\/ul><\/li><\/ul><ul><li aria-level=\"1\"><span style=\"font-weight: 400;\">Entidades financieras, con la finalidad de girar los recibos correspondientes (requisito contractual).<\/span><\/li><\/ul><ul><li aria-level=\"1\"><b>Transferencias de datos a terceros pa\u00edses<\/b><\/li><\/ul><p><span style=\"font-weight: 400;\">No est\u00e1n previstas transferencias de datos a terceros pa\u00edses.<\/span><\/p><p>\u00a0<\/p><ul><li aria-level=\"1\"><b>\u00bfCu\u00e1les son sus derechos cuando nos facilita sus datos?<\/b><\/li><\/ul><p><span style=\"font-weight: 400;\">Cualquier persona tiene derecho a obtener confirmaci\u00f3n sobre si en <\/span><b>INVOLVE, S.A. DE C.V.<\/b><span style=\"font-weight: 400;\"> estamos tratando, o no, datos personales que les conciernan.<\/span><\/p><p><span style=\"font-weight: 400;\">Las personas interesadas tienen derecho a acceder a sus datos personales, as\u00ed como a solicitar la rectificaci\u00f3n de los datos inexactos o, en su caso, solicitar su supresi\u00f3n cuando, entre otros motivos, los datos ya no sean necesarios para los fines que fueron recogidos. Igualmente tiene derecho a la portabilidad de sus datos.<\/span><\/p><p><span style=\"font-weight: 400;\">En determinadas circunstancias, los interesados podr\u00e1n solicitar la limitaci\u00f3n del tratamiento de sus datos, en cuyo caso \u00fanicamente los conservaremos para el ejercicio o la defensa de reclamaciones.<\/span><\/p><p><span style=\"font-weight: 400;\">En determinadas circunstancias y por motivos relacionados con su situaci\u00f3n particular, los interesados podr\u00e1n oponerse al tratamiento de sus datos. En este caso, <\/span><b>INVOLVE, S.A. DE C.V.<\/b><span style=\"font-weight: 400;\"> dejar\u00e1 de tratar los datos, salvo por motivos leg\u00edtimos imperiosos, o el ejercicio o la defensa de posibles reclamaciones.<\/span><\/p><p><span style=\"font-weight: 400;\">Podr\u00e1 ejercitar materialmente sus derechos de la siguiente forma: dirigi\u00e9ndose a infosec@dposa.eu<\/span><\/p><p><span style=\"font-weight: 400;\">Cuando se realice el env\u00edo de comunicaciones comerciales utilizando como base jur\u00eddica el inter\u00e9s leg\u00edtimo del responsable, el interesado podr\u00e1 oponerse al tratamiento de sus datos con ese fin.<\/span><\/p><p><span style=\"font-weight: 400;\">Si ha otorgado su consentimiento para alguna finalidad concreta, tiene derecho a retirar el consentimiento otorgado en cualquier momento, sin que ello afecte a la licitud del tratamiento basado en el consentimiento previo a su retirada.\u00a0<\/span><\/p><p><span style=\"font-weight: 400;\">En caso de que sienta vulnerados sus derechos en lo concerniente a la protecci\u00f3n de sus datos personales, especialmente cuando no haya obtenido satisfacci\u00f3n en el ejercicio de sus derechos, puede presentar una reclamaci\u00f3n ante la Autoridad de Control en materia de Protecci\u00f3n de Datos competente.\u00a0<\/span><\/p><p>\u00a0<\/p><ul><li aria-level=\"1\"><b>\u00bfC\u00f3mo hemos obtenido sus datos?<\/b><\/li><\/ul><p><span style=\"font-weight: 400;\">Los datos personales que tratamos en <\/span><b>INVOLVE, S.A. DE C.V.<\/b><span style=\"font-weight: 400;\">. proceden de: El propio interesado.<\/span><\/p><p><span style=\"font-weight: 400;\">Las categor\u00edas de datos que se tratan son:<\/span><\/p><ul><li style=\"font-weight: 400;\" aria-level=\"1\"><span style=\"font-weight: 400;\">Datos identificativos.\u00a0<\/span><\/li><li style=\"font-weight: 400;\" aria-level=\"1\"><span style=\"font-weight: 400;\">Direcciones postales y electr\u00f3nicas.<\/span><\/li><li style=\"font-weight: 400;\" aria-level=\"1\"><span style=\"font-weight: 400;\">Informaci\u00f3n comercial.\u00a0<\/span><\/li><li style=\"font-weight: 400;\" aria-level=\"1\"><span style=\"font-weight: 400;\">Datos econ\u00f3micos.<\/span><\/li><\/ul><p><b>Tratamiento de los datos de potenciales clientes y contactos comerciales<\/b><\/p><table><tbody><tr><td colspan=\"2\"><p><b>Informaci\u00f3n b\u00e1sica sobre Protecci\u00f3n de datos<\/b><\/p><\/td><\/tr><tr><td><p><b>Responsable:<\/b><\/p><\/td><td><p><b>INVOLVE, S.A. DE C.V.<\/b><\/p><\/td><\/tr><tr><td><p><b>Finalidad<\/b><span style=\"font-weight: 400;\">:<\/span><\/p><\/td><td><p><span style=\"font-weight: 400;\">Atender su solicitud y enviarle comunicaciones comerciales.<\/span><\/p><\/td><\/tr><tr><td><p><b>Legitimaci\u00f3n<\/b><span style=\"font-weight: 400;\">:<\/span><\/p><\/td><td><p><span style=\"font-weight: 400;\">Ejecuci\u00f3n de un contrato. Inter\u00e9s leg\u00edtimo del Responsable.<\/span><\/p><\/td><\/tr><tr><td><p><b>Destinatarios<\/b><span style=\"font-weight: 400;\">:<\/span><\/p><\/td><td><p><span style=\"font-weight: 400;\">No se ceder\u00e1n datos a terceros, salvo obligaci\u00f3n legal.<\/span><\/p><\/td><\/tr><tr><td><p><b>Derechos<\/b><span style=\"font-weight: 400;\">:<\/span><\/p><\/td><td><p><span style=\"font-weight: 400;\">Tiene derecho a acceder, rectificar y suprimir los datos, as\u00ed como otros derechos, indicados en la informaci\u00f3n adicional, que puede ejercer dirigi\u00e9ndose a infosec@dposa.eu<\/span><\/p><\/td><\/tr><tr><td><p><b>Procedencia<\/b><span style=\"font-weight: 400;\">:<\/span><\/p><\/td><td><p><span style=\"font-weight: 400;\">El propio interesado.<\/span><\/p><\/td><\/tr><\/tbody><\/table><p><b>Informaci\u00f3n completa sobre Protecci\u00f3n de Datos<\/b><\/p><p>\u00a0<\/p><ul><li aria-level=\"1\"><b>\u00bfQui\u00e9n es el responsable del tratamiento de sus datos?<\/b><\/li><\/ul><p><span style=\"font-weight: 400;\">INVOLVE RH (el \u201cresponsable\u201d) quien se\u00f1ala como domicilio el ubicado en: Calle R\u00edo Lerma, 196 Bis, Colonia Cuauht\u00e9moc, Ciudad de M\u00e9xico, C.P. 06500.<\/span><\/p><p>\u00a0<\/p><ul><li aria-level=\"1\"><b>\u00bfCon qu\u00e9 finalidad tratamos sus datos personales?<\/b><\/li><\/ul><p><span style=\"font-weight: 400;\">En <\/span><b>INVOLVE, S.A. DE C.V.<\/b><span style=\"font-weight: 400;\"> tratamos la informaci\u00f3n que nos facilitan las personas interesadas con el fin de realizar la gesti\u00f3n de potenciales clientes que se han interesado sobre nuestros productos y\/o servicios, as\u00ed como otros contactos comerciales y realizar, en su caso, el env\u00edo de comunicaciones comerciales inclusive por v\u00eda electr\u00f3nica. En el caso de que no facilite sus datos personales, no podremos cumplir con las finalidades descritas. No se van a tomar decisiones automatizadas en base a los datos proporcionados.<\/span><\/p><p>\u00a0<\/p><ul><li aria-level=\"1\"><b>\u00bfPor cu\u00e1nto tiempo conservaremos sus datos?<\/b><\/li><\/ul><p><span style=\"font-weight: 400;\">Los datos se conservar\u00e1n mientras el interesado no solicite su supresi\u00f3n.<\/span><\/p><p>\u00a0<\/p><ul><li aria-level=\"1\"><b>\u00bfA qu\u00e9 destinatarios se comunicar\u00e1n sus datos?<\/b><\/li><\/ul><p><span style=\"font-weight: 400;\">No se ceder\u00e1n datos a terceros, salvo obligaci\u00f3n legal<\/span><\/p><p>\u00a0<\/p><ul><li aria-level=\"1\"><b>Transferencias de datos a terceros pa\u00edses<\/b><\/li><\/ul><p><span style=\"font-weight: 400;\">No est\u00e1n previstas transferencias de datos a terceros pa\u00edses.<\/span><\/p><p>\u00a0<\/p><ul><li aria-level=\"1\"><b>\u00bfCu\u00e1les son sus derechos cuando nos facilita sus datos?<\/b><\/li><\/ul><p><span style=\"font-weight: 400;\">Cualquier persona tiene derecho a obtener confirmaci\u00f3n sobre si en <\/span><b>INVOLVE, S.A. DE C.V.<\/b><span style=\"font-weight: 400;\"> estamos tratando, o no, datos personales que les conciernan.\u00a0<\/span><\/p><p><span style=\"font-weight: 400;\">Las personas interesadas tienen derecho a acceder a sus datos personales, as\u00ed como a solicitar la rectificaci\u00f3n de los datos inexactos o, en su caso, solicitar su supresi\u00f3n cuando, entre otros motivos, los datos ya no sean necesarios para los fines que fueron recogidos. Igualmente tiene derecho a la portabilidad de sus datos.\u00a0<\/span><\/p><p><span style=\"font-weight: 400;\">En determinadas circunstancias, los interesados podr\u00e1n solicitar la limitaci\u00f3n del tratamiento de sus datos, en cuyo caso \u00fanicamente los conservaremos para el ejercicio o la defensa de reclamaciones. En determinadas circunstancias y por motivos relacionados con su situaci\u00f3n particular, los interesados podr\u00e1n oponerse al tratamiento de sus datos. En este caso, <\/span><b>INVOLVE, S.A. DE C.V.<\/b><span style=\"font-weight: 400;\"> dejar\u00e1 de tratar los datos, salvo por motivos leg\u00edtimos imperiosos, o el ejercicio o la defensa de posibles reclamaciones. Podr\u00e1 ejercitar materialmente sus derechos de la siguiente forma: dirigi\u00e9ndose a infosec@dposa.eu<\/span><\/p><p><span style=\"font-weight: 400;\">Cuando se realice el env\u00edo de comunicaciones comerciales utilizando como base jur\u00eddica el inter\u00e9s leg\u00edtimo del responsable, el interesado podr\u00e1 oponerse al tratamiento de sus datos con ese fin.\u00a0<\/span><\/p><p><span style=\"font-weight: 400;\">Si ha otorgado su consentimiento para alguna finalidad concreta, tiene derecho a retirar el consentimiento otorgado en cualquier momento, sin que ello afecte a la licitud del tratamiento basado en el consentimiento previo a su retirada. En caso de que sienta vulnerados sus derechos en lo concerniente a la protecci\u00f3n de sus datos personales, especialmente cuando no haya obtenido satisfacci\u00f3n en el ejercicio de sus derechos, puede presentar una reclamaci\u00f3n ante la Autoridad de Control en materia de Protecci\u00f3n de Datos competente.<\/span><\/p><p>\u00a0<\/p><ul><li aria-level=\"1\"><b>\u00bfC\u00f3mo hemos obtenido sus datos?<\/b><\/li><\/ul><p><span style=\"font-weight: 400;\">Los datos personales que tratamos en <\/span><b>INVOLVE, S.A. DE C.V.<\/b><span style=\"font-weight: 400;\"> proceden de: El propio interesado. Las categor\u00edas de datos que se tratan son:\u00a0<\/span><\/p><ul><li style=\"font-weight: 400;\" aria-level=\"1\"><span style=\"font-weight: 400;\">Datos identificativos.<\/span><\/li><li style=\"font-weight: 400;\" aria-level=\"1\"><span style=\"font-weight: 400;\">Direcciones postales y electr\u00f3nicas.<\/span><\/li><li style=\"font-weight: 400;\" aria-level=\"1\"><span style=\"font-weight: 400;\">Informaci\u00f3n comercial.<\/span><\/li><li style=\"font-weight: 400;\" aria-level=\"1\"><span style=\"font-weight: 400;\">Datos econ\u00f3micos.<\/span><\/li><\/ul><p><b>Tratamiento de los datos de potenciales usuarios y visitantes de la website<\/b><\/p><table><tbody><tr><td colspan=\"2\"><p><b>Informaci\u00f3n b\u00e1sica sobre Protecci\u00f3n de datos<\/b><\/p><\/td><\/tr><tr><td><p><b>Responsable:<\/b><\/p><\/td><td><p><b>INVOLVE, S.A. DE C.V.<\/b><\/p><\/td><\/tr><tr><td><p><b>Finalidad<\/b><span style=\"font-weight: 400;\">:<\/span><\/p><\/td><td><p><span style=\"font-weight: 400;\">Gestionar la prestaci\u00f3n de los servicios contratados.<\/span><\/p><\/td><\/tr><tr><td><p><b>Legitimaci\u00f3n<\/b><span style=\"font-weight: 400;\">:<\/span><\/p><\/td><td><p><span style=\"font-weight: 400;\">Ejecuci\u00f3n de un contrato. Inter\u00e9s leg\u00edtimo del responsable.<\/span><\/p><\/td><\/tr><tr><td><p><b>Destinatarios<\/b><span style=\"font-weight: 400;\">:<\/span><\/p><\/td><td><p><span style=\"font-weight: 400;\">No se ceder\u00e1n datos a terceros.<\/span><\/p><\/td><\/tr><tr><td><p><b>Derechos<\/b><span style=\"font-weight: 400;\">:<\/span><\/p><\/td><td><p><span style=\"font-weight: 400;\">Tiene derecho a acceder, rectificar y suprimir los datos, as\u00ed como otros derechos, indicados en la informaci\u00f3n adicional, que puede ejercer dirigi\u00e9ndose a infosec@dposa.eu<\/span><\/p><\/td><\/tr><tr><td><p><b>Procedencia<\/b><span style=\"font-weight: 400;\">:<\/span><\/p><\/td><td><p><span style=\"font-weight: 400;\">El propio interesado.<\/span><\/p><\/td><\/tr><\/tbody><\/table><p>\u00a0<\/p><p><b>Informaci\u00f3n completa sobre Protecci\u00f3n de Datos<\/b><\/p><p>\u00a0<\/p><ul><li aria-level=\"1\"><b>\u00bfQui\u00e9n es el responsable del tratamiento de sus datos?<\/b><\/li><\/ul><p><span style=\"font-weight: 400;\">INVOLVE RH (el \u201cresponsable\u201d) quien se\u00f1ala como domicilio el ubicado en: Calle R\u00edo Lerma, 196 Bis, Colonia Cuauht\u00e9moc, Ciudad de M\u00e9xico, C.P. 06500.<\/span><\/p><p>\u00a0<\/p><ul><li aria-level=\"1\"><b>\u00bfCon qu\u00e9 finalidad tratamos sus datos personales?<\/b><\/li><\/ul><p><span style=\"font-weight: 400;\">En <\/span><b>INVOLVE, S.A. DE C.V.<\/b><span style=\"font-weight: 400;\"> tratamos la informaci\u00f3n que nos facilitan las personas interesadas con el fin de realizar la gesti\u00f3n fiscal, contable y administrativa de proveedores, as\u00ed como los datos de contacto profesionales. En el caso de que no facilite sus datos personales, no podremos cumplir con las finalidades descritas.\u00a0<\/span><\/p><p><span style=\"font-weight: 400;\">No se van a tomar decisiones automatizadas en base a los datos proporcionados<\/span><\/p><p>\u00a0<\/p><ul><li aria-level=\"1\"><b>\u00bfPor cu\u00e1nto tiempo conservaremos sus datos?<\/b><\/li><\/ul><p><span style=\"font-weight: 400;\">\u00a0Los datos se conservar\u00e1n mientras el interesado no solicite su supresi\u00f3n, y en su caso, durante los a\u00f1os necesarios para cumplir con las obligaciones legales.\u00a0<\/span><\/p><p>\u00a0<\/p><ul><li aria-level=\"1\"><b>\u00bfA qu\u00e9 destinatarios se comunicar\u00e1n sus datos?\u00a0<\/b><\/li><\/ul><p><span style=\"font-weight: 400;\">Los datos para este tratamiento no se comunicar\u00e1n a terceros destinatarios:\u00a0<\/span><\/p><p>\u00a0<\/p><ul><li aria-level=\"1\"><b>Transferencias de datos a terceros pa\u00edses\u00a0<\/b><\/li><\/ul><p><span style=\"font-weight: 400;\">No est\u00e1n previstas transferencias de datos a terceros pa\u00edses.\u00a0<\/span><\/p><p>\u00a0<\/p><ul><li aria-level=\"1\"><b>\u00bfCu\u00e1les son sus derechos cuando nos facilita sus datos?<\/b><\/li><\/ul><p><span style=\"font-weight: 400;\">Cualquier persona tiene derecho a obtener confirmaci\u00f3n sobre si en <\/span><b>INVOLVE, S.A. DE C.V.<\/b><span style=\"font-weight: 400;\"> estamos tratando, o no, datos personales que les conciernan.\u00a0<\/span><\/p><p><span style=\"font-weight: 400;\">Las personas interesadas tienen derecho a acceder a sus datos personales, as\u00ed como a solicitar la rectificaci\u00f3n de los datos inexactos o, en su caso, solicitar su supresi\u00f3n cuando, entre otros motivos, los datos ya no sean necesarios para los fines que fueron recogidos. Igualmente tiene derecho a la portabilidad de sus datos.\u00a0<\/span><\/p><p><span style=\"font-weight: 400;\">En determinadas circunstancias, los interesados podr\u00e1n solicitar la limitaci\u00f3n del tratamiento de sus datos, en cuyo caso \u00fanicamente los conservaremos para el ejercicio o la defensa de reclamaciones.\u00a0<\/span><\/p><p><span style=\"font-weight: 400;\">En determinadas circunstancias y por motivos relacionados con su situaci\u00f3n particular, los interesados podr\u00e1n oponerse al tratamiento de sus datos. En este caso, <\/span><b>INVOLVE, S.A. DE C.V.<\/b><span style=\"font-weight: 400;\"> dejar\u00e1 de tratar los datos, salvo por motivos leg\u00edtimos imperiosos, o el ejercicio o la defensa de posibles reclamaciones. Podr\u00e1 ejercitar materialmente sus derechos de la siguiente forma: dirigi\u00e9ndose a <\/span><a href=\"mailto:infosec@dposa.eu\"><span style=\"font-weight: 400;\">infosec@dposa.eu<\/span><\/a><\/p><p><span style=\"font-weight: 400;\">Cuando se realice el env\u00edo de comunicaciones comerciales utilizando como base jur\u00eddica el inter\u00e9s leg\u00edtimo del responsable, el interesado podr\u00e1 oponerse al tratamiento de sus datos con ese fin.\u00a0<\/span><\/p><p><span style=\"font-weight: 400;\">Si ha otorgado su consentimiento para alguna finalidad concreta, tiene derecho a retirar el consentimiento otorgado en cualquier momento, sin que ello afecte a la licitud del tratamiento basado en el consentimiento previo a su retirada.\u00a0<\/span><\/p><p><span style=\"font-weight: 400;\">En caso de que sienta vulnerados sus derechos en lo concerniente a la protecci\u00f3n de sus datos personales, especialmente cuando no haya obtenido satisfacci\u00f3n en el ejercicio de sus derechos, puede presentar una reclamaci\u00f3n ante la Autoridad de Control en materia de Protecci\u00f3n de Datos competente.<\/span><br \/><b><\/b><\/p><ul><li aria-level=\"1\"><b>\u00bfC\u00f3mo hemos obtenido sus datos?<\/b><\/li><\/ul><p><span style=\"font-weight: 400;\">Los datos personales que tratamos en <\/span><b>INVOLVE, S.A. DE C.V.<\/b><span style=\"font-weight: 400;\"> proceden de: El propio interesado.\u00a0<\/span><\/p><p><span style=\"font-weight: 400;\">Las categor\u00edas de datos que se tratan son:<\/span><\/p><ul><li style=\"font-weight: 400;\" aria-level=\"1\"><span style=\"font-weight: 400;\">Datos identificativos.<\/span><\/li><li style=\"font-weight: 400;\" aria-level=\"1\"><span style=\"font-weight: 400;\">Direcciones postales y electr\u00f3nicas.<\/span><\/li><li style=\"font-weight: 400;\" aria-level=\"1\"><span style=\"font-weight: 400;\">Informaci\u00f3n comercial.\u00a0<\/span><\/li><li style=\"font-weight: 400;\" aria-level=\"1\"><span style=\"font-weight: 400;\">Datos econ\u00f3micos.<\/span><\/li><\/ul><p><b>Tratamiento para gesti\u00f3n de proveedores.<\/b><\/p><table><tbody><tr><td colspan=\"2\"><p><b>Informaci\u00f3n b\u00e1sica sobre Protecci\u00f3n de datos<\/b><\/p><\/td><\/tr><tr><td><p><b>Responsable:<\/b><\/p><\/td><td><p><b>INVOLVE, S.A. DE C.V.<\/b><\/p><\/td><\/tr><tr><td><p><b>Finalidad<\/b><span style=\"font-weight: 400;\">:<\/span><\/p><\/td><td><p><span style=\"font-weight: 400;\">Gesti\u00f3n del proveedores.<\/span><\/p><\/td><\/tr><tr><td><p><b>Legitimaci\u00f3n<\/b><span style=\"font-weight: 400;\">:<\/span><\/p><\/td><td><p><span style=\"font-weight: 400;\">Ejecuci\u00f3n de un contrato. Cumplimiento de una obligaci\u00f3n legal.<\/span><\/p><\/td><\/tr><tr><td><p><b>Destinatarios<\/b><span style=\"font-weight: 400;\">:<\/span><\/p><\/td><td><p><span style=\"font-weight: 400;\">Est\u00e1n previstas cesiones de datos a: Administraci\u00f3n tributaria, bancos y autoridades mercantiles<\/span><\/p><\/td><\/tr><tr><td><p><b>Derechos<\/b><span style=\"font-weight: 400;\">:<\/span><\/p><\/td><td><p><span style=\"font-weight: 400;\">Tiene derecho a acceder, rectificar y suprimir los datos, as\u00ed como otros derechos, indicados en la informaci\u00f3n adicional, que puede ejercer dirigi\u00e9ndose a infosec@dposa.eu<\/span><\/p><\/td><\/tr><tr><td><p><b>Procedencia<\/b><span style=\"font-weight: 400;\">:<\/span><\/p><\/td><td><p><span style=\"font-weight: 400;\">El propio interesado.<\/span><\/p><\/td><\/tr><\/tbody><\/table><p><b>Informaci\u00f3n completa sobre Protecci\u00f3n de Datos<\/b><\/p><p>\u00a0<\/p><ul><li aria-level=\"1\"><b>\u00bfQui\u00e9n es el responsable del tratamiento de sus datos?\u00a0<\/b><\/li><\/ul><p><span style=\"font-weight: 400;\">INVOLVE RH (el \u201cresponsable\u201d) quien se\u00f1ala como domicilio el ubicado en: Calle R\u00edo Lerma, 196 Bis, Colonia Cuauht\u00e9moc, Ciudad de M\u00e9xico, C.P. 06500.<\/span><\/p><p>\u00a0<\/p><ul><li aria-level=\"1\"><b>\u00bfCon qu\u00e9 finalidad tratamos sus datos personales?\u00a0<\/b><\/li><\/ul><p><span style=\"font-weight: 400;\">En <\/span><b>INVOLVE, S.A. DE C.V.<\/b><span style=\"font-weight: 400;\"> tratamos la informaci\u00f3n que nos facilitan las personas interesadas con el fin de realizar la gesti\u00f3n de documentos, escritos de procedimiento y fallos, relativos a un litigio incoado ante una jurisdicci\u00f3n civil, comercial o social, dentro de un legajo en el cual se mencionan los distintos acontecimientos del proceso. En el caso de que no facilite sus datos personales, no podremos cumplir con las finalidades descritas.<\/span><\/p><p><span style=\"font-weight: 400;\">No se van a tomar decisiones automatizadas en base a los datos proporcionados.\u00a0<\/span><\/p><p>\u00a0<\/p><ul><li aria-level=\"1\"><b>\u00bfPor cu\u00e1nto tiempo conservaremos sus datos?\u00a0<\/b><\/li><\/ul><p><span style=\"font-weight: 400;\">Los datos se conservar\u00e1n hasta que finalice la relaci\u00f3n con el interesado, siempre respetando los plazos legales previstos sobre la prescripci\u00f3n de responsabilidades.\u00a0<\/span><\/p><p>\u00a0<\/p><ul><li aria-level=\"1\"><b>\u00bfA qu\u00e9 destinatarios se comunicar\u00e1n sus datos?\u00a0<\/b><\/li><\/ul><p><span style=\"font-weight: 400;\">Los datos se comunicar\u00e1n a los siguientes destinatarios: Administraci\u00f3n tributaria, bancos y autoridades mercantiles<\/span><\/p><p>\u00a0<\/p><ul><li aria-level=\"1\"><b>Transferencias de datos a terceros pa\u00edses<\/b><\/li><\/ul><p><span style=\"font-weight: 400;\">No est\u00e1n previstas transferencias de datos a terceros pa\u00edses.\u00a0<\/span><\/p><p>\u00a0<\/p><ul><li aria-level=\"1\"><b>\u00bfCu\u00e1les son sus derechos cuando nos facilita sus datos?\u00a0<\/b><\/li><\/ul><p><span style=\"font-weight: 400;\">Cualquier persona tiene derecho a obtener confirmaci\u00f3n sobre si en <\/span><b>INVOLVE, S.A. DE C.V.<\/b><span style=\"font-weight: 400;\"> estamos tratando, o no, datos personales que les conciernan.\u00a0<\/span><\/p><p><span style=\"font-weight: 400;\">Las personas interesadas tienen derecho a acceder a sus datos personales, as\u00ed como a solicitar la rectificaci\u00f3n de los datos inexactos o, en su caso, solicitar su supresi\u00f3n cuando, entre otros motivos, los datos ya no sean necesarios para los fines que fueron recogidos. Igualmente tiene derecho a la portabilidad de sus datos.\u00a0<\/span><\/p><p><span style=\"font-weight: 400;\">En determinadas circunstancias, los interesados podr\u00e1n solicitar la limitaci\u00f3n del tratamiento de sus datos, en cuyo caso \u00fanicamente los conservaremos para el ejercicio o la defensa de reclamaciones. En determinadas circunstancias y por motivos relacionados con su situaci\u00f3n particular, los interesados podr\u00e1n oponerse al tratamiento de sus datos. En este caso, <\/span><b>INVOLVE, S.A. DE C.V.<\/b><span style=\"font-weight: 400;\">, dejar\u00e1 de tratar los datos, salvo por motivos leg\u00edtimos imperiosos, o el ejercicio o la defensa de posibles reclamaciones.\u00a0<\/span><\/p><p><span style=\"font-weight: 400;\">Podr\u00e1 ejercitar materialmente sus derechos de la siguiente forma: dirigi\u00e9ndose a infosec@dposa.eu<\/span><\/p><p><span style=\"font-weight: 400;\">Cuando se realice el env\u00edo de comunicaciones comerciales utilizando como base jur\u00eddica el inter\u00e9s leg\u00edtimo del responsable, el interesado podr\u00e1 oponerse al tratamiento de sus datos con ese fin.\u00a0<\/span><\/p><p><span style=\"font-weight: 400;\">Si ha otorgado su consentimiento para alguna finalidad concreta, tiene derecho a retirar el consentimiento otorgado en cualquier momento, sin que ello afecte a la licitud del tratamiento basado en el consentimiento previo a su retirada.\u00a0<\/span><\/p><p><span style=\"font-weight: 400;\">En caso de que sienta vulnerados sus derechos en lo concerniente a la protecci\u00f3n de sus datos personales, especialmente cuando no haya obtenido satisfacci\u00f3n en el ejercicio de sus derechos, puede presentar una reclamaci\u00f3n ante la Autoridad de Control en materia de Protecci\u00f3n de Datos competente.<\/span><b><\/b><\/p><ul><li aria-level=\"1\"><b>\u00bfC\u00f3mo hemos obtenido sus datos?<\/b><\/li><\/ul><p><span style=\"font-weight: 400;\">Los datos personales que tratamos en <\/span><b>INVOLVE, S.A. DE C.V.<\/b><span style=\"font-weight: 400;\">. proceden de: El propio interesado.<\/span><\/p><p><span style=\"font-weight: 400;\">Las categor\u00edas de datos que se tratan son:\u00a0<\/span><\/p><ul><li style=\"font-weight: 400;\" aria-level=\"1\"><span style=\"font-weight: 400;\">Datos identificativos.\u00a0<\/span><\/li><li style=\"font-weight: 400;\" aria-level=\"1\"><span style=\"font-weight: 400;\">Direcciones postales y electr\u00f3nicas.\u00a0<\/span><\/li><li style=\"font-weight: 400;\" aria-level=\"1\"><span style=\"font-weight: 400;\">Informaci\u00f3n comercial.<\/span><\/li><li style=\"font-weight: 400;\" aria-level=\"1\"><span style=\"font-weight: 400;\">Datos econ\u00f3micos<\/span><\/li><\/ul>\t\t\t\t\t\t\t\t<\/div>\n\t\t\t\t<\/div>\n\t\t\t\t\t<\/details>\n\t\t\t\t\t<\/div>\n\t\t\t\t\t\t<\/div>\n\t\t\t\t\t<\/div>\n\t\t\t\t<\/div>\n\t\t<div class=\"elementor-element elementor-element-f0f19da e-flex e-con-boxed e-con e-parent\" data-id=\"f0f19da\" data-element_type=\"container\" data-e-type=\"container\" data-settings=\"{&quot;_ha_eqh_enable&quot;:false}\">\n\t\t\t\t\t<div class=\"e-con-inner\">\n\t\t\t\t<div class=\"elementor-element elementor-element-6622f5e elementor-hidden-mobile e-n-tabs-mobile elementor-widget elementor-widget-n-tabs\" data-id=\"6622f5e\" data-element_type=\"widget\" data-e-type=\"widget\" data-settings=\"{&quot;horizontal_scroll&quot;:&quot;disable&quot;}\" data-widget_type=\"nested-tabs.default\">\n\t\t\t\t\t\t\t<div class=\"e-n-tabs\" data-widget-number=\"107097950\" aria-label=\"Pesta\u00f1as. Abre elementos con Intro o Espacio, ci\u00e9rralos con Escape y navega con las fechas.\">\n\t\t\t<div class=\"e-n-tabs-heading\" role=\"tablist\">\n\t\t\t\t\t<button id=\"e-n-tab-title-1070979501\" data-tab-title-id=\"e-n-tab-title-1070979501\" class=\"e-n-tab-title\" aria-selected=\"true\" data-tab-index=\"1\" role=\"tab\" tabindex=\"0\" aria-controls=\"e-n-tab-content-1070979501\" style=\"--n-tabs-title-order: 1;\">\n\t\t\t\t\t\t<span class=\"e-n-tab-title-text\">\n\t\t\t\tPol\u00edtica Privacidad Espa\u00f1a\t\t\t<\/span>\n\t\t<\/button>\n\t\t\t\t<button id=\"e-n-tab-title-1070979502\" data-tab-title-id=\"e-n-tab-title-1070979502\" class=\"e-n-tab-title\" aria-selected=\"false\" data-tab-index=\"2\" role=\"tab\" tabindex=\"-1\" aria-controls=\"e-n-tab-content-1070979502\" style=\"--n-tabs-title-order: 2;\">\n\t\t\t\t\t\t<span class=\"e-n-tab-title-text\">\n\t\t\t\tAviso de privacidad M\u00e9xico\t\t\t<\/span>\n\t\t<\/button>\n\t\t\t\t<button id=\"e-n-tab-title-1070979503\" data-tab-title-id=\"e-n-tab-title-1070979503\" class=\"e-n-tab-title\" aria-selected=\"false\" data-tab-index=\"3\" role=\"tab\" tabindex=\"-1\" aria-controls=\"e-n-tab-content-1070979503\" style=\"--n-tabs-title-order: 3;\">\n\t\t\t\t\t\t<span class=\"e-n-tab-title-text\">\n\t\t\t\tPol\u00edtica de privacidad Colombia\t\t\t<\/span>\n\t\t<\/button>\n\t\t\t\t\t<\/div>\n\t\t\t<div class=\"e-n-tabs-content\">\n\t\t\t\t<div id=\"e-n-tab-content-1070979501\" role=\"tabpanel\" aria-labelledby=\"e-n-tab-title-1070979501\" data-tab-index=\"1\" style=\"--n-tabs-title-order: 1;\" class=\"e-active elementor-element elementor-element-aa03775 e-con-full e-flex e-con e-child\" data-id=\"aa03775\" data-element_type=\"container\" data-e-type=\"container\" data-settings=\"{&quot;background_background&quot;:&quot;classic&quot;,&quot;_ha_eqh_enable&quot;:false}\">\n\t\t\t\t<div class=\"elementor-element elementor-element-c76f881 elementor-widget elementor-widget-text-editor\" data-id=\"c76f881\" data-element_type=\"widget\" data-e-type=\"widget\" data-widget_type=\"text-editor.default\">\n\t\t\t\t\t\t\t\t\t<p class=\"p1\">En INVOLVE IBERICA SL nos preocupamos por la privacidad y la transparencia.<\/p><p class=\"p1\">A continuaci\u00f3n, le indicamos en detalle los tratamientos de datos personales que realizamos, as\u00ed como toda la informaci\u00f3n relativa a los mismos.<\/p><p class=\"p1\"><b>Tratamiento de im\u00e1genes con fines promocionales<\/b><\/p><table class=\"t1\" cellspacing=\"0\" cellpadding=\"0\"><tbody><tr><td class=\"td1\" valign=\"top\"><p class=\"p2\"><b>Informaci\u00f3n b\u00e1sica sobre Protecci\u00f3n de datos<\/b><\/p><\/td><td class=\"td1\" valign=\"top\">\u00a0<\/td><\/tr><tr><td class=\"td1\" valign=\"top\"><p class=\"p1\"><b>Responsable:<\/b><\/p><\/td><td class=\"td1\" valign=\"top\"><p class=\"p1\">INVOLVE IBERICA SL<\/p><\/td><\/tr><tr><td class=\"td1\" valign=\"top\"><p class=\"p1\"><b>Finalidad:<\/b><\/p><\/td><td class=\"td1\" valign=\"top\"><p class=\"p1\">Captaci\u00f3n y difusi\u00f3n de imagen y\/o v\u00eddeo con fines promocionales<\/p><\/td><\/tr><tr><td class=\"td1\" valign=\"top\"><p class=\"p1\"><b>Legitimaci\u00f3n:<\/b><\/p><\/td><td class=\"td1\" valign=\"top\"><p class=\"p1\">Consentimiento del interesado.<\/p><\/td><\/tr><tr><td class=\"td1\" valign=\"top\"><p class=\"p1\"><b>Destinatarios:<\/b><\/p><\/td><td class=\"td1\" valign=\"top\"><p class=\"p1\">Est\u00e1n previstas cesiones de datos a: Internet (redes sociales, plataformas de video y sitios web), p\u00e1gina web de la entidad y otros medios de comunicaci\u00f3n.<\/p><p class=\"p1\">Est\u00e1n previstas transferencias a terceros pa\u00edses.<\/p><\/td><\/tr><tr><td class=\"td1\" valign=\"top\"><p class=\"p1\"><b>Derechos:<\/b><\/p><\/td><td class=\"td1\" valign=\"top\"><p class=\"p1\">Tiene derecho a acceder, rectificar y suprimir los datos, as\u00ed como otros derechos, indicados en la informaci\u00f3n adicional, que puede ejercer dirigi\u00e9ndose a\u00a0<a href=\"mailto:contacto@involverh.es\"><span class=\"s1\"><b>contacto@involverh.es<\/b><\/span><\/a>\u00a0o Paseo de la Castellana 95, Planta 15, 28043 Madrid.<\/p><\/td><\/tr><tr><td class=\"td1\" valign=\"top\"><p class=\"p1\"><b>Procedencia:<\/b><\/p><\/td><td class=\"td1\" valign=\"top\"><p class=\"p1\">El propio interesado<\/p><\/td><\/tr><\/tbody><\/table><p class=\"p1\"><b>\u00a0<\/b><\/p><p class=\"p1\"><b>Informaci\u00f3n completa sobre Protecci\u00f3n de Datos<\/b><\/p><p class=\"p1\"><b>1. \u00bfQui\u00e9n es el responsable del tratamiento de sus datos?<\/b><\/p><p class=\"p1\">INVOLVE IBERICA SL<\/p><p class=\"p1\">B67841775<\/p><p class=\"p1\">CALLE ORENSE, N\u00daMERO 81, PLANTA CUATRO, \u2013 28020 \u2013 MADRID<\/p><p class=\"p1\">+34 602 22 42 22<\/p><p class=\"p1\">contacto@involverh.es<\/p><p class=\"p1\"><b><i>1.1 Datos de contacto del Delegado de Protecci\u00f3n de Datos (DPD)<\/i><\/b>:<\/p><p class=\"p1\">Victor Manuel Trujillo<\/p><p class=\"p1\">Paseo de la Castellana 95, Planta 15, 28043 Madrid<\/p><p class=\"p1\">contacto@involverh.es<\/p><p class=\"p1\"><b>2. \u00bfCon qu\u00e9 finalidad tratamos sus datos personales?<\/b><\/p><p class=\"p1\">En INVOLVE IBERICA SL tratamos la informaci\u00f3n que nos facilitan las personas interesadas con el fin de realizar la captaci\u00f3n, difusi\u00f3n y cesi\u00f3n de imagen y\/o v\u00eddeo con fines promocionales para su publicaci\u00f3n en Internet (redes sociales, plataformas de video y sitios web), en las publicaciones de la entidad y otros medios de comunicaci\u00f3n. En el caso de que no facilite sus datos personales, no podremos cumplir con las finalidades descritas.<\/p><p class=\"p1\">No se van a tomar decisiones automatizadas en base a los datos proporcionados.<\/p><p class=\"p1\"><b>3. \u00bfPor cu\u00e1nto tiempo conservaremos sus datos?<\/b><\/p><p class=\"p1\">Los datos se conservar\u00e1n mientras el interesado no solicite la supresi\u00f3n de los mismos.<\/p><p class=\"p1\"><b>4. \u00bfCu\u00e1l es la legitimaci\u00f3n para el tratamiento de sus datos?<\/b><\/p><p class=\"p1\">Le indicamos la base legal para el tratamiento de sus datos:<\/p><ul class=\"ul1\"><li class=\"li1\">Consentimiento del interesado: Captaci\u00f3n, difusi\u00f3n y cesi\u00f3n de imagen y\/o v\u00eddeo con fines promocionales para su publicaci\u00f3n en redes sociales, plataformas de v\u00eddeo y sitios web, as\u00ed como en las publicaciones de la entidad y otros medios de comunicaci\u00f3n. (RGPD art. 6.1.a).<\/li><\/ul><p class=\"p1\"><b>5. \u00bfA qu\u00e9 destinatarios se comunicar\u00e1n sus datos?<\/b><\/p><p class=\"p1\">Los datos se comunicar\u00e1n a los siguientes destinatarios:<\/p><ul class=\"ul1\"><li class=\"li1\">Internet (redes sociales, plataformas de video y sitios web), p\u00e1gina web de la entidad y otros medios de comunicaci\u00f3n, con la finalidad de cesi\u00f3n y publicaci\u00f3n de im\u00e1genes y\/o v\u00eddeo con fines promocionales.<\/li><\/ul><p class=\"p1\"><b>6. Transferencias de datos a terceros pa\u00edses<\/b><\/p><p class=\"p1\">Est\u00e1n previstas las siguientes transferencias de datos a terceros pa\u00edses:<\/p><ul class=\"ul1\"><li class=\"li1\">Redes sociales y sistemas de difusi\u00f3n promocional, con la finalidad de realizar promoci\u00f3n publicitaria de los servicios de la entidad. La garant\u00eda para esta transferencia se ha establecido a trav\u00e9s de: Consentimiento expl\u00edcito del interesado. Puede consultar informaci\u00f3n adicional en: Pol\u00edtica de privacidad de la entidad..<\/li><\/ul><p class=\"p1\"><b>7. \u00bfCu\u00e1les son sus derechos cuando nos facilita sus datos?<\/b><\/p><p class=\"p1\">Cualquier persona tiene derecho a obtener confirmaci\u00f3n sobre si en INVOLVE IBERICA SL estamos tratando, o no, datos personales que les conciernan.<\/p><p class=\"p1\">Las personas interesadas tienen derecho a acceder a sus datos personales, as\u00ed como a solicitar la rectificaci\u00f3n de los datos inexactos o, en su caso, solicitar su supresi\u00f3n cuando, entre otros motivos, los datos ya no sean necesarios para los fines que fueron recogidos. Igualmente tiene derecho a la portabilidad de sus datos.<\/p><p class=\"p1\">En determinadas circunstancias, los interesados podr\u00e1n solicitar la limitaci\u00f3n del tratamiento de sus datos, en cuyo caso \u00fanicamente los conservaremos para el ejercicio o la defensa de reclamaciones.<\/p><p class=\"p1\">En determinadas circunstancias y por motivos relacionados con su situaci\u00f3n particular, los interesados podr\u00e1n oponerse al tratamiento de sus datos. En este caso, INVOLVE IBERICA SL dejar\u00e1 de tratar los datos, salvo por motivos leg\u00edtimos imperiosos, o el ejercicio o la defensa de posibles reclamaciones.<\/p><p class=\"p1\">Podr\u00e1 ejercitar materialmente sus derechos de la siguiente forma: dirigi\u00e9ndose a contacto@involverh.es o Paseo de la Castellana 95, Planta 15, 28043 Madrid.<\/p><p class=\"p1\">Cuando se realice el env\u00edo de comunicaciones comerciales utilizando como base jur\u00eddica el inter\u00e9s leg\u00edtimo del responsable, el interesado podr\u00e1 oponerse al tratamiento de sus datos con ese fin.<\/p><p class=\"p1\">Si ha otorgado su consentimiento para alguna finalidad concreta, tiene derecho a retirar el consentimiento otorgado en cualquier momento, sin que ello afecte a la licitud del tratamiento basado en el consentimiento previo a su retirada.<\/p><p class=\"p1\">En caso de que sienta vulnerados sus derechos en lo concerniente a la protecci\u00f3n de sus datos personales, especialmente cuando no haya obtenido satisfacci\u00f3n en el ejercicio de sus derechos, puede presentar una reclamaci\u00f3n ante la Autoridad de Control en materia de Protecci\u00f3n de Datos competente a trav\u00e9s de su sitio web: www.aepd.es.<\/p><p class=\"p1\"><b>8. \u00bfC\u00f3mo hemos obtenido sus datos?<\/b><\/p><p class=\"p1\">Los datos personales que tratamos en INVOLVE IBERICA SL proceden de: El propio interesado.<\/p><p class=\"p1\"><b>Tratamiento de los datos de candidatos a un puesto de trabajo<\/b><\/p><table class=\"t1\" cellspacing=\"0\" cellpadding=\"0\"><tbody><tr><td class=\"td1\" valign=\"top\"><p class=\"p2\"><b>Informaci\u00f3n b\u00e1sica sobre Protecci\u00f3n de datos<\/b><\/p><\/td><td class=\"td1\" valign=\"top\">\u00a0<\/td><\/tr><tr><td class=\"td1\" valign=\"top\"><p class=\"p1\"><b>Responsable:<\/b><\/p><\/td><td class=\"td1\" valign=\"top\"><p class=\"p1\">INVOLVE IBERICA SL<\/p><\/td><\/tr><tr><td class=\"td1\" valign=\"top\"><p class=\"p1\"><b>Finalidad:<\/b><\/p><\/td><td class=\"td1\" valign=\"top\"><p class=\"p1\">Realizar los procesos de selecci\u00f3n de personal.<\/p><\/td><\/tr><tr><td class=\"td1\" valign=\"top\"><p class=\"p1\"><b>Legitimaci\u00f3n:<\/b><\/p><\/td><td class=\"td1\" valign=\"top\"><p class=\"p1\">Ejecuci\u00f3n de un contrato.<\/p><\/td><\/tr><tr><td class=\"td1\" valign=\"top\"><p class=\"p1\"><b>Destinatarios:<\/b><\/p><\/td><td class=\"td1\" valign=\"top\"><p class=\"p1\">No se ceder\u00e1n datos a terceros, salvo obligaci\u00f3n legal.<\/p><\/td><\/tr><tr><td class=\"td1\" valign=\"top\"><p class=\"p1\"><b>Derechos:<\/b><\/p><\/td><td class=\"td1\" valign=\"top\"><p class=\"p1\">Tiene derecho a acceder, rectificar y suprimir los datos, as\u00ed como otros derechos, indicados en la informaci\u00f3n adicional, que puede ejercer dirigi\u00e9ndose a contacto@involverh.es o Paseo de la Castellana 95, Planta 15, 28043 Madrid.<\/p><\/td><\/tr><tr><td class=\"td1\" valign=\"top\"><p class=\"p1\"><b>Procedencia:<\/b><\/p><\/td><td class=\"td1\" valign=\"top\"><p class=\"p1\">El propio interesado<\/p><\/td><\/tr><\/tbody><\/table><p class=\"p1\"><b>\u00a0<\/b><\/p><p class=\"p1\"><b>Informaci\u00f3n completa sobre Protecci\u00f3n de Datos<\/b><\/p><p class=\"p1\"><b>1. \u00bfQui\u00e9n es el responsable del tratamiento de sus datos?<\/b><\/p><p class=\"p1\">INVOLVE IBERICA SL<\/p><p class=\"p1\">B67841775<\/p><p class=\"p1\">CALLE ORENSE, N\u00daMERO 81, PLANTA CUATRO, \u2013 28020 \u2013 MADRID<\/p><p class=\"p1\">+34 602 22 42 22<\/p><p class=\"p1\">contacto@involverh.es<\/p><p class=\"p1\"><b><i>1.1 Datos de contacto del Delegado de Protecci\u00f3n de Datos (DPD)<\/i><\/b>:<\/p><p class=\"p1\">Victor Manuel Trujillo<\/p><p class=\"p1\">Paseo de la Castellana 95, Planta 15, 28043 Madrid<\/p><p class=\"p1\">contacto@involverh.es<\/p><p class=\"p1\"><b>2. \u00bfCon qu\u00e9 finalidad tratamos sus datos personales?<\/b><\/p><p class=\"p1\">En INVOLVE IBERICA SL tratamos la informaci\u00f3n que nos facilitan las personas interesadas con el fin de gestionar los Curriculums Vitae recibidos y realizar los procesos de selecci\u00f3n de personal, entrevistas y dem\u00e1s tr\u00e1mites necesarios para la b\u00fasqueda del mejor candidato posible a un puesto de trabajo determinado. En el caso de que no facilite sus datos personales, no podremos cumplir con las finalidades descritas.<\/p><p class=\"p1\">No se van a tomar decisiones automatizadas en base a los datos proporcionados.<\/p><p class=\"p1\"><b>3. \u00bfPor cu\u00e1nto tiempo conservaremos sus datos?<\/b><\/p><p class=\"p1\">Dos a\u00f1os desde la \u00faltima interacci\u00f3n.<\/p><p class=\"p1\"><b>4. \u00bfCu\u00e1l es la legitimaci\u00f3n para el tratamiento de sus datos?<\/b><\/p><p class=\"p1\">Le indicamos la base legal para el tratamiento de sus datos:<\/p><ul class=\"ul1\"><li class=\"li1\">Ejecuci\u00f3n de un contrato: Gesti\u00f3n de los Curriculums Vitae entregados por el candidato para realizar los procesos de selecci\u00f3n de personal para la b\u00fasqueda del mejor candidato posible a un puesto de trabajo determinado. (RGPD art. 6.1.b).<\/li><\/ul><p class=\"p1\"><b>5. \u00bfA qu\u00e9 destinatarios se comunicar\u00e1n sus datos?<\/b><\/p><p class=\"p1\">No se ceder\u00e1n datos a terceros, salvo obligaci\u00f3n legal.<\/p><p class=\"p1\"><b>6. Transferencias de datos a terceros pa\u00edses<\/b><\/p><p class=\"p1\">No est\u00e1n previstas transferencias de datos a terceros pa\u00edses.<\/p><p class=\"p1\"><b>7. \u00bfCu\u00e1les son sus derechos cuando nos facilita sus datos?<\/b><\/p><p class=\"p1\">Cualquier persona tiene derecho a obtener confirmaci\u00f3n sobre si en INVOLVE IBERICA SL estamos tratando, o no, datos personales que les conciernan.<\/p><p class=\"p1\">Las personas interesadas tienen derecho a acceder a sus datos personales, as\u00ed como a solicitar la rectificaci\u00f3n de los datos inexactos o, en su caso, solicitar su supresi\u00f3n cuando, entre otros motivos, los datos ya no sean necesarios para los fines que fueron recogidos. Igualmente tiene derecho a la portabilidad de sus datos.<\/p><p class=\"p1\">En determinadas circunstancias, los interesados podr\u00e1n solicitar la limitaci\u00f3n del tratamiento de sus datos, en cuyo caso \u00fanicamente los conservaremos para el ejercicio o la defensa de reclamaciones.<\/p><p class=\"p1\">En determinadas circunstancias y por motivos relacionados con su situaci\u00f3n particular, los interesados podr\u00e1n oponerse al tratamiento de sus datos. En este caso, INVOLVE IBERICA SL dejar\u00e1 de tratar los datos, salvo por motivos leg\u00edtimos imperiosos, o el ejercicio o la defensa de posibles reclamaciones.<\/p><p class=\"p1\">Podr\u00e1 ejercitar materialmente sus derechos de la siguiente forma: dirigi\u00e9ndose a contacto@involverh.es o Paseo de la Castellana 95, Planta 15, 28043 Madrid.<\/p><p class=\"p1\">Cuando se realice el env\u00edo de comunicaciones comerciales utilizando como base jur\u00eddica el inter\u00e9s leg\u00edtimo del responsable, el interesado podr\u00e1 oponerse al tratamiento de sus datos con ese fin.<\/p><p class=\"p1\">Si ha otorgado su consentimiento para alguna finalidad concreta, tiene derecho a retirar el consentimiento otorgado en cualquier momento, sin que ello afecte a la licitud del tratamiento basado en el consentimiento previo a su retirada.<\/p><p class=\"p1\">En caso de que sienta vulnerados sus derechos en lo concerniente a la protecci\u00f3n de sus datos personales, especialmente cuando no haya obtenido satisfacci\u00f3n en el ejercicio de sus derechos, puede presentar una reclamaci\u00f3n ante la Autoridad de Control en materia de Protecci\u00f3n de Datos competente a trav\u00e9s de su sitio web: www.aepd.es.<\/p><p class=\"p1\"><b>8. \u00bfC\u00f3mo hemos obtenido sus datos?<\/b><\/p><p class=\"p1\">Los datos personales que tratamos en INVOLVE IBERICA SL proceden de: El propio interesado.<\/p><p class=\"p1\">Las categor\u00edas de datos que se tratan son:<\/p><ul class=\"ul1\"><li class=\"li1\">Datos identificativos.<\/li><li class=\"li1\">Datos econ\u00f3micos.<\/li><\/ul><p class=\"p1\"><b>Tratamiento de los datos de clientes<\/b><\/p><table class=\"t1\" cellspacing=\"0\" cellpadding=\"0\"><tbody><tr><td class=\"td1\" valign=\"top\"><p class=\"p2\"><b>Informaci\u00f3n b\u00e1sica sobre Protecci\u00f3n de datos<\/b><\/p><\/td><td class=\"td1\" valign=\"top\">\u00a0<\/td><\/tr><tr><td class=\"td1\" valign=\"top\"><p class=\"p1\"><b>Responsable:<\/b><\/p><\/td><td class=\"td1\" valign=\"top\"><p class=\"p1\">INVOLVE IBERICA SL<\/p><\/td><\/tr><tr><td class=\"td1\" valign=\"top\"><p class=\"p1\"><b>Finalidad:<\/b><\/p><\/td><td class=\"td1\" valign=\"top\"><p class=\"p1\">Prestar los servicios solicitados y enviar comunicaciones promocionales.<\/p><\/td><\/tr><tr><td class=\"td1\" valign=\"top\"><p class=\"p1\"><b>Legitimaci\u00f3n:<\/b><\/p><\/td><td class=\"td1\" valign=\"top\"><p class=\"p1\">Ejecuci\u00f3n de un contrato.<\/p><p class=\"p1\">Inter\u00e9s leg\u00edtimo del Responsable.<\/p><\/td><\/tr><tr><td class=\"td1\" valign=\"top\"><p class=\"p1\"><b>Destinatarios:<\/b><\/p><\/td><td class=\"td1\" valign=\"top\"><p class=\"p1\">Est\u00e1n previstas cesiones de datos a: Administraci\u00f3n Tributaria; Entidades financieras.<\/p><\/td><\/tr><tr><td class=\"td1\" valign=\"top\"><p class=\"p1\"><b>Derechos:<\/b><\/p><\/td><td class=\"td1\" valign=\"top\"><p class=\"p1\">Tiene derecho a acceder, rectificar y suprimir los datos, as\u00ed como otros derechos, indicados en la informaci\u00f3n adicional, que puede ejercer dirigi\u00e9ndose a contacto@involverh.es o Paseo de la Castellana 95, Planta 15, 28043 Madrid.<\/p><\/td><\/tr><tr><td class=\"td1\" valign=\"top\"><p class=\"p1\"><b>Procedencia:<\/b><\/p><\/td><td class=\"td1\" valign=\"top\"><p class=\"p1\">El propio interesado<\/p><\/td><\/tr><\/tbody><\/table><p class=\"p1\"><b>\u00a0<\/b><\/p><p class=\"p1\"><b>Informaci\u00f3n completa sobre Protecci\u00f3n de Datos<\/b><\/p><p class=\"p1\"><b>1. \u00bfQui\u00e9n es el responsable del tratamiento de sus datos<\/b>?<\/p><p class=\"p1\">INVOLVE IBERICA SL<\/p><p class=\"p1\">B67841775<\/p><p class=\"p1\">CALLE ORENSE, N\u00daMERO 81, PLANTA CUATRO, \u2013 28020 \u2013 MADRID<\/p><p class=\"p1\">+34 602 22 42 22<\/p><p class=\"p1\">contacto@involverh.es<\/p><p class=\"p1\"><b><i>1.1 Datos de contacto del Delegado de Protecci\u00f3n de Datos (DPD):<\/i><\/b><\/p><p class=\"p1\">Victor Manuel Trujillo<\/p><p class=\"p1\">Paseo de la Castellana 95, Planta 15, 28043 Madrid<\/p><p class=\"p1\">contacto@involverh.es<\/p><p class=\"p1\"><b>2. \u00bfCon qu\u00e9 finalidad tratamos sus datos personales?<\/b><\/p><p class=\"p1\">En INVOLVE IBERICA SL tratamos la informaci\u00f3n que nos facilitan las personas interesadas con el fin de realizar la gesti\u00f3n administrativa, contable y fiscal de los servicios solicitados, as\u00ed como enviar comunicaciones promocionales sobre nuestros productos y servicios. En el caso de que no facilite sus datos personales, no podremos cumplir con las finalidades descritas.<\/p><p class=\"p1\">No se van a tomar decisiones automatizadas en base a los datos proporcionados.<\/p><p class=\"p1\"><b>3. \u00bfPor cu\u00e1nto tiempo conservaremos sus datos?<\/b><\/p><p class=\"p1\">Los datos se conservar\u00e1n mientras el interesado no solicite su supresi\u00f3n, y en su caso, durante los a\u00f1os necesarios para cumplir con las obligaciones legales.<\/p><p class=\"p1\"><b>4. \u00bfCu\u00e1l es la legitimaci\u00f3n para el tratamiento de sus datos?<\/b><\/p><p class=\"p1\">Le indicamos la base legal para el tratamiento de sus datos:<\/p><ul class=\"ul1\"><li class=\"li1\">Ejecuci\u00f3n de un contrato: Gesti\u00f3n fiscal, contable y administrativa de clientes. (RGPD art. 6.1.b).<\/li><li class=\"li1\">Inter\u00e9s leg\u00edtimo del Responsable: Env\u00edo de comunicaciones promocionales incluso por v\u00eda electr\u00f3nica. (RGPD Considerando 47, LSSICE art. 21.2).<\/li><\/ul><p class=\"p1\"><b>5. \u00bfA qu\u00e9 destinatarios se comunicar\u00e1n sus datos?<\/b><\/p><p class=\"p1\">Los datos se comunicar\u00e1n a los siguientes destinatarios:<\/p><ul class=\"ul1\"><li class=\"li1\">Administraci\u00f3n Tributaria, con la finalidad de cumplir con las obligaciones legales (requisito legal).<\/li><li class=\"li1\">Entidades financieras, con la finalidad de girar los recibos correspondientes (requisito contractual).<\/li><\/ul><p class=\"p1\"><b>6. Transferencias de datos a terceros pa\u00edses<\/b><\/p><p class=\"p1\">No est\u00e1n previstas transferencias de datos a terceros pa\u00edses.<\/p><p class=\"p1\"><b>7. \u00bfCu\u00e1les son sus derechos cuando nos facilita sus datos?<\/b><\/p><p class=\"p1\">Cualquier persona tiene derecho a obtener confirmaci\u00f3n sobre si en INVOLVE IBERICA SL estamos tratando, o no, datos personales que les conciernan.<\/p><p class=\"p1\">Las personas interesadas tienen derecho a acceder a sus datos personales, as\u00ed como a solicitar la rectificaci\u00f3n de los datos inexactos o, en su caso, solicitar su supresi\u00f3n cuando, entre otros motivos, los datos ya no sean necesarios para los fines que fueron recogidos. Igualmente tiene derecho a la portabilidad de sus datos.<\/p><p class=\"p1\">En determinadas circunstancias, los interesados podr\u00e1n solicitar la limitaci\u00f3n del tratamiento de sus datos, en cuyo caso \u00fanicamente los conservaremos para el ejercicio o la defensa de reclamaciones.<\/p><p class=\"p1\">En determinadas circunstancias y por motivos relacionados con su situaci\u00f3n particular, los interesados podr\u00e1n oponerse al tratamiento de sus datos. En este caso, INVOLVE IBERICA SL dejar\u00e1 de tratar los datos, salvo por motivos leg\u00edtimos imperiosos, o el ejercicio o la defensa de posibles reclamaciones.<\/p><p class=\"p1\">Podr\u00e1 ejercitar materialmente sus derechos de la siguiente forma: dirigi\u00e9ndose a contacto@involverh.es o Paseo de la Castellana 95, Planta 15, 28043 Madrid.<\/p><p class=\"p1\">Cuando se realice el env\u00edo de comunicaciones comerciales utilizando como base jur\u00eddica el inter\u00e9s leg\u00edtimo del responsable, el interesado podr\u00e1 oponerse al tratamiento de sus datos con ese fin.<\/p><p class=\"p1\">Si ha otorgado su consentimiento para alguna finalidad concreta, tiene derecho a retirar el consentimiento otorgado en cualquier momento, sin que ello afecte a la licitud del tratamiento basado en el consentimiento previo a su retirada.<\/p><p class=\"p1\">En caso de que sienta vulnerados sus derechos en lo concerniente a la protecci\u00f3n de sus datos personales, especialmente cuando no haya obtenido satisfacci\u00f3n en el ejercicio de sus derechos, puede presentar una reclamaci\u00f3n ante la Autoridad de Control en materia de Protecci\u00f3n de Datos competente a trav\u00e9s de su sitio web: www.aepd.es.<\/p><p class=\"p1\"><b>8. \u00bfC\u00f3mo hemos obtenido sus datos?<\/b><\/p><p class=\"p1\">Los datos personales que tratamos en INVOLVE IBERICA SL proceden de: El propio interesado.<\/p><p class=\"p1\"><b>Tratamiento de los datos de potenciales clientes y contactos<\/b><\/p><table class=\"t1\" cellspacing=\"0\" cellpadding=\"0\"><tbody><tr><td class=\"td1\" valign=\"top\"><p class=\"p2\"><b>Informaci\u00f3n b\u00e1sica sobre Protecci\u00f3n de datos<\/b><\/p><\/td><td class=\"td1\" valign=\"top\">\u00a0<\/td><\/tr><tr><td class=\"td1\" valign=\"top\"><p class=\"p1\"><b>Responsable:<\/b><\/p><\/td><td class=\"td1\" valign=\"top\"><p class=\"p1\">INVOLVE IBERICA SL<\/p><\/td><\/tr><tr><td class=\"td1\" valign=\"top\"><p class=\"p1\"><b>Finalidad:<\/b><\/p><\/td><td class=\"td1\" valign=\"top\"><p class=\"p1\">Atender su solicitud y enviarle comunicaciones promocionales<\/p><\/td><\/tr><tr><td class=\"td1\" valign=\"top\"><p class=\"p1\"><b>Legitimaci\u00f3n:<\/b><\/p><\/td><td class=\"td1\" valign=\"top\"><p class=\"p1\">Ejecuci\u00f3n de un contrato.<\/p><p class=\"p1\">Consentimiento del interesado.<\/p><p class=\"p1\">Inter\u00e9s leg\u00edtimo del Responsable.<\/p><\/td><\/tr><tr><td class=\"td1\" valign=\"top\"><p class=\"p1\"><b>Destinatarios:<\/b><\/p><\/td><td class=\"td1\" valign=\"top\"><p class=\"p1\">No se ceder\u00e1n datos a terceros, salvo obligaci\u00f3n legal.<\/p><\/td><\/tr><tr><td class=\"td1\" valign=\"top\"><p class=\"p1\"><b>Derechos:<\/b><\/p><\/td><td class=\"td1\" valign=\"top\"><p class=\"p1\">Tiene derecho a acceder, rectificar y suprimir los datos, as\u00ed como otros derechos, indicados en la informaci\u00f3n adicional, que puede ejercer dirigi\u00e9ndose a contacto@involverh.es o Paseo de la Castellana 95, Planta 15, 28043 Madrid.<\/p><\/td><\/tr><tr><td class=\"td1\" valign=\"top\"><p class=\"p1\"><b>Procedencia:<\/b><\/p><\/td><td class=\"td1\" valign=\"top\"><p class=\"p1\">El propio interesado<\/p><\/td><\/tr><\/tbody><\/table><p class=\"p1\"><b>\u00a0<\/b><\/p><p class=\"p1\"><b>Informaci\u00f3n completa sobre Protecci\u00f3n de Datos<\/b><\/p><p class=\"p1\"><b>1. \u00bfQui\u00e9n es el responsable del tratamiento de sus datos?<\/b><\/p><p class=\"p1\">INVOLVE IBERICA SL<\/p><p class=\"p1\">B67841775<\/p><p class=\"p1\">CALLE ORENSE, N\u00daMERO 81, PLANTA CUATRO, \u2013 28020 \u2013 MADRID<\/p><p class=\"p1\">+34 602 22 42 22<\/p><p class=\"p1\">contacto@involverh.es<\/p><p class=\"p1\"><b><i>1.1 Datos de contacto del Delegado de Protecci\u00f3n de Datos (DPD):<\/i><\/b><\/p><p class=\"p1\">Victor Manuel Trujillo<\/p><p class=\"p1\">Paseo de la Castellana 95, Planta 15, 28043 Madrid<\/p><p class=\"p1\">contacto@involverh.es<\/p><p class=\"p1\"><b>2. \u00bfCon qu\u00e9 finalidad tratamos sus datos personales?<\/b><\/p><p class=\"p1\">En INVOLVE IBERICA SL tratamos la informaci\u00f3n que nos facilitan las personas interesadas con el fin de realizar la gesti\u00f3n de potenciales clientes que se han interesado sobre nuestros productos y\/o servicios, as\u00ed como otros contactos comerciales y realizar, en su caso, el env\u00edo de comunicaciones promocionales, inclusive por v\u00eda electr\u00f3nica. En el caso de que no facilite sus datos personales, no podremos cumplir con las finalidades descritas.<\/p><p class=\"p1\">No se van a tomar decisiones automatizadas en base a los datos proporcionados.<\/p><p class=\"p1\"><b>3. \u00bfPor cu\u00e1nto tiempo conservaremos sus datos?<\/b><\/p><p class=\"p1\">Los datos se conservar\u00e1n mientras el interesado no solicite su supresi\u00f3n.<\/p><p class=\"p1\"><b>4. \u00bfCu\u00e1l es la legitimaci\u00f3n para el tratamiento de sus datos?<\/b><\/p><p class=\"p1\">Le indicamos la base legal para el tratamiento de sus datos:<\/p><ul class=\"ul1\"><li class=\"li1\">Ejecuci\u00f3n de un contrato: Gesti\u00f3n de potenciales clientes que se han interesado sobre nuestros productos y\/o servicios. (RGPD, art. 6.1.b).<\/li><li class=\"li1\">Consentimiento del interesado: Enviar comunicaciones promocionales, inclusive por v\u00eda electr\u00f3nica. (RGPD, art. 6.1.a, LSSICE art.21).<\/li><li class=\"li1\">Inter\u00e9s leg\u00edtimo del Responsable: Gesti\u00f3n de los datos de contacto profesionales (LOPDGDD art.19, RGPD art. 6.1.f).<\/li><\/ul><p class=\"p1\"><b>5. \u00bfA qu\u00e9 destinatarios se comunicar\u00e1n sus datos?<\/b><\/p><p class=\"p1\">No se ceder\u00e1n datos a terceros, salvo obligaci\u00f3n legal.<\/p><p class=\"p1\"><b>6. Transferencias de datos a terceros pa\u00edses<\/b><\/p><p class=\"p1\">No est\u00e1n previstas transferencias de datos a terceros pa\u00edses.<\/p><p class=\"p1\"><b>7. \u00bfCu\u00e1les son sus derechos cuando nos facilita sus datos?<\/b><\/p><p class=\"p1\">Cualquier persona tiene derecho a obtener confirmaci\u00f3n sobre si en INVOLVE IBERICA SL estamos tratando, o no, datos personales que les conciernan.<\/p><p class=\"p1\">Las personas interesadas tienen derecho a acceder a sus datos personales, as\u00ed como a solicitar la rectificaci\u00f3n de los datos inexactos o, en su caso, solicitar su supresi\u00f3n cuando, entre otros motivos, los datos ya no sean necesarios para los fines que fueron recogidos. Igualmente tiene derecho a la portabilidad de sus datos.<\/p><p class=\"p1\">En determinadas circunstancias, los interesados podr\u00e1n solicitar la limitaci\u00f3n del tratamiento de sus datos, en cuyo caso \u00fanicamente los conservaremos para el ejercicio o la defensa de reclamaciones.<\/p><p class=\"p1\">En determinadas circunstancias y por motivos relacionados con su situaci\u00f3n particular, los interesados podr\u00e1n oponerse al tratamiento de sus datos. En este caso, INVOLVE IBERICA SL dejar\u00e1 de tratar los datos, salvo por motivos leg\u00edtimos imperiosos, o el ejercicio o la defensa de posibles reclamaciones.<\/p><p class=\"p1\">Podr\u00e1 ejercitar materialmente sus derechos de la siguiente forma: dirigi\u00e9ndose a contacto@involverh.es o Paseo de la Castellana 95, Planta 15, 28043 Madrid.<\/p><p class=\"p1\">Cuando se realice el env\u00edo de comunicaciones comerciales utilizando como base jur\u00eddica el inter\u00e9s leg\u00edtimo del responsable, el interesado podr\u00e1 oponerse al tratamiento de sus datos con ese fin.<\/p><p class=\"p1\">Si ha otorgado su consentimiento para alguna finalidad concreta, tiene derecho a retirar el consentimiento otorgado en cualquier momento, sin que ello afecte a la licitud del tratamiento basado en el consentimiento previo a su retirada.<\/p><p class=\"p1\">En caso de que sienta vulnerados sus derechos en lo concerniente a la protecci\u00f3n de sus datos personales, especialmente cuando no haya obtenido satisfacci\u00f3n en el ejercicio de sus derechos, puede presentar una reclamaci\u00f3n ante la Autoridad de Control en materia de Protecci\u00f3n de Datos competente a trav\u00e9s de su sitio web: www.aepd.es.<\/p><p class=\"p1\"><b>8. \u00bfC\u00f3mo hemos obtenido sus datos?<\/b><\/p><p class=\"p1\">Los datos personales que tratamos en INVOLVE IBERICA SL proceden de: El propio interesado.<\/p><p class=\"p1\"><b>Tratamiento de los datos de suscriptores a la newsletter<\/b><\/p><table class=\"t1\" cellspacing=\"0\" cellpadding=\"0\"><tbody><tr><td class=\"td1\" valign=\"top\"><p class=\"p2\"><b>Informaci\u00f3n b\u00e1sica sobre Protecci\u00f3n de datos<\/b><\/p><\/td><td class=\"td1\" valign=\"top\">\u00a0<\/td><\/tr><tr><td class=\"td1\" valign=\"top\"><p class=\"p1\"><b>Responsable:<\/b><\/p><\/td><td class=\"td1\" valign=\"top\"><p class=\"p1\">INVOLVE IBERICA SL<\/p><\/td><\/tr><tr><td class=\"td1\" valign=\"top\"><p class=\"p1\"><b>Finalidad:<\/b><\/p><\/td><td class=\"td1\" valign=\"top\"><p class=\"p1\">Mandarle nuestra newsletter y otras comunicaciones promocionales de inter\u00e9s<\/p><\/td><\/tr><tr><td class=\"td1\" valign=\"top\"><p class=\"p1\"><b>Legitimaci\u00f3n:<\/b><\/p><\/td><td class=\"td1\" valign=\"top\"><p class=\"p1\">Consentimiento del interesado.<\/p><\/td><\/tr><tr><td class=\"td1\" valign=\"top\"><p class=\"p1\"><b>Destinatarios:<\/b><\/p><\/td><td class=\"td1\" valign=\"top\"><p class=\"p1\">No se ceder\u00e1n datos a terceros, salvo obligaci\u00f3n legal.<\/p><\/td><\/tr><tr><td class=\"td1\" valign=\"top\"><p class=\"p1\"><b>Derechos:<\/b><\/p><\/td><td class=\"td1\" valign=\"top\"><p class=\"p1\">Tiene derecho a acceder, rectificar y suprimir los datos, as\u00ed como otros derechos, indicados en la informaci\u00f3n adicional, que puede ejercer dirigi\u00e9ndose a contacto@involverh.es o Paseo de la Castellana 95, Planta 15, 28043 Madrid.<\/p><\/td><\/tr><tr><td class=\"td1\" valign=\"top\"><p class=\"p1\"><b>Procedencia:<\/b><\/p><\/td><td class=\"td1\" valign=\"top\"><p class=\"p1\">El propio interesado<\/p><\/td><\/tr><\/tbody><\/table><p class=\"p1\"><b>\u00a0<\/b><\/p><p class=\"p1\"><b>Informaci\u00f3n completa sobre Protecci\u00f3n de Datos<\/b><\/p><p class=\"p1\"><b>1. \u00bfQui\u00e9n es el responsable del tratamiento de sus datos?<\/b><\/p><p class=\"p1\">INVOLVE IBERICA SL<\/p><p class=\"p1\">B67841775<\/p><p class=\"p1\">CALLE ORENSE, N\u00daMERO 81, PLANTA CUATRO, \u2013 28020 \u2013 MADRID<\/p><p class=\"p1\">+34 602 22 42 22<\/p><p class=\"p1\">contacto@involverh.es<\/p><p class=\"p1\"><b><i>1.1 Datos de contacto del Delegado de Protecci\u00f3n de Datos (DPD):<\/i><\/b><\/p><p class=\"p1\">Victor Manuel Trujillo<\/p><p class=\"p1\">Paseo de la Castellana 95, Planta 15, 28043 Madrid<\/p><p class=\"p1\">contacto@involverh.es<\/p><p class=\"p1\"><b>2. \u00bfCon qu\u00e9 finalidad tratamos sus datos personales?<\/b><\/p><p class=\"p1\">En INVOLVE IBERICA SL tratamos la informaci\u00f3n que nos facilitan las personas interesadas con el fin de realizar el env\u00edo de nuestra newsletter y otras comunicaciones promocionales de inter\u00e9s para los suscriptores a la misma. En el caso de que no facilite sus datos personales, no podremos cumplir con las finalidades descritas.<\/p><p class=\"p1\">No se van a tomar decisiones automatizadas en base a los datos proporcionados.<\/p><p class=\"p1\"><b>3. \u00bfPor cu\u00e1nto tiempo conservaremos sus datos?<\/b><\/p><p class=\"p1\">Los datos se conservar\u00e1n mientras el interesado no solicite su supresi\u00f3n.<\/p><p class=\"p1\"><b>4. \u00bfCu\u00e1l es la legitimaci\u00f3n para el tratamiento de sus datos?<\/b><\/p><p class=\"p1\">Le indicamos la base legal para el tratamiento de sus datos:<\/p><ul class=\"ul1\"><li class=\"li1\">Consentimiento del interesado: realizar el env\u00edo de nuestra newsletter y otras comunicaciones promocionales de inter\u00e9s para los suscriptores a la misma (RGPD, art. 6.1.a, y LSSICE art.21)<\/li><\/ul><p class=\"p1\"><b>5. \u00bfA qu\u00e9 destinatarios se comunicar\u00e1n sus datos?<\/b><\/p><p class=\"p1\">No se ceder\u00e1n datos a terceros, salvo obligaci\u00f3n legal.<\/p><p class=\"p1\"><b>6. Transferencias de datos a terceros pa\u00edses<\/b><\/p><p class=\"p1\">No est\u00e1n previstas transferencias de datos a terceros pa\u00edses.<\/p><p class=\"p1\"><b>7. \u00bfCu\u00e1les son sus derechos cuando nos facilita sus datos?<\/b><\/p><p class=\"p1\">Cualquier persona tiene derecho a obtener confirmaci\u00f3n sobre si en INVOLVE IBERICA SL estamos tratando, o no, datos personales que les conciernan.<\/p><p class=\"p1\">Las personas interesadas tienen derecho a acceder a sus datos personales, as\u00ed como a solicitar la rectificaci\u00f3n de los datos inexactos o, en su caso, solicitar su supresi\u00f3n cuando, entre otros motivos, los datos ya no sean necesarios para los fines que fueron recogidos. Igualmente tiene derecho a la portabilidad de sus datos.<\/p><p class=\"p1\">En determinadas circunstancias, los interesados podr\u00e1n solicitar la limitaci\u00f3n del tratamiento de sus datos, en cuyo caso \u00fanicamente los conservaremos para el ejercicio o la defensa de reclamaciones.<\/p><p class=\"p1\">En determinadas circunstancias y por motivos relacionados con su situaci\u00f3n particular, los interesados podr\u00e1n oponerse al tratamiento de sus datos. En este caso, INVOLVE IBERICA SL dejar\u00e1 de tratar los datos, salvo por motivos leg\u00edtimos imperiosos, o el ejercicio o la defensa de posibles reclamaciones.<\/p><p class=\"p1\">Podr\u00e1 ejercitar materialmente sus derechos de la siguiente forma: dirigi\u00e9ndose a contacto@involverh.es o Paseo de la Castellana 95, Planta 15, 28043 Madrid.<\/p><p class=\"p1\">Cuando se realice el env\u00edo de comunicaciones comerciales utilizando como base jur\u00eddica el inter\u00e9s leg\u00edtimo del responsable, el interesado podr\u00e1 oponerse al tratamiento de sus datos con ese fin.<\/p><p class=\"p1\">Si ha otorgado su consentimiento para alguna finalidad concreta, tiene derecho a retirar el consentimiento otorgado en cualquier momento, sin que ello afecte a la licitud del tratamiento basado en el consentimiento previo a su retirada.<\/p><p class=\"p1\">En caso de que sienta vulnerados sus derechos en lo concerniente a la protecci\u00f3n de sus datos personales, especialmente cuando no haya obtenido satisfacci\u00f3n en el ejercicio de sus derechos, puede presentar una reclamaci\u00f3n ante la Autoridad de Control en materia de Protecci\u00f3n de Datos competente a trav\u00e9s de su sitio web: www.aepd.es.<\/p><p class=\"p1\"><b>8. \u00bfC\u00f3mo hemos obtenido sus datos?<\/b><\/p><p class=\"p1\">Los datos personales que tratamos en INVOLVE IBERICA SL proceden de: El propio interesado.<\/p><p class=\"p1\">Las categor\u00edas de datos que se tratan son:<\/p><ul class=\"ul1\"><li class=\"li1\">Direcciones postales y electr\u00f3nicas.<\/li><\/ul><p class=\"p1\"><b>Tratamiento de los datos de usuarios de la plataforma con cuenta creada<\/b><\/p><table class=\"t1\" cellspacing=\"0\" cellpadding=\"0\"><tbody><tr><td class=\"td1\" valign=\"top\"><p class=\"p2\"><b>Informaci\u00f3n b\u00e1sica sobre Protecci\u00f3n de datos<\/b><\/p><\/td><td class=\"td1\" valign=\"top\">\u00a0<\/td><\/tr><tr><td class=\"td1\" valign=\"top\"><p class=\"p1\"><b>Responsable:<\/b><\/p><\/td><td class=\"td1\" valign=\"top\"><p class=\"p1\">INVOLVE IBERICA SL<\/p><\/td><\/tr><tr><td class=\"td1\" valign=\"top\"><p class=\"p1\"><b>Finalidad:<\/b><\/p><\/td><td class=\"td1\" valign=\"top\"><p class=\"p1\">Atender su solicitud y enviarle comunicaciones relacionadas con la misma<\/p><\/td><\/tr><tr><td class=\"td1\" valign=\"top\"><p class=\"p1\"><b>Legitimaci\u00f3n:<\/b><\/p><\/td><td class=\"td1\" valign=\"top\"><p class=\"p1\">Ejecuci\u00f3n de un contrato.<\/p><p class=\"p1\">Consentimiento del interesado.<\/p><p class=\"p1\">Inter\u00e9s leg\u00edtimo del Responsable.<\/p><\/td><\/tr><tr><td class=\"td1\" valign=\"top\"><p class=\"p1\"><b>Destinatarios:<\/b><\/p><\/td><td class=\"td1\" valign=\"top\"><p class=\"p1\">Est\u00e1n previstas cesiones de datos a: Empresas clientes de la plataforma que publican vacantes a los que los interesados responden..<\/p><\/td><\/tr><tr><td class=\"td1\" valign=\"top\"><p class=\"p1\"><b>Derechos:<\/b><\/p><\/td><td class=\"td1\" valign=\"top\"><p class=\"p1\">Tiene derecho a acceder, rectificar y suprimir los datos, as\u00ed como otros derechos, indicados en la informaci\u00f3n adicional, que puede ejercer dirigi\u00e9ndose a contacto@involverh.es o Paseo de la Castellana 95, Planta 15, 28043 Madrid.<\/p><\/td><\/tr><tr><td class=\"td1\" valign=\"top\"><p class=\"p1\"><b>Procedencia:<\/b><\/p><\/td><td class=\"td1\" valign=\"top\"><p class=\"p1\">El propio interesado<\/p><\/td><\/tr><\/tbody><\/table><p class=\"p1\"><b>\u00a0<\/b><\/p><p class=\"p1\">Informaci\u00f3n completa sobre Protecci\u00f3n de Datos<\/p><p class=\"p1\"><b>1. \u00bfQui\u00e9n es el responsable del tratamiento de sus datos?<\/b><\/p><p class=\"p1\">INVOLVE IBERICA SL<\/p><p class=\"p1\">B67841775<\/p><p class=\"p1\">CALLE ORENSE, N\u00daMERO 81, PLANTA CUATRO, \u2013 28020 \u2013 MADRID<\/p><p class=\"p1\">+34 602 22 42 22<\/p><p class=\"p1\">contacto@involverh.es<\/p><p class=\"p1\"><b>1.1 Datos de contacto del Delegado de Protecci\u00f3n de Datos (DPD):<\/b><\/p><p class=\"p1\">Victor Manuel Trujillo<\/p><p class=\"p1\">Paseo de la Castellana 95, Planta 15, 28043 Madrid<\/p><p class=\"p1\">contacto@involverh.es<\/p><p class=\"p1\"><b>2. \u00bfCon qu\u00e9 finalidad tratamos sus datos personales?<\/b><\/p><p class=\"p1\">En INVOLVE IBERICA SL tratamos la informaci\u00f3n que nos facilitan las personas interesadas con el fin de realizar la gesti\u00f3n de potenciales empleados que se han interesado sobre las vacantes publicadas por los clientes de la plataforma,\u00a0 en su caso, el env\u00edo de comunicaciones relacionadas con los procesos de selecci\u00f3n, inclusive por v\u00eda electr\u00f3nica. En el caso de que no facilite sus datos personales, no podremos cumplir con las finalidades descritas.<\/p><p class=\"p1\">No se van a tomar decisiones automatizadas en base a los datos proporcionados.<\/p><p class=\"p1\"><b>3. \u00bfPor cu\u00e1nto tiempo conservaremos sus datos?<\/b><\/p><p class=\"p1\">Los datos se conservar\u00e1n mientras el interesado no solicite su supresi\u00f3n.<\/p><p class=\"p1\"><b>4. \u00bfCu\u00e1l es la legitimaci\u00f3n para el tratamiento de sus datos?<\/b><\/p><p class=\"p1\">Le indicamos la base legal para el tratamiento de sus datos:<\/p><ul class=\"ul1\"><li class=\"li1\">Ejecuci\u00f3n de un contrato: Gesti\u00f3n de potenciales empleados que se han interesado sobre las vacantes publicadas en la plataforma. (RGPD, art. 6.1.b).<\/li><li class=\"li1\">Consentimiento del interesado: Enviar de comunicaciones informativas, inclusive por v\u00eda electr\u00f3nica. (RGPD, art. 6.1.a, LSSICE art.21).<\/li><li class=\"li1\">Inter\u00e9s leg\u00edtimo del Responsable: Gesti\u00f3n de los datos de contacto profesionales en el caso de procesos de selecci\u00f3n internos (LOPDGDD art.19, RGPD art. 6.1.f).<\/li><\/ul><p class=\"p1\"><b>5. \u00bfA qu\u00e9 destinatarios se comunicar\u00e1n sus datos?<\/b><\/p><p class=\"p1\">Los datos se comunicar\u00e1n a los siguientes destinatarios:<\/p><ul class=\"ul1\"><li class=\"li1\">Empresas clientes de la plataforma que publican vacantes a los que los interesados responden., con la finalidad de atender la solicitud del usuario de la plataforma de participar en el proceso de selecci\u00f3n.<\/li><\/ul><p class=\"p1\"><b>6. Transferencias de datos a terceros pa\u00edses<\/b><\/p><p class=\"p1\">No est\u00e1n previstas transferencias de datos a terceros pa\u00edses.<\/p><p class=\"p1\"><b>7. \u00bfCu\u00e1les son sus derechos cuando nos facilita sus datos?<\/b><\/p><p class=\"p1\">Cualquier persona tiene derecho a obtener confirmaci\u00f3n sobre si en INVOLVE IBERICA SL estamos tratando, o no, datos personales que les conciernan.<\/p><p class=\"p1\">Las personas interesadas tienen derecho a acceder a sus datos personales, as\u00ed como a solicitar la rectificaci\u00f3n de los datos inexactos o, en su caso, solicitar su supresi\u00f3n cuando, entre otros motivos, los datos ya no sean necesarios para los fines que fueron recogidos. Igualmente tiene derecho a la portabilidad de sus datos.<\/p><p class=\"p1\">En determinadas circunstancias, los interesados podr\u00e1n solicitar la limitaci\u00f3n del tratamiento de sus datos, en cuyo caso \u00fanicamente los conservaremos para el ejercicio o la defensa de reclamaciones.<\/p><p class=\"p1\">En determinadas circunstancias y por motivos relacionados con su situaci\u00f3n particular, los interesados podr\u00e1n oponerse al tratamiento de sus datos. En este caso, INVOLVE IBERICA SL dejar\u00e1 de tratar los datos, salvo por motivos leg\u00edtimos imperiosos, o el ejercicio o la defensa de posibles reclamaciones.<\/p><p class=\"p1\">Podr\u00e1 ejercitar materialmente sus derechos de la siguiente forma: dirigi\u00e9ndose a contacto@involverh.es o Paseo de la Castellana 95, Planta 15, 28043 Madrid.<\/p><p class=\"p1\">Cuando se realice el env\u00edo de comunicaciones comerciales utilizando como base jur\u00eddica el inter\u00e9s leg\u00edtimo del responsable, el interesado podr\u00e1 oponerse al tratamiento de sus datos con ese fin.<\/p><p class=\"p1\">Si ha otorgado su consentimiento para alguna finalidad concreta, tiene derecho a retirar el consentimiento otorgado en cualquier momento, sin que ello afecte a la licitud del tratamiento basado en el consentimiento previo a su retirada.<\/p><p class=\"p1\">En caso de que sienta vulnerados sus derechos en lo concerniente a la protecci\u00f3n de sus datos personales, especialmente cuando no haya obtenido satisfacci\u00f3n en el ejercicio de sus derechos, puede presentar una reclamaci\u00f3n ante la Autoridad de Control en materia de Protecci\u00f3n de Datos competente a trav\u00e9s de su sitio web: www.aepd.es.<\/p><p class=\"p1\"><b>8. \u00bfC\u00f3mo hemos obtenido sus datos?<\/b><\/p><p class=\"p1\">Los datos personales que tratamos en INVOLVE IBERICA SL proceden de: El propio interesado.<\/p><p class=\"p1\">Las categor\u00edas de datos que se tratan son:<\/p><ul class=\"ul1\"><li class=\"li1\">Datos identificativos.<\/li><li class=\"li1\">Datos econ\u00f3micos.<\/li><\/ul><p class=\"p1\"><b>Tratamiento de los datos para el ejercicio de los derechos de los interesados<\/b><\/p><table class=\"t1\" cellspacing=\"0\" cellpadding=\"0\"><tbody><tr><td class=\"td1\" valign=\"top\"><p class=\"p2\"><b>Informaci\u00f3n b\u00e1sica sobre Protecci\u00f3n de datos<\/b><\/p><\/td><td class=\"td1\" valign=\"top\">\u00a0<\/td><\/tr><tr><td class=\"td1\" valign=\"top\"><p class=\"p1\"><b>Responsable:<\/b><\/p><\/td><td class=\"td1\" valign=\"top\"><p class=\"p1\">INVOLVE IBERICA SL<\/p><\/td><\/tr><tr><td class=\"td1\" valign=\"top\"><p class=\"p1\"><b>Finalidad:<\/b><\/p><\/td><td class=\"td1\" valign=\"top\"><p class=\"p1\">Gestionar y atender las solicitudes de los interesados en el ejercicio de los derechos establecidos en la normativa de protecci\u00f3n de datos.<\/p><\/td><\/tr><tr><td class=\"td1\" valign=\"top\"><p class=\"p1\"><b>Legitimaci\u00f3n:<\/b><\/p><\/td><td class=\"td1\" valign=\"top\"><p class=\"p1\">Cumplimiento de una obligaci\u00f3n legal.<\/p><\/td><\/tr><tr><td class=\"td1\" valign=\"top\"><p class=\"p1\"><b>Destinatarios:<\/b><\/p><\/td><td class=\"td1\" valign=\"top\"><p class=\"p1\">Est\u00e1n previstas cesiones de datos a: Autoridades de control, Organismos de la administraci\u00f3n p\u00fablica y Defensor del Pueblo, en su caso..<\/p><\/td><\/tr><tr><td class=\"td1\" valign=\"top\"><p class=\"p1\"><b>Derechos:<\/b><\/p><\/td><td class=\"td1\" valign=\"top\"><p class=\"p1\">Tiene derecho a acceder, rectificar y suprimir los datos, as\u00ed como otros derechos, indicados en la informaci\u00f3n adicional, que puede ejercer dirigi\u00e9ndose a contacto@involverh.es o Paseo de la Castellana 95, Planta 15, 28043 Madrid.<\/p><\/td><\/tr><tr><td class=\"td1\" valign=\"top\"><p class=\"p1\"><b>Procedencia:<\/b><\/p><\/td><td class=\"td1\" valign=\"top\"><p class=\"p1\">El propio interesado<\/p><\/td><\/tr><\/tbody><\/table><p class=\"p1\"><b>\u00a0<\/b><\/p><p class=\"p1\"><b>Informaci\u00f3n completa sobre Protecci\u00f3n de Datos<\/b><\/p><p class=\"p1\"><b>1. \u00bfQui\u00e9n es el responsable del tratamiento de sus datos?<\/b><\/p><p class=\"p1\">INVOLVE IBERICA SL<\/p><p class=\"p1\">B67841775<\/p><p class=\"p1\">CALLE ORENSE, N\u00daMERO 81, PLANTA CUATRO, \u2013 28020 \u2013 MADRID<\/p><p class=\"p1\">+34 602 22 42 22<\/p><p class=\"p1\">contacto@involverh.es<\/p><p class=\"p1\"><b><i>1.1 Datos de contacto del Delegado de Protecci\u00f3n de Datos (DPD):<\/i><\/b><\/p><p class=\"p1\">Victor Manuel Trujillo<\/p><p class=\"p1\">Paseo de la Castellana 95, Planta 15, 28043 Madrid<\/p><p class=\"p1\">contacto@involverh.es<\/p><p class=\"p1\"><b>2. \u00bfCon qu\u00e9 finalidad tratamos sus datos personales?<\/b><\/p><p class=\"p1\">En INVOLVE IBERICA SL tratamos la informaci\u00f3n que nos facilitan las personas interesadas con el fin de gestionar y atender las solicitudes de los interesados en el ejercicio de los derechos establecidos en la normativa de protecci\u00f3n de datos. En el caso de que no facilite sus datos personales, no podremos cumplir con las finalidades descritas.<\/p><p class=\"p1\">No se van a tomar decisiones automatizadas en base a los datos proporcionados.<\/p><p class=\"p1\"><b>3. \u00bfPor cu\u00e1nto tiempo conservaremos sus datos?<\/b><\/p><p class=\"p1\">Se conservar\u00e1n durante el tiempo necesario para resolver las solicitudes y al menos durante tres a\u00f1os para atender posibles reclamaciones.<\/p><p class=\"p1\"><b>4. \u00bfCu\u00e1l es la legitimaci\u00f3n para el tratamiento de sus datos?<\/b><\/p><p class=\"p1\">Le indicamos la base legal para el tratamiento de sus datos:<\/p><ul class=\"ul1\"><li class=\"li1\">Cumplimiento de una obligaci\u00f3n legal: gestionar y atender las solicitudes de los interesados en el ejercicio de los derechos establecidos en la normativa de protecci\u00f3n de datos (RGPD, art.6.1.b)<\/li><\/ul><p class=\"p1\"><b>5. \u00bfA qu\u00e9 destinatarios se comunicar\u00e1n sus datos?<\/b><\/p><p class=\"p1\">Los datos se comunicar\u00e1n a los siguientes destinatarios:<\/p><ul class=\"ul1\"><li class=\"li1\">Autoridades de control, Organismos de la administraci\u00f3n p\u00fablica y Defensor del Pueblo, en su caso., con la finalidad de gestionar y atender las solicitudes y las posibles reclamaciones (requisito legal).<\/li><\/ul><p class=\"p1\"><b>6. Transferencias de datos a terceros pa\u00edses<\/b><\/p><p class=\"p1\">No est\u00e1n previstas transferencias de datos a terceros pa\u00edses.<\/p><p class=\"p1\"><b>7. \u00bfCu\u00e1les son sus derechos cuando nos facilita sus datos?<\/b><\/p><p class=\"p1\">Cualquier persona tiene derecho a obtener confirmaci\u00f3n sobre si en INVOLVE IBERICA SL estamos tratando, o no, datos personales que les conciernan.<\/p><p class=\"p1\">Las personas interesadas tienen derecho a acceder a sus datos personales, as\u00ed como a solicitar la rectificaci\u00f3n de los datos inexactos o, en su caso, solicitar su supresi\u00f3n cuando, entre otros motivos, los datos ya no sean necesarios para los fines que fueron recogidos. Igualmente tiene derecho a la portabilidad de sus datos.<\/p><p class=\"p1\">En determinadas circunstancias, los interesados podr\u00e1n solicitar la limitaci\u00f3n del tratamiento de sus datos, en cuyo caso \u00fanicamente los conservaremos para el ejercicio o la defensa de reclamaciones.<\/p><p class=\"p1\">En determinadas circunstancias y por motivos relacionados con su situaci\u00f3n particular, los interesados podr\u00e1n oponerse al tratamiento de sus datos. En este caso, INVOLVE IBERICA SL dejar\u00e1 de tratar los datos, salvo por motivos leg\u00edtimos imperiosos, o el ejercicio o la defensa de posibles reclamaciones.<\/p><p class=\"p1\">Podr\u00e1 ejercitar materialmente sus derechos de la siguiente forma: dirigi\u00e9ndose a contacto@involverh.es o Paseo de la Castellana 95, Planta 15, 28043 Madrid.<\/p><p class=\"p1\">Cuando se realice el env\u00edo de comunicaciones comerciales utilizando como base jur\u00eddica el inter\u00e9s leg\u00edtimo del responsable, el interesado podr\u00e1 oponerse al tratamiento de sus datos con ese fin.<\/p><p class=\"p1\">Si ha otorgado su consentimiento para alguna finalidad concreta, tiene derecho a retirar el consentimiento otorgado en cualquier momento, sin que ello afecte a la licitud del tratamiento basado en el consentimiento previo a su retirada.<\/p><p class=\"p1\">En caso de que sienta vulnerados sus derechos en lo concerniente a la protecci\u00f3n de sus datos personales, especialmente cuando no haya obtenido satisfacci\u00f3n en el ejercicio de sus derechos, puede presentar una reclamaci\u00f3n ante la Autoridad de Control en materia de Protecci\u00f3n de Datos competente a trav\u00e9s de su sitio web: www.aepd.es.<\/p><p class=\"p1\"><b>8. \u00bfC\u00f3mo hemos obtenido sus datos?<\/b><\/p><p class=\"p1\">Los datos personales que tratamos en INVOLVE IBERICA SL proceden de: El propio interesado.<\/p><p class=\"p1\">Las categor\u00edas de datos que se tratan son:<\/p><ul class=\"ul1\"><li class=\"li1\">Datos identificativos.<\/li><\/ul>\t\t\t\t\t\t\t\t<\/div>\n\t\t\t\t<\/div>\n\t\t<div id=\"e-n-tab-content-1070979502\" role=\"tabpanel\" aria-labelledby=\"e-n-tab-title-1070979502\" data-tab-index=\"2\" style=\"--n-tabs-title-order: 2;\" class=\"elementor-element elementor-element-d706f57 e-con-full e-flex e-con e-child\" data-id=\"d706f57\" data-element_type=\"container\" data-e-type=\"container\" data-settings=\"{&quot;_ha_eqh_enable&quot;:false}\">\n\t\t\t\t<div class=\"elementor-element elementor-element-8570632 elementor-widget elementor-widget-text-editor\" data-id=\"8570632\" data-element_type=\"widget\" data-e-type=\"widget\" data-widget_type=\"text-editor.default\">\n\t\t\t\t\t\t\t\t\t<p><span style=\"font-weight: 400;\">El presente aviso se emite en cumplimiento a lo dispuesto en los art\u00edculos 15 y 43 en su fracci\u00f3n III de la Ley Federal de Protecci\u00f3n de Datos Personales en Posesi\u00f3n de los Particulares (LFPDPPP), as\u00ed como el art\u00edculo 23 de su Reglamento.<\/span><\/p><p><b>INVOLVE, S.A. DE C.V.<\/b><span style=\"font-weight: 400;\"> (comercialmente conocido como \u201c<\/span><b>INVOLVE RH<\/b><span style=\"font-weight: 400;\">\u201d) en adelante <\/span><b>INVOLVE RH<\/b><span style=\"font-weight: 400;\">, comprometido con sus usuarios reconoce la necesidad del tratamiento y uso de los datos e informaci\u00f3n que se obtenga con motivo del uso de este sitio web, por lo que usted, (la empresa y\/o las personas que usen el sitio web directa o indirectamente), consienten y aceptan que se den a conocer, sus datos personales, las vacantes, nombre de las empresas, puesto, giro, contraprestaci\u00f3n ofrecida y dem\u00e1s datos generales y personales que proporcionen y nutran informativamente en el sitio web, con el objetivo de brindar perfiles completos registrados, promociones comerciales de bienes o servicios propios o de terceros que consideramos que pueden ser de su inter\u00e9s y otros servicios que brinda <\/span><b>INVOLVE RH<\/b><span style=\"font-weight: 400;\">.<\/span><\/p><p><span style=\"font-weight: 400;\">Antes de proporcionarnos cualquier informaci\u00f3n, deber\u00e1 de leer y comprender cuidadosamente los t\u00e9rminos del presente <\/span><b>Aviso de Privacidad<\/b><span style=\"font-weight: 400;\">, manifestando expresamente su consentimiento al aceptar los mismos, lo que significa que nos dar\u00e1n informaci\u00f3n que m\u00e1s adelante se precisa.<\/span><\/p><h4><b>IDENTIDAD Y DOMICILIO DEL INVOLVE RH.<\/b><\/h4><p><span style=\"font-weight: 400;\">Este documento es el Aviso de Privacidad de <\/span><b>INVOLVE RH<\/b><span style=\"font-weight: 400;\"> (el \u201cresponsable\u201d) quien se\u00f1ala como domicilio el ubicado en: Alcald\u00eda Cuauht\u00e9moc, Ciudad de M\u00e9xico, C.P. 06500.<\/span><\/p><p><b>USUARIOS<\/b><\/p><p><span style=\"font-weight: 400;\">Para efectos del presente Aviso de Privacidad se entender\u00e1 como Usuarios a las dos modalidades con las que podr\u00e1s hacer uso en el sitio web de <\/span><b>INVOLVE RH<\/b><span style=\"font-weight: 400;\">, en adelante el \u201c<\/span><b>Sitio web<\/b><span style=\"font-weight: 400;\">\u201d que son \u201c<\/span><b>Quiero empleo<\/b><span style=\"font-weight: 400;\">\u201d en lo sucesivo el \u201c<\/span><b>Candidato<\/b><span style=\"font-weight: 400;\">\u201d y \u201c<\/span><b>Quiero cubrir mi vacante<\/b><span style=\"font-weight: 400;\">\u201d, en lo sucesivo \u201c<\/span><b>Cliente<\/b><span style=\"font-weight: 400;\">\u201d, los cuales en su conjunto ser\u00e1n<\/span><b> Usuario<\/b><span style=\"font-weight: 400;\">.<\/span><\/p><h4><b>DATOS PERSONALES QUE SER\u00c1N SOMETIDOS A TRATAMIENTO.<\/b><\/h4><p><span style=\"font-weight: 400;\">Los datos personales que Cliente y\/o Candidato proporcionen a trav\u00e9s del Sitio web, para la creaci\u00f3n de su usuario y contrase\u00f1a son:<\/span><\/p><h4><b>PARA REGISTRARSE COMO CANDIDATO:<\/b><\/h4><ol><li style=\"font-weight: 400;\" aria-level=\"1\"><span style=\"font-weight: 400;\">Correo electr\u00f3nico<\/span><\/li><li style=\"font-weight: 400;\" aria-level=\"1\"><span style=\"font-weight: 400;\">Nombre(s)<\/span><\/li><li style=\"font-weight: 400;\" aria-level=\"1\"><span style=\"font-weight: 400;\">Apellido paterno<\/span><\/li><li style=\"font-weight: 400;\" aria-level=\"1\"><span style=\"font-weight: 400;\">Apellido materno<\/span><\/li><li style=\"font-weight: 400;\" aria-level=\"1\"><span style=\"font-weight: 400;\">Fecha de nacimiento<\/span><\/li><li style=\"font-weight: 400;\" aria-level=\"1\"><span style=\"font-weight: 400;\">G\u00e9nero<\/span><\/li><li style=\"font-weight: 400;\" aria-level=\"1\"><span style=\"font-weight: 400;\">N\u00famero telef\u00f3nico<\/span><\/li><li style=\"font-weight: 400;\" aria-level=\"1\"><span style=\"font-weight: 400;\">Estado civil<\/span><\/li><li style=\"font-weight: 400;\" aria-level=\"1\"><span style=\"font-weight: 400;\">Nacionalidad<\/span><\/li><\/ol><p><b>Informaci\u00f3n Laboral:<\/b><\/p><ol><li style=\"font-weight: 400;\" aria-level=\"1\"><span style=\"font-weight: 400;\">Informaci\u00f3n sobre grados acad\u00e9micos<\/span><\/li><li style=\"font-weight: 400;\" aria-level=\"1\"><span style=\"font-weight: 400;\">Lo relativo a historial acad\u00e9mico y laboral;<\/span><\/li><li style=\"font-weight: 400;\" aria-level=\"1\"><span style=\"font-weight: 400;\">Datos relativos a inter\u00e9s en puestos de trabajo;<\/span><\/li><li style=\"font-weight: 400;\" aria-level=\"1\"><span style=\"font-weight: 400;\">Habilidades y capacidades;<\/span><\/li><li style=\"font-weight: 400;\" aria-level=\"1\"><span style=\"font-weight: 400;\">Pretensiones laborales (incluyendo sueldo);<\/span><\/li><li style=\"font-weight: 400;\" aria-level=\"1\"><span style=\"font-weight: 400;\">Curr\u00edculum vitae (los \u201cDatos\u201d).<\/span><\/li><\/ol><p><span style=\"font-weight: 400;\">Para m\u00e1s informaci\u00f3n sobre el perfil de candidato puede consultarlo en la siguiente direcci\u00f3n <\/span><a href=\"https:\/\/talent.involverh.com\/registro-cv\"><span style=\"font-weight: 400;\">https:\/\/talent.involverh.com\/registro-cv<\/span><\/a><\/p><h4><b>PARA REGISTRARSE COMO CLIENTE:<\/b><\/h4><ol><li style=\"font-weight: 400;\" aria-level=\"1\"><span style=\"font-weight: 400;\">Correo electr\u00f3nico<\/span><\/li><li style=\"font-weight: 400;\" aria-level=\"1\"><span style=\"font-weight: 400;\">Nombre(s)<\/span><\/li><li style=\"font-weight: 400;\" aria-level=\"1\"><span style=\"font-weight: 400;\">Apellido paterno<\/span><\/li><li style=\"font-weight: 400;\" aria-level=\"1\"><span style=\"font-weight: 400;\">Apellido materno<\/span><\/li><li style=\"font-weight: 400;\" aria-level=\"1\"><span style=\"font-weight: 400;\">Puesto dentro de la Empresa<\/span><\/li><li style=\"font-weight: 400;\" aria-level=\"1\"><span style=\"font-weight: 400;\">Tel\u00e9fono<\/span><\/li><li style=\"font-weight: 400;\" aria-level=\"1\"><span style=\"font-weight: 400;\">Nombre comercial de la Empresa (raz\u00f3n social)<\/span><\/li><li style=\"font-weight: 400;\" aria-level=\"1\"><span style=\"font-weight: 400;\">Registro Federal de Contribuyentes<\/span><\/li><li style=\"font-weight: 400;\" aria-level=\"1\"><span style=\"font-weight: 400;\">Sector<\/span><\/li><li style=\"font-weight: 400;\" aria-level=\"1\"><span style=\"font-weight: 400;\">Giro<\/span><\/li><li style=\"font-weight: 400;\" aria-level=\"1\"><span style=\"font-weight: 400;\">Tipo de Empresa<\/span><\/li><li style=\"font-weight: 400;\" aria-level=\"1\"><span style=\"font-weight: 400;\">N\u00famero de Empleados<\/span><\/li><li style=\"font-weight: 400;\" aria-level=\"1\"><span style=\"font-weight: 400;\">Sitio web<\/span><\/li><li style=\"font-weight: 400;\" aria-level=\"1\"><span style=\"font-weight: 400;\">Descripci\u00f3n<\/span><\/li><li style=\"font-weight: 400;\" aria-level=\"1\"><span style=\"font-weight: 400;\">Logotipo de Empresa<\/span><\/li><li style=\"font-weight: 400;\" aria-level=\"1\"><span style=\"font-weight: 400;\">C\u00f3digo Postal<\/span><\/li><li style=\"font-weight: 400;\" aria-level=\"1\"><span style=\"font-weight: 400;\">Direcci\u00f3n Fiscal<\/span><\/li><\/ol><p><span style=\"font-weight: 400;\">Si desea conocer m\u00e1s sobre el perfil de Cliente y su tratamiento de datos puede consultarlo en la siguiente direcci\u00f3n <\/span><a href=\"https:\/\/reclutalent.involverh.com\/dashboard\/vacantes\/activas\"><span style=\"font-weight: 400;\">https:\/\/reclutalent.involverh.com\/dashboard\/vacantes\/activas<\/span><\/a><span style=\"font-weight: 400;\">.<\/span><\/p><h4><b>SUS DATOS SER\u00c1N TRATADOS PARA LAS SIGUIENTES FINALIDADES<\/b><\/h4><h4><b>FINALIDADES DE LOS DATOS PROPORCIONADOS COMO CANDIDATO:<\/b><\/h4><ol><li style=\"font-weight: 400;\" aria-level=\"1\"><span style=\"font-weight: 400;\">Creaci\u00f3n de tu perfil como candidato.<\/span><\/li><li style=\"font-weight: 400;\" aria-level=\"1\"><span style=\"font-weight: 400;\">Asesor\u00eda con la creaci\u00f3n de tu perfil como candidato;<\/span><\/li><li style=\"font-weight: 400;\" aria-level=\"1\"><span style=\"font-weight: 400;\">Env\u00edo de tu curr\u00edculo a las empresas que buscan tu perfil o se interesan en el mismo;<\/span><\/li><li style=\"font-weight: 400;\" aria-level=\"1\"><span style=\"font-weight: 400;\">Permitir que las empresas, a trav\u00e9s de una video entrevista conozca m\u00e1s a detalle sobre tus habilidades y formaci\u00f3n laboral.<\/span><\/li><li style=\"font-weight: 400;\" aria-level=\"1\"><span style=\"font-weight: 400;\">Recibir alertas de ofertas laborales que podr\u00edan resultar de tu inter\u00e9s de acuerdo con tu perfil;<\/span><\/li><li style=\"font-weight: 400;\" aria-level=\"1\"><span style=\"font-weight: 400;\">Contactarte para el seguimiento de reportes de ofertas de trabajo que consideres fraudulentas;<\/span><\/li><li style=\"font-weight: 400;\" aria-level=\"1\"><span style=\"font-weight: 400;\">Informarte sobre cambios o nuevos productos y servicios;<\/span><\/li><li style=\"font-weight: 400;\" aria-level=\"1\"><span style=\"font-weight: 400;\">Identificar de forma \u00fanica el comportamiento de los usuarios dentro de la plataforma;<\/span><\/li><li style=\"font-weight: 400;\" aria-level=\"1\"><span style=\"font-weight: 400;\">Obtener reporte psicom\u00e9trico.<\/span><\/li><li style=\"font-weight: 400;\" aria-level=\"1\"><span style=\"font-weight: 400;\">Brindarte asesor\u00eda y soporte t\u00e9cnico.<\/span><\/li><\/ol><h4><b>FINALIDADES DE LOS DATOS PROPORCIONADOS COMO CLIENTE:<\/b><\/h4><ol><li style=\"font-weight: 400;\" aria-level=\"1\"><span style=\"font-weight: 400;\">Creaci\u00f3n de contrase\u00f1a y usuario para poder entrar al sitio web y dar de alta vacantes;<\/span><\/li><li style=\"font-weight: 400;\" aria-level=\"1\"><span style=\"font-weight: 400;\">Contrataci\u00f3n de los servicios ofrecidos por el responsable;<\/span><\/li><li style=\"font-weight: 400;\" aria-level=\"1\"><span style=\"font-weight: 400;\">Emisi\u00f3n de la factura correspondiente;<\/span><\/li><li style=\"font-weight: 400;\" aria-level=\"1\"><span style=\"font-weight: 400;\">Realizar el proceso de cobranza;<\/span><\/li><li style=\"font-weight: 400;\" aria-level=\"1\"><span style=\"font-weight: 400;\">Cumplimiento de los servicios contratados;<\/span><\/li><li style=\"font-weight: 400;\" aria-level=\"1\"><span style=\"font-weight: 400;\">Seguimiento y renovaci\u00f3n de los servicios;<\/span><\/li><li style=\"font-weight: 400;\" aria-level=\"1\"><span style=\"font-weight: 400;\">Contactarte para cualquier problema o reporte de la cuenta;<\/span><\/li><li style=\"font-weight: 400;\" aria-level=\"1\"><span style=\"font-weight: 400;\">Informarte por diversos medios sobre cambios o nuevos productos;<\/span><\/li><li style=\"font-weight: 400;\" aria-level=\"1\"><span style=\"font-weight: 400;\">Procurar un servicio eficiente y proveer una mejor atenci\u00f3n, as\u00ed como para mejorar su experiencia en el uso de ciertos servicios;<\/span><\/li><li style=\"font-weight: 400;\" aria-level=\"1\"><span style=\"font-weight: 400;\">Enviarle y presentarle notificaciones por correo electr\u00f3nico que puedan resultar relevantes o atractivos;<\/span><\/li><li style=\"font-weight: 400;\" aria-level=\"1\"><span style=\"font-weight: 400;\">Hacerle llegar v\u00eda correo electr\u00f3nico, comunicaciones relacionadas con el servicio, bolet\u00edn informativo y art\u00edculos del Blog del responsable;<\/span><\/li><li style=\"font-weight: 400;\" aria-level=\"1\"><span style=\"font-weight: 400;\">Evaluar la calidad del servicio o realizar estudios sobre h\u00e1bitos de consumo.<\/span><\/li><\/ol><h4><b>CONSERVACI\u00d3N DE LOS DATOS.<\/b><\/h4><p><span style=\"font-weight: 400;\">Los datos personales de los Usuarios ser\u00e1n conservados por <\/span><b>INVOLVE RH<\/b><span style=\"font-weight: 400;\"> para las finalidades antes descritas, as\u00ed como mejorar la calidad durante su estancia en la plataforma, durante el tiempo que el usuario est\u00e9 registrado, a menos que usted solicite la supresi\u00f3n de estos mediante el procedimiento establecido en la secci\u00f3n de Cancelaci\u00f3n de Registro de este documento.<\/span><\/p><p><span style=\"font-weight: 400;\">El Usuario no proporcionar\u00e1 en ning\u00fan momento al responsable, alg\u00fan otro dato, distinto a los antes expuestos, es decir, aquellos datos personales \u00edntimos o cuya utilizaci\u00f3n indebida pueda dar origen a discriminaci\u00f3n o conlleve un riesgo grave para el Usuario. El Usuario se obliga a no proporcionar al responsable ninguna informaci\u00f3n relativa a su origen racial o \u00e9tnico, estado de salud presente y\/o futuro, informaci\u00f3n gen\u00e9tica, creencias religiosas, filos\u00f3ficas y\/o morales, afiliaci\u00f3n sindical, opiniones pol\u00edticas y\/o preferencia sexual.<\/span><\/p><p><span style=\"font-weight: 400;\">En caso de que Usted, proporcione datos sensibles a trav\u00e9s de documentos subidos al sitio web y\/o aplicaci\u00f3n m\u00f3vil, o por medio de los formularios, acepta y consiente que los mismos sean tratados conforme a los t\u00e9rminos y condiciones del sitio web y a su Aviso de Privacidad, siendo obligaci\u00f3n del Usuario no proporcionar este tipo de datos en la informaci\u00f3n que sea subida al sitio web y\/o aplicaci\u00f3n m\u00f3vil.<\/span><\/p><h4><b>TRATAMIENTO DE LOS DATOS Y SU NEGATIVA.<\/b><\/h4><p><span style=\"font-weight: 400;\">El responsable estar\u00e1 facultado para dar el tratamiento a los datos recabados, siempre y cuando este tratamiento se haga con relaci\u00f3n a las finalidades se\u00f1aladas en el presente Aviso de Privacidad. El responsable podr\u00e1 realizar dicho tratamiento en tanto no reciba la negativa por parte de Usted.<\/span><\/p><p><span style=\"font-weight: 400;\">A efecto de que el Usuario pueda manifestar su negativa o revocar el consentimiento para el tratamiento de sus datos personales, deber\u00e1 dirigirse al responsable por medio del procedimiento establecido para el ejercicio de los Derechos de Arco en la secci\u00f3n Ejercicio de Derecho de Arco del presente Aviso de Privacidad.<\/span><\/p><p><span style=\"font-weight: 400;\">Es importante que considere que la solicitud de negativa al tratamiento de sus datos, en ciertos casos no podr\u00e1 ser atendida de manera inmediata, puesto que, si subsiste una obligaci\u00f3n legal con el responsable, \u00e9ste tratar\u00e1 sus datos personales hasta culminar con el cumplimiento de esta.<\/span><\/p><p><span style=\"font-weight: 400;\">Asimismo, la revocaci\u00f3n del consentimiento al tratamiento de sus datos implica que no se podr\u00e1 continuar con la prestaci\u00f3n de uso de la plataforma, teniendo como consecuencia la terminaci\u00f3n de estos.<\/span><\/p><h4><b>TRANSFERENCIA DE DATOS.<\/b><\/h4><p><span style=\"font-weight: 400;\">Si al acceder al sitio web fue de su inter\u00e9s, registrase como Candidato, sus datos ser\u00e1n transferidos a terceros, con la finalidad de cumplir con el objetivo para el cual fue creado el sitio web, si deseas saber m\u00e1s sobre la transferencia de tus datos a terceros podr\u00e1s consultarlo dando clic en conocer m\u00e1s entrando a la siguiente liga <\/span><a href=\"https:\/\/talent.involverh.com\/registro-cv\"><span style=\"font-weight: 400;\">https:\/\/talent.involverh.com\/registro-cv<\/span><\/a><span style=\"font-weight: 400;\">.<\/span><\/p><p><span style=\"font-weight: 400;\">Si su registro es como Cliente, el responsable realizar\u00e1 transferencia de sus datos registrados a terceros, ello con la finalidad de cumplir con el servicio y mantener la calidad de este, para m\u00e1s informaci\u00f3n sobre la transferencia de sus datos puede consultarlo en la siguiente (agregar liga)<\/span><\/p><p><b>INVOLVE RH<\/b><span style=\"font-weight: 400;\"> podr\u00e1 transferir sus datos personales en los casos espec\u00edficamente previstos en la Ley.<\/span><\/p><h4><b>EJERCICIO DE LOS DERECHOS ARCO.<\/b><\/h4><p><b>\u00bfEn qu\u00e9 consisten los Derechos de ARCO?<\/b><\/p><ol><li style=\"font-weight: 400;\" aria-level=\"1\"><span style=\"font-weight: 400;\">Acceso. \u2013 Implica conocer en todo momento sus datos personales en posesi\u00f3n de <\/span><b>INVOLVE RH<\/b><span style=\"font-weight: 400;\">, as\u00ed como el Aviso de privacidad correspondiente.<\/span><\/li><li style=\"font-weight: 400;\" aria-level=\"1\"><span style=\"font-weight: 400;\">Rectificaci\u00f3n. \u2013 Si alguno de sus datos es inexacto o incompleto, podr\u00e1 solicitar su modificaci\u00f3n, nuestra \u00e1rea jur\u00eddica <\/span><span style=\"font-weight: 400;\">legal@involverh.com<\/span><span style=\"font-weight: 400;\"> adjuntando la documentaci\u00f3n que acredite dicha correcci\u00f3n.<\/span><\/li><li style=\"font-weight: 400;\" aria-level=\"1\"><span style=\"font-weight: 400;\">Cancelaci\u00f3n. \u2013 Podr\u00e1 requerir cuando as\u00ed lo considere la cancelaci\u00f3n de sus datos y, en caso de ser procedente, su informaci\u00f3n personal entrar\u00e1 en un periodo de bloqueo para proceder posteriormente a su eliminaci\u00f3n. Al entrar a dicho periodo, su informaci\u00f3n ya no podr\u00e1 ser tratada por <\/span><b>INVOLVE RH<\/b><span style=\"font-weight: 400;\">.<\/span><\/li><li style=\"font-weight: 400;\" aria-level=\"1\"><span style=\"font-weight: 400;\">Oposici\u00f3n. \u2013 Podr\u00e1 en todo momento y por causa leg\u00edtima objetar el tratamiento de sus datos personales. Si su solicitud resulta procedente, <\/span><b>INVOLVE RH<\/b><span style=\"font-weight: 400;\"> ya no podr\u00e1 hacer uso de estos.<\/span><\/li><\/ol><p><span style=\"font-weight: 400;\">Usted tendr\u00e1 derecho para solicitar al responsable en cualquier momento el acceso, rectificaci\u00f3n, cancelaci\u00f3n u oposici\u00f3n respecto de sus Datos (los \u201cDerechos ARCO\u201d), para lo cual deber\u00e1 enviar una solicitud al responsable, a la atenci\u00f3n del \u00e1rea de Protecci\u00f3n de Datos Personales, a la siguiente direcci\u00f3n: R\u00edo Lerma #196 Bis, Colonia Cuauht\u00e9moc, C.P. 06500 o al correo electr\u00f3nico: <\/span><span style=\"font-weight: 400;\">legal@involverh.com<\/span><span style=\"font-weight: 400;\">.<\/span><\/p><ol><li style=\"font-weight: 400;\" aria-level=\"1\"><span style=\"font-weight: 400;\">Para ejercer los Derechos ARCO, o para revocar el consentimiento al tratamiento de los datos personales, deber\u00e1 contener y estar acompa\u00f1ada de lo siguiente:<\/span><\/li><li style=\"font-weight: 400;\" aria-level=\"1\"><span style=\"font-weight: 400;\">Nombre,<\/span><\/li><li style=\"font-weight: 400;\" aria-level=\"1\"><span style=\"font-weight: 400;\">Apellido paterno y materno del Usuario;<\/span><\/li><li style=\"font-weight: 400;\" aria-level=\"1\"><span style=\"font-weight: 400;\">Domicilio y\/o correo electr\u00f3nico y\/o cualquier otro medio para comunicarle la respuesta a su solicitud;<\/span><\/li><li style=\"font-weight: 400;\" aria-level=\"1\"><span style=\"font-weight: 400;\">Documentos oficiales que acrediten la identidad o, en su caso, la representaci\u00f3n legal del Usuario.<\/span><\/li><li style=\"font-weight: 400;\" aria-level=\"1\"><span style=\"font-weight: 400;\">Descripci\u00f3n clara y precisa de los Datos respecto de los que se busca ejercer alguno de los derechos antes mencionados, incluyendo si se desea eliminar;<\/span><\/li><li style=\"font-weight: 400;\" aria-level=\"1\"><span style=\"font-weight: 400;\">Cualquier otro elemento o documento que facilite la localizaci\u00f3n de los Datos del Usuario.<\/span><\/li><\/ol><p><span style=\"font-weight: 400;\">Una vez que <\/span><b>INVOLVE RH<\/b><span style=\"font-weight: 400;\"> reciba el escrito del Usuario, referente al ejercicio de sus Derechos ARCO, <\/span><b>INVOLVE RH<\/b><span style=\"font-weight: 400;\"> dentro de los 15 d\u00edas h\u00e1biles tendr\u00e1 que analizar, atender y enviar al Usuario la respuesta correspondiente. El medio del env\u00edo de la respuesta podr\u00e1 ser por la forma en la que el Usuario le indique o utilizando el mismo medio por el cual el Usuario, le hizo llegar el correspondiente escrito al responsable.<\/span><\/p><h4><b>MEDIOS PARA LIMITAR EL USO O DIVULGACI\u00d3N DE LOS DATOS.<\/b><\/h4><p><span style=\"font-weight: 400;\">Para limitar el tratamiento de los datos, el Usuario \u00fanicamente tendr\u00e1 los medios se\u00f1alados en el presente Aviso de Privacidad. Quedar\u00e1 a elecci\u00f3n del Usuario, acudir o solicitar v\u00eda telef\u00f3nica su inscripci\u00f3n al Registro P\u00fablico de Consumidores previsto por la Ley Federal de Protecci\u00f3n al Consumidor, a efecto de limitar el uso de los datos personales en posesi\u00f3n de los particulares.<\/span><\/p><h4><b>CANCELACI\u00d3N DE REGISTRO.<\/b><\/h4><p><span style=\"font-weight: 400;\">Si el Usuario desea cancelar su registro, deber\u00e1 solicitar la eliminaci\u00f3n su registro, debiendo enviar su solicitud de eliminaci\u00f3n al correo electr\u00f3nico a <\/span><span style=\"font-weight: 400;\">legal@lnvolverh.com<\/span><span style=\"font-weight: 400;\"> desde el correo electr\u00f3nico que proporciono para su registro, manifestando de manera expresa su deseo de eliminar de forma definitiva su registro, por lo que una vez que esta sea procesada, en un lapso de 72 horas h\u00e1biles ser\u00e1n eliminados todos sus datos registrados, recibir\u00e1 la confirmaci\u00f3n al correo que utilizo para la realizaci\u00f3n de su registro.<\/span><\/p><h4><b>UNIDADES DE COMUNICACI\u00d3N.<\/b><\/h4><p><span style=\"font-weight: 400;\">Cualquier comunicaci\u00f3n que el Usuario dirija a la responsable relacionada al presente Aviso de Privacidad, deber\u00e1 realizarse a las direcciones proporcionadas para el ejercicio de los Derechos ARCO, mencionando de manera clara y precisa los siguientes datos:<\/span><\/p><ol><li style=\"font-weight: 400;\" aria-level=\"1\"><span style=\"font-weight: 400;\">Nombre<\/span><\/li><li style=\"font-weight: 400;\" aria-level=\"1\"><span style=\"font-weight: 400;\">Apellido paterno y Materno del Usuario;<\/span><\/li><li style=\"font-weight: 400;\" aria-level=\"1\"><span style=\"font-weight: 400;\">Domicilio y\/o correo electr\u00f3nico y\/o cualquier otro medio para comunicarle la respuesta a su solicitud;<\/span><\/li><li style=\"font-weight: 400;\" aria-level=\"1\"><span style=\"font-weight: 400;\">Documentos oficiales que acrediten la identidad o, en su caso, la representaci\u00f3n legal del Usuario; y<\/span><\/li><li style=\"font-weight: 400;\" aria-level=\"1\"><span style=\"font-weight: 400;\">Descripci\u00f3n clara y precisa del objeto de su comunicaci\u00f3n.<\/span><\/li><\/ol><p><span style=\"font-weight: 400;\">De la misma manera, <\/span><b>INVOLVE RH<\/b><span style=\"font-weight: 400;\"> atender\u00e1 y responder\u00e1 cualquier comunicaci\u00f3n que le sea dirigida dentro de los 20 d\u00edas h\u00e1biles posteriores al haber recibido dicho escrito, ya sea en la misma forma en el que le hicieron llegar la comunicaci\u00f3n, misma v\u00eda ser\u00e1 usada en caso de que no se especifique una diversa o en la forma en que hubiesen indicado.<\/span><\/p><h4><b>MEDIOS REMOTOS.<\/b><\/h4><p><span style=\"font-weight: 400;\">En caso de que el Titular proporcione sus Datos a trav\u00e9s de medios electr\u00f3nicos, incluyendo el sitio web (Internet) y\/o aplicaci\u00f3n m\u00f3vil del responsable, entonces el Titular entiende, acepta y reconoce que:<\/span><\/p><ol><li><span style=\"font-weight: 400;\">a) El sitio web del responsable puede incluir enlaces a sitios web de terceros que, de accederse, ocasionar\u00e1 que se abandone el sitio web y\/o aplicaci\u00f3n m\u00f3vil del responsable, por lo cual el responsable no asume ninguna responsabilidad en relaci\u00f3n con esos sitios web de terceros que el usuario visite.<\/span><\/li><li><span style=\"font-weight: 400;\">b) El sitio web del responsable puede incluir enlaces a sitios que administran redes sociales, en cuyo caso el Usuario acepta que, al proporcionar cualquier tipo de informaci\u00f3n o datos en dichos sitios, ocasionar\u00e1 que la misma pueda ser le\u00edda, vista, accedida, retransmitida y tratada por cualquier persona, y por lo tanto libera de cualquier responsabilidad al responsable.<\/span><\/li><li><span style=\"font-weight: 400;\">c) Es posible que los sistemas del responsable recopilen datos del Usuario tales como tipo de navegador, sistema operativo, p\u00e1ginas de Internet visitadas, direcci\u00f3n IP, etc., a trav\u00e9s \u201ccookies\u201d o \u201cweb involverh.com\u201d, entre otros.<\/span><\/li><\/ol><p><b>INVOLVE RH<\/b><span style=\"font-weight: 400;\"> utiliza cookies, web beacons y\/o Kits de Desarrollo de Software (\u201cSDKs\u201d) para facilitar la navegaci\u00f3n en sus Plataformas. Las cookies constituyen una herramienta empleada por los servidores web para almacenar y recuperar informaci\u00f3n que se guarda en el navegador utilizado por los usuarios o visitantes del sitio web, lo que permite guardar tus preferencias personales para brindarte una mejor experiencia de navegaci\u00f3n.<\/span><\/p><p><span style=\"font-weight: 400;\">Las cookies tienen fecha de caducidad, que puede oscilar desde el tiempo que dura la sesi\u00f3n o visita al sitio web hasta una fecha espec\u00edfica a partir de la cual dejan de ser operativas. Las cookies empleadas en el sitio web, se asocian \u00fanicamente con un Usuario an\u00f3nimo y su equipo inform\u00e1tico, no proporcionan referencias que permitan deducir el nombre y apellidos del Usuario, no pueden leer datos de su disco duro ni incluir virus en sus textos.<\/span><\/p><p><span style=\"font-weight: 400;\">Puedes configurar tu navegador para aceptar o rechazar autom\u00e1ticamente todas las cookies o para recibir un aviso en pantalla sobre la recepci\u00f3n de cada cookie y decidir en ese momento su implantaci\u00f3n o no en tu disco duro.<\/span><\/p><p><span style=\"font-weight: 400;\">Te confirmamos que <\/span><b>INVOLVE RH<\/b><span style=\"font-weight: 400;\"> recaba los siguientes datos personales a trav\u00e9s de estos medios, tales como;<\/span><\/p><ol><li style=\"font-weight: 400;\" aria-level=\"1\"><span style=\"font-weight: 400;\">Nombre<\/span><\/li><li style=\"font-weight: 400;\" aria-level=\"1\"><span style=\"font-weight: 400;\">Primer apellido;<\/span><\/li><li style=\"font-weight: 400;\" aria-level=\"1\"><span style=\"font-weight: 400;\">Segundo apellido; y<\/span><\/li><li style=\"font-weight: 400;\" aria-level=\"1\"><span style=\"font-weight: 400;\">Correo electr\u00f3nico, los cuales ser\u00e1n recabados por las pol\u00edticas establecidas en la Pol\u00edtica de Cookies <\/span><a href=\"https:\/\/www.involverh.com\/es_es\/cookies-policy\/\"><span style=\"font-weight: 400;\">https:\/\/www.involverh.com\/cookies-policy\/<\/span><\/a><\/li><\/ol><p><span style=\"font-weight: 400;\">Para que el Usuario pueda deshabilitar estos programas, deber\u00e1 de acceder a las \u201copciones de internet\u201d ubicadas en la secci\u00f3n de las \u201cherramientas\u201d, o funciones similares, del navegador que utilice.<\/span><\/p><h4><b>MODIFICACIONES AL AVISO DE PRIVACIDAD.<\/b><\/h4><p><b>INVOLVE RH<\/b><span style=\"font-weight: 400;\"> modificar\u00e1 el presente Aviso de Privacidad las veces que considere necesarias, a petici\u00f3n de las autoridades competentes y\/o a nuestra propia conveniencia siempre y cuando el responsable no modifique su identidad y se requieran del Usuario m\u00e1s datos de los aqu\u00ed mencionados, se modifique el objeto del presente Aviso de Privacidad y\/o cambien las condiciones.<\/span><\/p><p><span style=\"font-weight: 400;\">Asimismo, el Usuario est\u00e1 conforme, en que la forma de notificar cualquier cambio a este Aviso de Privacidad ser\u00e1 a trav\u00e9s de la publicaci\u00f3n en la p\u00e1gina de Internet <\/span><a href=\"https:\/\/www.involverh.com\/es_es\/notice-of-privacy\/\"><span style=\"font-weight: 400;\">https:\/\/www.involverh.com\/notice-of-privacy<\/span><\/a><span style=\"font-weight: 400;\">, la cual es obligaci\u00f3n del Usuario visitar peri\u00f3dicamente con el fin de verificar la versi\u00f3n m\u00e1s actual del Aviso de Privacidad. Para los casos en que el consentimiento del Titular sea necesario por los cambios realizados al presente Aviso de Privacidad, el responsable le har\u00e1 llegar el aviso correspondiente a cualquiera de los medios de contacto que el Usuario nos haya brindado; se entender\u00e1 que el Usuario acepta dicho Aviso hasta que no recibamos cualquier comunicaci\u00f3n en sentido contrario.<\/span><\/p><h4><b>ACEPTACI\u00d3N DE LOS T\u00c9RMINOS.<\/b><\/h4><p><span style=\"font-weight: 400;\">Esta declaraci\u00f3n de privacidad est\u00e1 sujeta a los t\u00e9rminos y condiciones de todos los sitios web del responsable antes descritos, lo cual constituye un acuerdo legal entre el Usuario e <\/span><b>INVOLVE RH.<\/b><\/p><p><span style=\"font-weight: 400;\">Si el Usuario utiliza los servicios en cualquiera de los sitios del <\/span><b>INVOLVE RH,<\/b><span style=\"font-weight: 400;\"> registrando un usuario, significa que ha le\u00eddo, entendido y aceptado los t\u00e9rminos antes expuestos. Al momento de registrarse y previo al tratamiento de los datos, se pone a su disposici\u00f3n este Aviso de Privacidad integral, mismo que usted acepta al dar click en \u201cIniciar Sesi\u00f3n\u201d o a trav\u00e9s del mecanismo que se ponga a su disposici\u00f3n. La oposici\u00f3n a la aceptaci\u00f3n del presente Aviso de Privacidad traer\u00e1 como consecuencia la imposibilidad para prestar el servicio dentro de la plataforma para oferentes y demandantes de empleo. En caso de no aceptar el presente Aviso de Privacidad, no debe proporcionarnos datos personales, ni registrarse a los sitios del responsable.<\/span><\/p><h4><b>DE LA PROTECCI\u00d3N.<\/b><\/h4><p><span style=\"font-weight: 400;\">La seguridad y confidencialidad de los datos que el titular nos proporcione al registrase en el sitio web, estar\u00e1n protegidos por un servidor seguro bajo el protocolo Secure Socket Layer (SSL), de tal forma que los datos enviados se transmitir\u00e1n encriptados para asegurar su resguardo.<\/span><\/p><p><b>INVOLVE RH<\/b><span style=\"font-weight: 400;\"> protege sus datos personales usando el est\u00e1ndar de la industria en materia de encriptaci\u00f3n, de esta forma garantizamos que los datos que se env\u00edan desde la p\u00e1gina de Internet lleguen seguros a nuestros servidores. Almacenamos y procesamos su informaci\u00f3n manteniendo siempre medidas de seguridad orientadas a proteger sus datos personales.<\/span><\/p><p><span style=\"font-weight: 400;\">En <\/span><b>INVOLVE RH<\/b><span style=\"font-weight: 400;\"> contamos con procedimientos que dictan quien, y bajo que\u0301 condiciones se puede tener acceso a los datos, dando siempre la m\u00e1xima prioridad a la protecci\u00f3n de su privacidad. Asimismo, asumimos medidas de seguridad f\u00edsicas para prevenir el acceso no autorizado a nuestros sistemas e instalaciones.<\/span><\/p><p><span style=\"font-weight: 400;\">Para verificar que se encuentra en un entorno protegido aseg\u00farese de que aparezca una \u201cS\u201d en la barra de navegaci\u00f3n. Ejemplo:httpS:\/\/. Sin embargo, y a pesar de contar cada d\u00eda con herramientas m\u00e1s seguras, la protecci\u00f3n de los datos enviados a trav\u00e9s de Internet no se puede garantizar al 100%; por lo que una vez recibidos, se har\u00e1 todo lo posible por salvaguardar la informaci\u00f3n.<\/span><\/p><p><span style=\"font-weight: 400;\">Durante la prestaci\u00f3n de los servicios, <\/span><b>INVOLVE RH<\/b><span style=\"font-weight: 400;\"> puede hacer uso de una serie de procesos automatizados de tratamiento de sus datos a fin de brindarle servicios m\u00e1s personalizados, como realizar recomendaciones de ofertas laborales o educativas de acuerdo con su perfil, as\u00ed como recomendaci\u00f3n autom\u00e1tica de perfiles laborales.<\/span><\/p><p><b>INVOLVE RH <\/b><span style=\"font-weight: 400;\">se compromete a contar con las medidas f\u00edsicas, administrativas y t\u00e9cnicas (incluyendo t\u00e9cnicas como data masking) de seguridad suficientes y necesarias para garantizar que sus Datos permanezcan seguros.<\/span><\/p><h4><b>AUTORIDAD.<\/b><\/h4><p><span style=\"font-weight: 400;\">Si considera que han sido vulnerados sus derechos respecto de la protecci\u00f3n de datos personales, tiene el derecho de acudir ante el Instituto Nacional de Transparencia, Acceso a la Informaci\u00f3n y Protecci\u00f3n de Datos Personales (INAI) en <\/span><a href=\"https:\/\/home.inai.org.mx\/\"><span style=\"font-weight: 400;\">https:\/\/home.inai.org.mx\/<\/span><\/a><span style=\"font-weight: 400;\">.<\/span><\/p><p><span style=\"font-weight: 400;\">Al utilizar este sitio web, usted est\u00e1 otorgando su consentimiento a <\/span><b>INVOLVE RH<\/b><span style=\"font-weight: 400;\"> para procesar sus datos personales bajo los t\u00e9rminos de este Aviso de Privacidad.<\/span><\/p><p><span style=\"font-weight: 400;\">Al brindarle sus servicios, <\/span><b>INVOLVE RH<\/b><span style=\"font-weight: 400;\"> puede hacer uso de una serie de procesos automatizados que utilizan sus datos personales y su actividad en nuestro Sitio y\/o aplicaci\u00f3n m\u00f3vil con el fin de brindarle servicios m\u00e1s personalizados y relevantes, como brindar oportunidades de trabajo y recomendaciones de curr\u00edculos a trav\u00e9s de comunicaciones por correo electr\u00f3nico y dentro del Sitio y\/o aplicaci\u00f3n m\u00f3vil.<\/span><\/p><p><span style=\"font-weight: 400;\">Si tiene alguna inquietud en relaci\u00f3n con el tratamiento o procesamiento de sus datos personales, no dude en contactarnos a <\/span><span style=\"font-weight: 400;\">legal@involverh.com<\/span><\/p><p><span style=\"font-weight: 400;\">Versi\u00f3n de este Aviso de Privacidad fue actualizada por \u00faltima vez el 27 de Enero de 2023.<\/span><\/p>\t\t\t\t\t\t\t\t<\/div>\n\t\t\t\t<\/div>\n\t\t<div id=\"e-n-tab-content-1070979503\" role=\"tabpanel\" aria-labelledby=\"e-n-tab-title-1070979503\" data-tab-index=\"3\" style=\"--n-tabs-title-order: 3;\" class=\"elementor-element elementor-element-23a7c8e e-con-full e-flex e-con e-child\" data-id=\"23a7c8e\" data-element_type=\"container\" data-e-type=\"container\" data-settings=\"{&quot;_ha_eqh_enable&quot;:false}\">\n\t\t\t\t<div class=\"elementor-element elementor-element-da208af elementor-widget elementor-widget-text-editor\" data-id=\"da208af\" data-element_type=\"widget\" data-e-type=\"widget\" data-widget_type=\"text-editor.default\">\n\t\t\t\t\t\t\t\t\t<h2><b>POL\u00cdTICA CORPORATIVA DE PROTECCI\u00d3N DE DATOS PERSONALES<\/b><\/h2><p><b>INVOLVE, S.A. DE C.V. <\/b><span style=\"font-weight: 400;\">nos preocupamos por la protecci\u00f3n de los datos personales que tratamos en el marco de las actividades que realizamos.<\/span><\/p><p><span style=\"font-weight: 400;\">Los datos personales a proteger incluyen todos aquellos que son objeto de tratamiento por nuestra parte (ya sean datos de clientes, potenciales clientes, proveedores, trabajadores, contactos, colaboradores externos, etc\u00e9tera).<\/span><\/p><p><span style=\"font-weight: 400;\">Por ello, tanto <\/span><b>INVOLVE, S.A. DE C.V. <\/b><span style=\"font-weight: 400;\">como todo su personal, ya sea interno o externo, que est\u00e9 involucrado de alguna forma en el tratamiento de datos personales, debe:<\/span><\/p><ul><li style=\"font-weight: 400;\" aria-level=\"1\"><span style=\"font-weight: 400;\">Guardar secreto y confidencialidad de la informaci\u00f3n tratada. \u2022 Proteger los datos personales que est\u00e9 tratando y custodiarlos para que el personal no autorizado no tenga acceso a ellos.\u00a0<\/span><\/li><\/ul><ul><li style=\"font-weight: 400;\" aria-level=\"1\"><span style=\"font-weight: 400;\">Cumplir con los principios de protecci\u00f3n de datos (licitud, lealtad y transparencia, limitaci\u00f3n de la finalidad, minimizaci\u00f3n de datos, exactitud, limitaci\u00f3n del plazo de conservaci\u00f3n, integridad y confidencialidad y responsabilidad proactiva).\u00a0<\/span><\/li><\/ul><ul><li style=\"font-weight: 400;\" aria-level=\"1\"><span style=\"font-weight: 400;\">Garantizar que los interesados puedan ejercer sus derechos (informaci\u00f3n, acceso, rectificaci\u00f3n, supresi\u00f3n, limitaci\u00f3n del tratamiento, portabilidad de los datos, oposici\u00f3n y decisiones individuales automatizadas).\u00a0<\/span><\/li><\/ul><ul><li style=\"font-weight: 400;\" aria-level=\"1\"><span style=\"font-weight: 400;\">Cumplir y, en su caso, hacer cumplir, los controles y las medidas de seguridad que <\/span><b>INVOLVE, S.A. DE C.V.<\/b><span style=\"font-weight: 400;\"> ha implantado para proteger la seguridad de los datos personales, evitando que pueda resultar comprometida la confidencialidad, integridad o disponibilidad de dichos datos.\u00a0<\/span><\/li><\/ul><ul><li style=\"font-weight: 400;\" aria-level=\"1\"><span style=\"font-weight: 400;\">Comunicar inmediatamente, seg\u00fan los procedimientos habilitados para ello, las incidencias que puedan afectar a la seguridad de los datos personales y que puedan comprometer su confidencialidad, integridad o disponibilidad, as\u00ed como el incumplimiento de los requisitos dispuestos por la normativa de protecci\u00f3n de datos personales.\u00a0<\/span><\/li><\/ul><ul><li style=\"font-weight: 400;\" aria-level=\"1\"><span style=\"font-weight: 400;\">Cumplir con todos los requisitos y obligaciones legales impuestas por la normativa de protecci\u00f3n de datos personales.<\/span><\/li><\/ul><p><b>POL\u00cdTICA DE PRIVACIDAD<\/b><\/p><p><span style=\"font-weight: 400;\">A continuaci\u00f3n, le indicamos en detalle los tratamientos de datos personales que realizamos, as\u00ed como toda la informaci\u00f3n relativa a los mismos.<\/span><\/p><p><b>Tratamiento de los datos de candidatos a un puesto de trabajo<\/b><\/p><table><tbody><tr><td colspan=\"2\"><p><b>Informaci\u00f3n b\u00e1sica sobre Protecci\u00f3n de datos<\/b><\/p><\/td><\/tr><tr><td><p><b>Responsable:<\/b><\/p><\/td><td><p><b>INVOLVE, S.A. DE C.V.<\/b><\/p><\/td><\/tr><tr><td><p><b>Finalidad:<\/b><\/p><\/td><td><p><span style=\"font-weight: 400;\">Realizar los procesos de selecci\u00f3n de personal.<\/span><\/p><\/td><\/tr><tr><td><p><b>Legitimaci\u00f3n:<\/b><\/p><\/td><td><p><span style=\"font-weight: 400;\">Consentimiento del usuario e inter\u00e9s legitimo.<\/span><\/p><\/td><\/tr><tr><td><p><b>Destinatarios:<\/b><\/p><\/td><td><p><span style=\"font-weight: 400;\">Proveedores de pruebas psicom\u00e9tricas y servidores de almacenamiento de video y audio.<\/span><\/p><\/td><\/tr><tr><td><p><b>Derechos:<\/b><\/p><\/td><td><p><span style=\"font-weight: 400;\">Tiene derecho a acceder, rectificar y suprimir los datos, as\u00ed como otros derechos, indicados en la informaci\u00f3n adicional, que puede ejercer dirigi\u00e9ndose a infosec@dposa.eu\u00a0<\/span><\/p><\/td><\/tr><tr><td><p><b>Procedencia:<\/b><\/p><\/td><td><p><span style=\"font-weight: 400;\">El propio interesado.<\/span><\/p><\/td><\/tr><\/tbody><\/table><p><span style=\"font-weight: 400;\">Informaci\u00f3n completa sobre Protecci\u00f3n de Datos<\/span><\/p><p>\u00a0<\/p><ul><li aria-level=\"1\"><b>\u00bfQui\u00e9n es el responsable del tratamiento de sus datos?<\/b><\/li><\/ul><p><span style=\"font-weight: 400;\">INVOLVE RH (el \u201cresponsable\u201d) quien se\u00f1ala como domicilio el ubicado en: Calle R\u00edo Lerma, 196 Bis, Colonia Cuauht\u00e9moc, Ciudad de M\u00e9xico, C.P. 06500.<\/span><\/p><p>\u00a0<\/p><ul><li aria-level=\"1\"><b>\u00bfCon qu\u00e9 finalidad tratamos sus datos personales?<\/b><\/li><\/ul><p><span style=\"font-weight: 400;\">En <\/span><b>INVOLVE, S.A. DE C.V.<\/b><span style=\"font-weight: 400;\"> tratamos la informaci\u00f3n que nos facilitan las personas interesadas con el fin de gestionar su Curriculum Vitae recibidos y realizar los procesos de selecci\u00f3n de personal, entrevistas y dem\u00e1s tr\u00e1mites necesarios para la b\u00fasqueda del mejor candidato posible a un puesto de trabajo determinado. En el caso de que no facilite sus datos personales, no podremos cumplir con las finalidades descritas. No se van a tomar decisiones automatizadas en base a los datos proporcionados.<\/span><\/p><p>\u00a0<\/p><ul><li aria-level=\"1\"><b>\u00bfPor cu\u00e1nto tiempo conservaremos sus datos?<\/b><\/li><\/ul><p><span style=\"font-weight: 400;\">Dos (2) a\u00f1os desde la \u00faltima interacci\u00f3n.<\/span><\/p><p>\u00a0<\/p><ul><li aria-level=\"1\"><b>\u00bfA qu\u00e9 destinatarios se comunicar\u00e1n sus datos?<\/b><\/li><\/ul><p><span style=\"font-weight: 400;\">Proveedores de pruebas psicom\u00e9tricas y servidores de almacenamiento de video y audio.<\/span><\/p><ol><li style=\"font-weight: 400;\" aria-level=\"1\"><b>Transferencias de datos a terceros pa\u00edses<\/b><span style=\"font-weight: 400;\">.<\/span><\/li><\/ol><p><span style=\"font-weight: 400;\">Pa\u00edses declarados seguros de acuerdo a decisi\u00f3n de adecuaci\u00f3n, principalmente EEUU y pa\u00edses de la UE, siempre contando con el consentimiento del interesado<\/span><\/p><p>\u00a0<\/p><ul><li aria-level=\"1\"><b>\u00bfCu\u00e1les son sus derechos cuando nos facilita sus datos?<\/b><\/li><\/ul><p><span style=\"font-weight: 400;\">Cualquier persona tiene derecho a obtener confirmaci\u00f3n sobre si en <\/span><b>INVOLVE, S.A. DE C.V.<\/b><span style=\"font-weight: 400;\"> estamos tratando, o no, datos personales que les conciernan.<\/span><\/p><p><span style=\"font-weight: 400;\">Las personas interesadas tienen derecho a acceder a sus datos personales, as\u00ed como a solicitar la rectificaci\u00f3n de los datos inexactos o, en su caso, solicitar su supresi\u00f3n cuando, entre otros motivos, los datos ya no sean necesarios para los fines que fueron recogidos. Igualmente tiene derecho a la portabilidad de sus datos.<\/span><\/p><p><span style=\"font-weight: 400;\">En determinadas circunstancias, los interesados podr\u00e1n solicitar la limitaci\u00f3n del tratamiento de sus datos, en cuyo caso \u00fanicamente los conservaremos para el ejercicio o la defensa de reclamaciones.<\/span><\/p><p><span style=\"font-weight: 400;\">En determinadas circunstancias y por motivos relacionados con su situaci\u00f3n particular, los interesados podr\u00e1n oponerse al tratamiento de sus datos. En este caso, <\/span><b>INVOLVE, S.A. DE C.V.<\/b><span style=\"font-weight: 400;\"> dejar\u00e1 de tratar los datos, salvo por motivos leg\u00edtimos imperiosos, o el ejercicio o la defensa de posibles reclamaciones.<\/span><\/p><p><span style=\"font-weight: 400;\">Podr\u00e1 ejercitar materialmente sus derechos de la siguiente forma: dirigi\u00e9ndose a infosec@dposa.eu<\/span><\/p><p><span style=\"font-weight: 400;\">Cuando se realice el env\u00edo de comunicaciones comerciales utilizando como base jur\u00eddica el inter\u00e9s leg\u00edtimo del responsable, el interesado podr\u00e1 oponerse al tratamiento de sus datos con ese fin.<\/span><\/p><p><span style=\"font-weight: 400;\">Si ha otorgado su consentimiento para alguna finalidad concreta, tiene derecho a retirar el consentimiento otorgado en cualquier momento, sin que ello afecte a la licitud del tratamiento basado en el consentimiento previo a su retirada. En caso de que sienta vulnerados sus derechos en lo concerniente a la protecci\u00f3n de sus datos personales, especialmente cuando no haya obtenido satisfacci\u00f3n en el ejercicio de sus derechos, puede presentar una reclamaci\u00f3n ante la Autoridad de Control en materia de Protecci\u00f3n de Datos competente.<\/span><\/p><p>\u00a0<\/p><ul><li aria-level=\"1\"><b>\u00bfC\u00f3mo hemos obtenido sus datos?<\/b><\/li><\/ul><p><span style=\"font-weight: 400;\">Los datos personales que tratamos en <\/span><b>INVOLVE, S.A. DE C.V.<\/b><span style=\"font-weight: 400;\"> proceden de: El propio interesado.<\/span><\/p><p><span style=\"font-weight: 400;\">Las categor\u00edas de datos que se tratan son:\u00a0<\/span><\/p><ul><li style=\"font-weight: 400;\" aria-level=\"1\"><span style=\"font-weight: 400;\">Datos identificativos.\u00a0<\/span><\/li><li style=\"font-weight: 400;\" aria-level=\"1\"><span style=\"font-weight: 400;\">Direcciones postales y electr\u00f3nicas.\u00a0<\/span><\/li><li style=\"font-weight: 400;\" aria-level=\"1\"><span style=\"font-weight: 400;\">Informaci\u00f3n comercial.<\/span><\/li><li style=\"font-weight: 400;\" aria-level=\"1\"><span style=\"font-weight: 400;\">Datos econ\u00f3micos.\u00a0<\/span><\/li><\/ul><p><span style=\"font-weight: 400;\">Se tratan las siguientes categor\u00edas de datos especiales: eventualmente datos de salud como alergias o limitaciones f\u00edsicas permanentes o eventuales<\/span><\/p><p><b>Tratamiento de los datos de clientes con contrato de servicios<\/b><\/p><table><tbody><tr><td colspan=\"2\"><p><b>Informaci\u00f3n b\u00e1sica sobre Protecci\u00f3n de datos<\/b><\/p><\/td><\/tr><tr><td><p><b>Responsable:<\/b><\/p><\/td><td><p><b>INVOLVE, S.A. DE C.V.<\/b><\/p><\/td><\/tr><tr><td><p><span style=\"font-weight: 400;\">Finalidad:<\/span><\/p><\/td><td><p><span style=\"font-weight: 400;\">Prestar los servicios solicitados y enviar comunicaciones comerciales.<\/span><\/p><\/td><\/tr><tr><td><p><span style=\"font-weight: 400;\">Legitimaci\u00f3n:<\/span><\/p><\/td><td><p><span style=\"font-weight: 400;\">Ejecuci\u00f3n de un contrato. Inter\u00e9s leg\u00edtimo del Responsable.<\/span><\/p><\/td><\/tr><tr><td><p><span style=\"font-weight: 400;\">Destinatarios:<\/span><\/p><\/td><td><p><span style=\"font-weight: 400;\">Est\u00e1n previstas cesiones de datos a: Administraci\u00f3n Tributaria; Entidades financieras.<\/span><\/p><\/td><\/tr><tr><td><p><span style=\"font-weight: 400;\">Derechos:<\/span><\/p><\/td><td><p><span style=\"font-weight: 400;\">Tiene derecho a acceder, rectificar y suprimir los datos, as\u00ed como otros derechos, indicados en la informaci\u00f3n adicional, que puede ejercer dirigi\u00e9ndose a infosec@dposa.eu<\/span><\/p><\/td><\/tr><tr><td><p><span style=\"font-weight: 400;\">Procedencia:<\/span><\/p><\/td><td><p><span style=\"font-weight: 400;\">El propio interesado.<\/span><\/p><\/td><\/tr><\/tbody><\/table><p>\u00a0<\/p><p><b>Informaci\u00f3n completa sobre Protecci\u00f3n de Datos<\/b><\/p><p>\u00a0<\/p><ul><li aria-level=\"1\"><b>\u00bfQui\u00e9n es el responsable del tratamiento de sus datos?<\/b><\/li><\/ul><p><span style=\"font-weight: 400;\">INVOLVE RH (el \u201cresponsable\u201d) quien se\u00f1ala como domicilio el ubicado en: Calle R\u00edo Lerma, 196 Bis, Colonia Cuauht\u00e9moc, Ciudad de M\u00e9xico, C.P. 06500.<\/span><\/p><p>\u00a0<\/p><ul><li aria-level=\"1\"><b>\u00bfCon qu\u00e9 finalidad tratamos sus datos personales?<\/b><\/li><\/ul><p><span style=\"font-weight: 400;\">En <\/span><b>INVOLVE, S.A. DE C.V.<\/b><span style=\"font-weight: 400;\"> tratamos la informaci\u00f3n que nos facilitan las personas interesadas con el fin de realizar la gesti\u00f3n administrativa, contable y fiscal de los servicios solicitados, as\u00ed como enviar comunicaciones comerciales sobre nuestros productos y servicios. En el caso de que no facilite sus datos personales, no podremos cumplir con las finalidades descritas.<\/span><\/p><p><span style=\"font-weight: 400;\">No se van a tomar decisiones automatizadas en base a los datos proporcionados.<\/span><\/p><p>\u00a0<\/p><ul><li aria-level=\"1\"><b>\u00bfPor cu\u00e1nto tiempo conservaremos sus datos?<\/b><\/li><\/ul><p><span style=\"font-weight: 400;\">Los datos se conservar\u00e1n mientras el interesado no solicite su supresi\u00f3n, y en su caso, durante los a\u00f1os necesarios para cumplir con las obligaciones legales.<\/span><\/p><p>\u00a0<\/p><ul><li aria-level=\"1\"><b>\u00bfA qu\u00e9 destinatarios se comunicar\u00e1n sus datos?<\/b><\/li><\/ul><p><span style=\"font-weight: 400;\">Los datos se comunicar\u00e1n a los siguientes destinatarios:<\/span><\/p><ul><li style=\"list-style-type: none;\"><ul><li style=\"font-weight: 400;\" aria-level=\"1\"><span style=\"font-weight: 400;\">Administraci\u00f3n Tributaria, con la finalidad de cumplir con las obligaciones legales (requisito legal).\u00a0<\/span><\/li><\/ul><\/li><\/ul><ul><li aria-level=\"1\"><span style=\"font-weight: 400;\">Entidades financieras, con la finalidad de girar los recibos correspondientes (requisito contractual).<\/span><\/li><\/ul><p><b><\/b><br \/><b><\/b><\/p><ul><li aria-level=\"1\"><b>Transferencias de datos a terceros pa\u00edses<\/b><\/li><\/ul><p><span style=\"font-weight: 400;\">No est\u00e1n previstas transferencias de datos a terceros pa\u00edses.<\/span><\/p><p>\u00a0<\/p><ul><li aria-level=\"1\"><b>\u00bfCu\u00e1les son sus derechos cuando nos facilita sus datos?<\/b><\/li><\/ul><p><span style=\"font-weight: 400;\">Cualquier persona tiene derecho a obtener confirmaci\u00f3n sobre si en <\/span><b>INVOLVE, S.A. DE C.V.<\/b><span style=\"font-weight: 400;\"> estamos tratando, o no, datos personales que les conciernan.<\/span><\/p><p><span style=\"font-weight: 400;\">Las personas interesadas tienen derecho a acceder a sus datos personales, as\u00ed como a solicitar la rectificaci\u00f3n de los datos inexactos o, en su caso, solicitar su supresi\u00f3n cuando, entre otros motivos, los datos ya no sean necesarios para los fines que fueron recogidos. Igualmente tiene derecho a la portabilidad de sus datos.<\/span><\/p><p><span style=\"font-weight: 400;\">En determinadas circunstancias, los interesados podr\u00e1n solicitar la limitaci\u00f3n del tratamiento de sus datos, en cuyo caso \u00fanicamente los conservaremos para el ejercicio o la defensa de reclamaciones.<\/span><\/p><p><span style=\"font-weight: 400;\">En determinadas circunstancias y por motivos relacionados con su situaci\u00f3n particular, los interesados podr\u00e1n oponerse al tratamiento de sus datos. En este caso, <\/span><b>INVOLVE, S.A. DE C.V.<\/b><span style=\"font-weight: 400;\"> dejar\u00e1 de tratar los datos, salvo por motivos leg\u00edtimos imperiosos, o el ejercicio o la defensa de posibles reclamaciones.<\/span><\/p><p><span style=\"font-weight: 400;\">Podr\u00e1 ejercitar materialmente sus derechos de la siguiente forma: dirigi\u00e9ndose a infosec@dposa.eu<\/span><\/p><p><span style=\"font-weight: 400;\">Cuando se realice el env\u00edo de comunicaciones comerciales utilizando como base jur\u00eddica el inter\u00e9s leg\u00edtimo del responsable, el interesado podr\u00e1 oponerse al tratamiento de sus datos con ese fin.<\/span><\/p><p><span style=\"font-weight: 400;\">Si ha otorgado su consentimiento para alguna finalidad concreta, tiene derecho a retirar el consentimiento otorgado en cualquier momento, sin que ello afecte a la licitud del tratamiento basado en el consentimiento previo a su retirada.\u00a0<\/span><\/p><p><span style=\"font-weight: 400;\">En caso de que sienta vulnerados sus derechos en lo concerniente a la protecci\u00f3n de sus datos personales, especialmente cuando no haya obtenido satisfacci\u00f3n en el ejercicio de sus derechos, puede presentar una reclamaci\u00f3n ante la Autoridad de Control en materia de Protecci\u00f3n de Datos competente.\u00a0<\/span><\/p><p>\u00a0<\/p><ul><li aria-level=\"1\"><b>\u00bfC\u00f3mo hemos obtenido sus datos?<\/b><\/li><\/ul><p><span style=\"font-weight: 400;\">Los datos personales que tratamos en <\/span><b>INVOLVE, S.A. DE C.V.<\/b><span style=\"font-weight: 400;\">. proceden de: El propio interesado.<\/span><\/p><p><span style=\"font-weight: 400;\">Las categor\u00edas de datos que se tratan son:<\/span><\/p><ul><li style=\"font-weight: 400;\" aria-level=\"1\"><span style=\"font-weight: 400;\">Datos identificativos.\u00a0<\/span><\/li><li style=\"font-weight: 400;\" aria-level=\"1\"><span style=\"font-weight: 400;\">Direcciones postales y electr\u00f3nicas.<\/span><\/li><li style=\"font-weight: 400;\" aria-level=\"1\"><span style=\"font-weight: 400;\">Informaci\u00f3n comercial.\u00a0<\/span><\/li><li style=\"font-weight: 400;\" aria-level=\"1\"><span style=\"font-weight: 400;\">Datos econ\u00f3micos.<\/span><\/li><\/ul><p><b>Tratamiento de los datos de potenciales clientes y contactos comerciales<\/b><\/p><table><tbody><tr><td colspan=\"2\"><p><b>Informaci\u00f3n b\u00e1sica sobre Protecci\u00f3n de datos<\/b><\/p><\/td><\/tr><tr><td><p><b>Responsable:<\/b><\/p><\/td><td><p><b>INVOLVE, S.A. DE C.V.<\/b><\/p><\/td><\/tr><tr><td><p><b>Finalidad<\/b><span style=\"font-weight: 400;\">:<\/span><\/p><\/td><td><p><span style=\"font-weight: 400;\">Atender su solicitud y enviarle comunicaciones comerciales.<\/span><\/p><\/td><\/tr><tr><td><p><b>Legitimaci\u00f3n<\/b><span style=\"font-weight: 400;\">:<\/span><\/p><\/td><td><p><span style=\"font-weight: 400;\">Ejecuci\u00f3n de un contrato. Inter\u00e9s leg\u00edtimo del Responsable.<\/span><\/p><\/td><\/tr><tr><td><p><b>Destinatarios<\/b><span style=\"font-weight: 400;\">:<\/span><\/p><\/td><td><p><span style=\"font-weight: 400;\">No se ceder\u00e1n datos a terceros, salvo obligaci\u00f3n legal.<\/span><\/p><\/td><\/tr><tr><td><p><b>Derechos<\/b><span style=\"font-weight: 400;\">:<\/span><\/p><\/td><td><p><span style=\"font-weight: 400;\">Tiene derecho a acceder, rectificar y suprimir los datos, as\u00ed como otros derechos, indicados en la informaci\u00f3n adicional, que puede ejercer dirigi\u00e9ndose a infosec@dposa.eu<\/span><\/p><\/td><\/tr><tr><td><p><b>Procedencia<\/b><span style=\"font-weight: 400;\">:<\/span><\/p><\/td><td><p><span style=\"font-weight: 400;\">El propio interesado.<\/span><\/p><\/td><\/tr><\/tbody><\/table><p><b>Informaci\u00f3n completa sobre Protecci\u00f3n de Datos<\/b><\/p><p>\u00a0<\/p><ul><li aria-level=\"1\"><b>\u00bfQui\u00e9n es el responsable del tratamiento de sus datos?<\/b><\/li><\/ul><p><span style=\"font-weight: 400;\">INVOLVE RH (el \u201cresponsable\u201d) quien se\u00f1ala como domicilio el ubicado en: Calle R\u00edo Lerma, 196 Bis, Colonia Cuauht\u00e9moc, Ciudad de M\u00e9xico, C.P. 06500.<\/span><\/p><p>\u00a0<\/p><ul><li aria-level=\"1\"><b>\u00bfCon qu\u00e9 finalidad tratamos sus datos personales?<\/b><\/li><\/ul><p><span style=\"font-weight: 400;\">En <\/span><b>INVOLVE, S.A. DE C.V.<\/b><span style=\"font-weight: 400;\"> tratamos la informaci\u00f3n que nos facilitan las personas interesadas con el fin de realizar la gesti\u00f3n de potenciales clientes que se han interesado sobre nuestros productos y\/o servicios, as\u00ed como otros contactos comerciales y realizar, en su caso, el env\u00edo de comunicaciones comerciales inclusive por v\u00eda electr\u00f3nica. En el caso de que no facilite sus datos personales, no podremos cumplir con las finalidades descritas. No se van a tomar decisiones automatizadas en base a los datos proporcionados.<\/span><\/p><p>\u00a0<\/p><ul><li aria-level=\"1\"><b>\u00bfPor cu\u00e1nto tiempo conservaremos sus datos?<\/b><\/li><\/ul><p><span style=\"font-weight: 400;\">Los datos se conservar\u00e1n mientras el interesado no solicite su supresi\u00f3n.<\/span><\/p><p>\u00a0<\/p><ul><li aria-level=\"1\"><b>\u00bfA qu\u00e9 destinatarios se comunicar\u00e1n sus datos?<\/b><\/li><\/ul><p><span style=\"font-weight: 400;\">No se ceder\u00e1n datos a terceros, salvo obligaci\u00f3n legal<\/span><\/p><p>\u00a0<\/p><ul><li aria-level=\"1\"><b>Transferencias de datos a terceros pa\u00edses<\/b><\/li><\/ul><p><span style=\"font-weight: 400;\">No est\u00e1n previstas transferencias de datos a terceros pa\u00edses.<\/span><\/p><p>\u00a0<\/p><ul><li aria-level=\"1\"><b>\u00bfCu\u00e1les son sus derechos cuando nos facilita sus datos?<\/b><\/li><\/ul><p><span style=\"font-weight: 400;\">Cualquier persona tiene derecho a obtener confirmaci\u00f3n sobre si en <\/span><b>INVOLVE, S.A. DE C.V.<\/b><span style=\"font-weight: 400;\"> estamos tratando, o no, datos personales que les conciernan.\u00a0<\/span><\/p><p><span style=\"font-weight: 400;\">Las personas interesadas tienen derecho a acceder a sus datos personales, as\u00ed como a solicitar la rectificaci\u00f3n de los datos inexactos o, en su caso, solicitar su supresi\u00f3n cuando, entre otros motivos, los datos ya no sean necesarios para los fines que fueron recogidos. Igualmente tiene derecho a la portabilidad de sus datos.\u00a0<\/span><\/p><p><span style=\"font-weight: 400;\">En determinadas circunstancias, los interesados podr\u00e1n solicitar la limitaci\u00f3n del tratamiento de sus datos, en cuyo caso \u00fanicamente los conservaremos para el ejercicio o la defensa de reclamaciones. En determinadas circunstancias y por motivos relacionados con su situaci\u00f3n particular, los interesados podr\u00e1n oponerse al tratamiento de sus datos. En este caso, <\/span><b>INVOLVE, S.A. DE C.V.<\/b><span style=\"font-weight: 400;\"> dejar\u00e1 de tratar los datos, salvo por motivos leg\u00edtimos imperiosos, o el ejercicio o la defensa de posibles reclamaciones. Podr\u00e1 ejercitar materialmente sus derechos de la siguiente forma: dirigi\u00e9ndose a infosec@dposa.eu<\/span><\/p><p><span style=\"font-weight: 400;\">Cuando se realice el env\u00edo de comunicaciones comerciales utilizando como base jur\u00eddica el inter\u00e9s leg\u00edtimo del responsable, el interesado podr\u00e1 oponerse al tratamiento de sus datos con ese fin.\u00a0<\/span><\/p><p><span style=\"font-weight: 400;\">Si ha otorgado su consentimiento para alguna finalidad concreta, tiene derecho a retirar el consentimiento otorgado en cualquier momento, sin que ello afecte a la licitud del tratamiento basado en el consentimiento previo a su retirada. En caso de que sienta vulnerados sus derechos en lo concerniente a la protecci\u00f3n de sus datos personales, especialmente cuando no haya obtenido satisfacci\u00f3n en el ejercicio de sus derechos, puede presentar una reclamaci\u00f3n ante la Autoridad de Control en materia de Protecci\u00f3n de Datos competente.<\/span><\/p><p>\u00a0<\/p><ul><li aria-level=\"1\"><b>\u00bfC\u00f3mo hemos obtenido sus datos?<\/b><\/li><\/ul><p><span style=\"font-weight: 400;\">Los datos personales que tratamos en <\/span><b>INVOLVE, S.A. DE C.V.<\/b><span style=\"font-weight: 400;\"> proceden de: El propio interesado. Las categor\u00edas de datos que se tratan son:\u00a0<\/span><\/p><ul><li style=\"font-weight: 400;\" aria-level=\"1\"><span style=\"font-weight: 400;\">Datos identificativos.<\/span><\/li><li style=\"font-weight: 400;\" aria-level=\"1\"><span style=\"font-weight: 400;\">Direcciones postales y electr\u00f3nicas.<\/span><\/li><li style=\"font-weight: 400;\" aria-level=\"1\"><span style=\"font-weight: 400;\">Informaci\u00f3n comercial.<\/span><\/li><li style=\"font-weight: 400;\" aria-level=\"1\"><span style=\"font-weight: 400;\">Datos econ\u00f3micos.<\/span><\/li><\/ul><p><b>Tratamiento de los datos de potenciales usuarios y visitantes de la website<\/b><\/p><table><tbody><tr><td colspan=\"2\"><p><b>Informaci\u00f3n b\u00e1sica sobre Protecci\u00f3n de datos<\/b><\/p><\/td><\/tr><tr><td><p><b>Responsable:<\/b><\/p><\/td><td><p><b>INVOLVE, S.A. DE C.V.<\/b><\/p><\/td><\/tr><tr><td><p><b>Finalidad<\/b><span style=\"font-weight: 400;\">:<\/span><\/p><\/td><td><p><span style=\"font-weight: 400;\">Gestionar la prestaci\u00f3n de los servicios contratados.<\/span><\/p><\/td><\/tr><tr><td><p><b>Legitimaci\u00f3n<\/b><span style=\"font-weight: 400;\">:<\/span><\/p><\/td><td><p><span style=\"font-weight: 400;\">Ejecuci\u00f3n de un contrato. Inter\u00e9s leg\u00edtimo del responsable.<\/span><\/p><\/td><\/tr><tr><td><p><b>Destinatarios<\/b><span style=\"font-weight: 400;\">:<\/span><\/p><\/td><td><p><span style=\"font-weight: 400;\">No se ceder\u00e1n datos a terceros.<\/span><\/p><\/td><\/tr><tr><td><p><b>Derechos<\/b><span style=\"font-weight: 400;\">:<\/span><\/p><\/td><td><p><span style=\"font-weight: 400;\">Tiene derecho a acceder, rectificar y suprimir los datos, as\u00ed como otros derechos, indicados en la informaci\u00f3n adicional, que puede ejercer dirigi\u00e9ndose a infosec@dposa.eu<\/span><\/p><\/td><\/tr><tr><td><p><b>Procedencia<\/b><span style=\"font-weight: 400;\">:<\/span><\/p><\/td><td><p><span style=\"font-weight: 400;\">El propio interesado.<\/span><\/p><\/td><\/tr><\/tbody><\/table><p>\u00a0<\/p><p><b>Informaci\u00f3n completa sobre Protecci\u00f3n de Datos<\/b><\/p><p>\u00a0<\/p><ul><li aria-level=\"1\"><b>\u00bfQui\u00e9n es el responsable del tratamiento de sus datos?<\/b><\/li><\/ul><p><span style=\"font-weight: 400;\">INVOLVE RH (el \u201cresponsable\u201d) quien se\u00f1ala como domicilio el ubicado en: Calle R\u00edo Lerma, 196 Bis, Colonia Cuauht\u00e9moc, Ciudad de M\u00e9xico, C.P. 06500.<\/span><\/p><p>\u00a0<\/p><ul><li aria-level=\"1\"><b>\u00bfCon qu\u00e9 finalidad tratamos sus datos personales?<\/b><\/li><\/ul><p><span style=\"font-weight: 400;\">En <\/span><b>INVOLVE, S.A. DE C.V.<\/b><span style=\"font-weight: 400;\"> tratamos la informaci\u00f3n que nos facilitan las personas interesadas con el fin de realizar la gesti\u00f3n fiscal, contable y administrativa de proveedores, as\u00ed como los datos de contacto profesionales. En el caso de que no facilite sus datos personales, no podremos cumplir con las finalidades descritas.\u00a0<\/span><\/p><p><span style=\"font-weight: 400;\">No se van a tomar decisiones automatizadas en base a los datos proporcionados<\/span><\/p><p>\u00a0<\/p><ul><li aria-level=\"1\"><b>\u00bfPor cu\u00e1nto tiempo conservaremos sus datos?<\/b><\/li><\/ul><p><span style=\"font-weight: 400;\">\u00a0Los datos se conservar\u00e1n mientras el interesado no solicite su supresi\u00f3n, y en su caso, durante los a\u00f1os necesarios para cumplir con las obligaciones legales.\u00a0<\/span><\/p><p>\u00a0<\/p><ul><li aria-level=\"1\"><b>\u00bfA qu\u00e9 destinatarios se comunicar\u00e1n sus datos?\u00a0<\/b><\/li><\/ul><p><span style=\"font-weight: 400;\">Los datos para este tratamiento no se comunicar\u00e1n a terceros destinatarios:\u00a0<\/span><\/p><p>\u00a0<\/p><ul><li aria-level=\"1\"><b>Transferencias de datos a terceros pa\u00edses\u00a0<\/b><\/li><\/ul><p><span style=\"font-weight: 400;\">No est\u00e1n previstas transferencias de datos a terceros pa\u00edses.\u00a0<\/span><\/p><p>\u00a0<\/p><ul><li aria-level=\"1\"><b>\u00bfCu\u00e1les son sus derechos cuando nos facilita sus datos?<\/b><\/li><\/ul><p><span style=\"font-weight: 400;\">Cualquier persona tiene derecho a obtener confirmaci\u00f3n sobre si en <\/span><b>INVOLVE, S.A. DE C.V.<\/b><span style=\"font-weight: 400;\"> estamos tratando, o no, datos personales que les conciernan.\u00a0<\/span><\/p><p><span style=\"font-weight: 400;\">Las personas interesadas tienen derecho a acceder a sus datos personales, as\u00ed como a solicitar la rectificaci\u00f3n de los datos inexactos o, en su caso, solicitar su supresi\u00f3n cuando, entre otros motivos, los datos ya no sean necesarios para los fines que fueron recogidos. Igualmente tiene derecho a la portabilidad de sus datos.\u00a0<\/span><\/p><p><span style=\"font-weight: 400;\">En determinadas circunstancias, los interesados podr\u00e1n solicitar la limitaci\u00f3n del tratamiento de sus datos, en cuyo caso \u00fanicamente los conservaremos para el ejercicio o la defensa de reclamaciones.\u00a0<\/span><\/p><p><span style=\"font-weight: 400;\">En determinadas circunstancias y por motivos relacionados con su situaci\u00f3n particular, los interesados podr\u00e1n oponerse al tratamiento de sus datos. En este caso, <\/span><b>INVOLVE, S.A. DE C.V.<\/b><span style=\"font-weight: 400;\"> dejar\u00e1 de tratar los datos, salvo por motivos leg\u00edtimos imperiosos, o el ejercicio o la defensa de posibles reclamaciones. Podr\u00e1 ejercitar materialmente sus derechos de la siguiente forma: dirigi\u00e9ndose a <\/span><a href=\"mailto:infosec@dposa.eu\"><span style=\"font-weight: 400;\">infosec@dposa.eu<\/span><\/a><\/p><p><span style=\"font-weight: 400;\">Cuando se realice el env\u00edo de comunicaciones comerciales utilizando como base jur\u00eddica el inter\u00e9s leg\u00edtimo del responsable, el interesado podr\u00e1 oponerse al tratamiento de sus datos con ese fin.\u00a0<\/span><\/p><p><span style=\"font-weight: 400;\">Si ha otorgado su consentimiento para alguna finalidad concreta, tiene derecho a retirar el consentimiento otorgado en cualquier momento, sin que ello afecte a la licitud del tratamiento basado en el consentimiento previo a su retirada.\u00a0<\/span><\/p><p><span style=\"font-weight: 400;\">En caso de que sienta vulnerados sus derechos en lo concerniente a la protecci\u00f3n de sus datos personales, especialmente cuando no haya obtenido satisfacci\u00f3n en el ejercicio de sus derechos, puede presentar una reclamaci\u00f3n ante la Autoridad de Control en materia de Protecci\u00f3n de Datos competente.<\/span><br \/><b><\/b><\/p><ul><li aria-level=\"1\"><b>\u00bfC\u00f3mo hemos obtenido sus datos?<\/b><\/li><\/ul><p><span style=\"font-weight: 400;\">Los datos personales que tratamos en <\/span><b>INVOLVE, S.A. DE C.V.<\/b><span style=\"font-weight: 400;\"> proceden de: El propio interesado.\u00a0<\/span><\/p><p><span style=\"font-weight: 400;\">Las categor\u00edas de datos que se tratan son:<\/span><\/p><ul><li style=\"font-weight: 400;\" aria-level=\"1\"><span style=\"font-weight: 400;\">Datos identificativos.<\/span><\/li><li style=\"font-weight: 400;\" aria-level=\"1\"><span style=\"font-weight: 400;\">Direcciones postales y electr\u00f3nicas.<\/span><\/li><li style=\"font-weight: 400;\" aria-level=\"1\"><span style=\"font-weight: 400;\">Informaci\u00f3n comercial.\u00a0<\/span><\/li><li style=\"font-weight: 400;\" aria-level=\"1\"><span style=\"font-weight: 400;\">Datos econ\u00f3micos.<\/span><\/li><\/ul><p><b>Tratamiento para gesti\u00f3n de proveedores.<\/b><\/p><table><tbody><tr><td colspan=\"2\"><p><b>Informaci\u00f3n b\u00e1sica sobre Protecci\u00f3n de datos<\/b><\/p><\/td><\/tr><tr><td><p><b>Responsable:<\/b><\/p><\/td><td><p><b>INVOLVE, S.A. DE C.V.<\/b><\/p><\/td><\/tr><tr><td><p><b>Finalidad<\/b><span style=\"font-weight: 400;\">:<\/span><\/p><\/td><td><p><span style=\"font-weight: 400;\">Gesti\u00f3n del proveedores.<\/span><\/p><\/td><\/tr><tr><td><p><b>Legitimaci\u00f3n<\/b><span style=\"font-weight: 400;\">:<\/span><\/p><\/td><td><p><span style=\"font-weight: 400;\">Ejecuci\u00f3n de un contrato. Cumplimiento de una obligaci\u00f3n legal.<\/span><\/p><\/td><\/tr><tr><td><p><b>Destinatarios<\/b><span style=\"font-weight: 400;\">:<\/span><\/p><\/td><td><p><span style=\"font-weight: 400;\">Est\u00e1n previstas cesiones de datos a: Administraci\u00f3n tributaria, bancos y autoridades mercantiles<\/span><\/p><\/td><\/tr><tr><td><p><b>Derechos<\/b><span style=\"font-weight: 400;\">:<\/span><\/p><\/td><td><p><span style=\"font-weight: 400;\">Tiene derecho a acceder, rectificar y suprimir los datos, as\u00ed como otros derechos, indicados en la informaci\u00f3n adicional, que puede ejercer dirigi\u00e9ndose a infosec@dposa.eu<\/span><\/p><\/td><\/tr><tr><td><p><b>Procedencia<\/b><span style=\"font-weight: 400;\">:<\/span><\/p><\/td><td><p><span style=\"font-weight: 400;\">El propio interesado.<\/span><\/p><\/td><\/tr><\/tbody><\/table><p><b>Informaci\u00f3n completa sobre Protecci\u00f3n de Datos<\/b><\/p><p>\u00a0<\/p><ul><li aria-level=\"1\"><b>\u00bfQui\u00e9n es el responsable del tratamiento de sus datos?\u00a0<\/b><\/li><\/ul><p><span style=\"font-weight: 400;\">INVOLVE RH (el \u201cresponsable\u201d) quien se\u00f1ala como domicilio el ubicado en: Calle R\u00edo Lerma, 196 Bis, Colonia Cuauht\u00e9moc, Ciudad de M\u00e9xico, C.P. 06500.<\/span><\/p><p>\u00a0<\/p><ul><li aria-level=\"1\"><b>\u00bfCon qu\u00e9 finalidad tratamos sus datos personales?\u00a0<\/b><\/li><\/ul><p><span style=\"font-weight: 400;\">En <\/span><b>INVOLVE, S.A. DE C.V.<\/b><span style=\"font-weight: 400;\"> tratamos la informaci\u00f3n que nos facilitan las personas interesadas con el fin de realizar la gesti\u00f3n de documentos, escritos de procedimiento y fallos, relativos a un litigio incoado ante una jurisdicci\u00f3n civil, comercial o social, dentro de un legajo en el cual se mencionan los distintos acontecimientos del proceso. En el caso de que no facilite sus datos personales, no podremos cumplir con las finalidades descritas.<\/span><\/p><p><span style=\"font-weight: 400;\">No se van a tomar decisiones automatizadas en base a los datos proporcionados.\u00a0<\/span><\/p><p>\u00a0<\/p><ul><li aria-level=\"1\"><b>\u00bfPor cu\u00e1nto tiempo conservaremos sus datos?\u00a0<\/b><\/li><\/ul><p><span style=\"font-weight: 400;\">Los datos se conservar\u00e1n hasta que finalice la relaci\u00f3n con el interesado, siempre respetando los plazos legales previstos sobre la prescripci\u00f3n de responsabilidades.\u00a0<\/span><\/p><p>\u00a0<\/p><ul><li aria-level=\"1\"><b>\u00bfA qu\u00e9 destinatarios se comunicar\u00e1n sus datos?\u00a0<\/b><\/li><\/ul><p><span style=\"font-weight: 400;\">Los datos se comunicar\u00e1n a los siguientes destinatarios: Administraci\u00f3n tributaria, bancos y autoridades mercantiles<\/span><\/p><p>\u00a0<\/p><ul><li aria-level=\"1\"><b>Transferencias de datos a terceros pa\u00edses<\/b><\/li><\/ul><p><span style=\"font-weight: 400;\">No est\u00e1n previstas transferencias de datos a terceros pa\u00edses.\u00a0<\/span><\/p><p>\u00a0<\/p><ul><li aria-level=\"1\"><b>\u00bfCu\u00e1les son sus derechos cuando nos facilita sus datos?\u00a0<\/b><\/li><\/ul><p><span style=\"font-weight: 400;\">Cualquier persona tiene derecho a obtener confirmaci\u00f3n sobre si en <\/span><b>INVOLVE, S.A. DE C.V.<\/b><span style=\"font-weight: 400;\"> estamos tratando, o no, datos personales que les conciernan.\u00a0<\/span><\/p><p><span style=\"font-weight: 400;\">Las personas interesadas tienen derecho a acceder a sus datos personales, as\u00ed como a solicitar la rectificaci\u00f3n de los datos inexactos o, en su caso, solicitar su supresi\u00f3n cuando, entre otros motivos, los datos ya no sean necesarios para los fines que fueron recogidos. Igualmente tiene derecho a la portabilidad de sus datos.\u00a0<\/span><\/p><p><span style=\"font-weight: 400;\">En determinadas circunstancias, los interesados podr\u00e1n solicitar la limitaci\u00f3n del tratamiento de sus datos, en cuyo caso \u00fanicamente los conservaremos para el ejercicio o la defensa de reclamaciones. En determinadas circunstancias y por motivos relacionados con su situaci\u00f3n particular, los interesados podr\u00e1n oponerse al tratamiento de sus datos. En este caso, <\/span><b>INVOLVE, S.A. DE C.V.<\/b><span style=\"font-weight: 400;\">, dejar\u00e1 de tratar los datos, salvo por motivos leg\u00edtimos imperiosos, o el ejercicio o la defensa de posibles reclamaciones.\u00a0<\/span><\/p><p><span style=\"font-weight: 400;\">Podr\u00e1 ejercitar materialmente sus derechos de la siguiente forma: dirigi\u00e9ndose a infosec@dposa.eu<\/span><\/p><p><span style=\"font-weight: 400;\">Cuando se realice el env\u00edo de comunicaciones comerciales utilizando como base jur\u00eddica el inter\u00e9s leg\u00edtimo del responsable, el interesado podr\u00e1 oponerse al tratamiento de sus datos con ese fin.\u00a0<\/span><\/p><p><span style=\"font-weight: 400;\">Si ha otorgado su consentimiento para alguna finalidad concreta, tiene derecho a retirar el consentimiento otorgado en cualquier momento, sin que ello afecte a la licitud del tratamiento basado en el consentimiento previo a su retirada.\u00a0<\/span><\/p><p><span style=\"font-weight: 400;\">En caso de que sienta vulnerados sus derechos en lo concerniente a la protecci\u00f3n de sus datos personales, especialmente cuando no haya obtenido satisfacci\u00f3n en el ejercicio de sus derechos, puede presentar una reclamaci\u00f3n ante la Autoridad de Control en materia de Protecci\u00f3n de Datos competente.<\/span><b><\/b><\/p><ul><li aria-level=\"1\"><b>\u00bfC\u00f3mo hemos obtenido sus datos?<\/b><\/li><\/ul><p><span style=\"font-weight: 400;\">Los datos personales que tratamos en <\/span><b>INVOLVE, S.A. DE C.V.<\/b><span style=\"font-weight: 400;\">. proceden de: El propio interesado.<\/span><\/p><p><span style=\"font-weight: 400;\">Las categor\u00edas de datos que se tratan son:\u00a0<\/span><\/p><ul><li style=\"font-weight: 400;\" aria-level=\"1\"><span style=\"font-weight: 400;\">Datos identificativos.\u00a0<\/span><\/li><li style=\"font-weight: 400;\" aria-level=\"1\"><span style=\"font-weight: 400;\">Direcciones postales y electr\u00f3nicas.\u00a0<\/span><\/li><li style=\"font-weight: 400;\" aria-level=\"1\"><span style=\"font-weight: 400;\">Informaci\u00f3n comercial.<\/span><\/li><li style=\"font-weight: 400;\" aria-level=\"1\"><span style=\"font-weight: 400;\">Datos econ\u00f3micos<\/span><\/li><\/ul>\t\t\t\t\t\t\t\t<\/div>\n\t\t\t\t<\/div>\n\t\t\t\t\t<\/div>\n\t\t<\/div>\n\t\t\t\t\t\t<\/div>\n\t\t\t\t\t<\/div>\n\t\t\t\t<\/div>\n\t\t\t\t<\/div>","protected":false},"excerpt":{"rendered":"<p>Pol\u00edtica de privacidad Pol\u00edtica de Privacidad Espa\u00f1a En INVOLVE IBERICA SL nos preocupamos por la privacidad y la transparencia. A continuaci\u00f3n, le indicamos en detalle los tratamientos de datos personales que realizamos, as\u00ed como toda la informaci\u00f3n relativa a los &hellip;<\/p>\n<p class=\"read-more\"> <a class=\"more-link\" href=\"https:\/\/www.involverh.com\/es_es\/politica-privacidad\/\"> <span class=\"screen-reader-text\">Pol\u00edtica de privacidad<\/span> Leer m\u00e1s \u00bb<\/a><\/p>","protected":false},"author":1,"featured_media":0,"parent":0,"menu_order":0,"comment_status":"closed","ping_status":"closed","template":"elementor_header_footer","meta":{"footnotes":""},"class_list":["post-3","page","type-page","status-publish","hentry"],"yoast_head":"<!-- This site is optimized with the Yoast SEO plugin v26.8 - https:\/\/yoast.com\/product\/yoast-seo-wordpress\/ -->\n<title>Pol\u00edtica de privacidad -<\/title>\n<meta name=\"description\" content=\"Atrae mejor talento con una plataforma de reclutamiento dise\u00f1ada para PyMEs.Promoci\u00f3n v\u00e1lida solo durante enero: publica tu vacante gratis, recibe candidatos evaluados y mant\u00e9n el control total del proceso.\" \/>\n<meta name=\"robots\" content=\"index, follow, max-snippet:-1, max-image-preview:large, max-video-preview:-1\" \/>\n<link rel=\"canonical\" href=\"https:\/\/www.involverh.com\/es_es\/politica-privacidad\/\" \/>\n<meta property=\"og:locale\" content=\"es_ES\" \/>\n<meta property=\"og:type\" content=\"article\" \/>\n<meta property=\"og:title\" content=\"Pol\u00edtica de privacidad -\" \/>\n<meta property=\"og:description\" content=\"Atrae mejor talento con una plataforma de reclutamiento dise\u00f1ada para PyMEs.Promoci\u00f3n v\u00e1lida solo durante enero: publica tu vacante gratis, recibe candidatos evaluados y mant\u00e9n el control total del proceso.\" \/>\n<meta property=\"og:url\" content=\"https:\/\/www.involverh.com\/es_es\/politica-privacidad\/\" \/>\n<meta property=\"og:site_name\" content=\"involve\u00b7rh\" \/>\n<meta property=\"article:publisher\" content=\"https:\/\/www.facebook.com\/Involve.rh\" \/>\n<meta property=\"article:modified_time\" content=\"2026-04-30T18:29:58+00:00\" \/>\n<meta property=\"og:image\" content=\"https:\/\/www.involverh.com\/wp-content\/uploads\/2025\/12\/Sin-titulo-2.png?wsr\" \/>\n\t<meta property=\"og:image:width\" content=\"834\" \/>\n\t<meta property=\"og:image:height\" content=\"834\" \/>\n\t<meta property=\"og:image:type\" content=\"image\/png\" \/>\n<meta name=\"twitter:card\" content=\"summary_large_image\" \/>\n<meta name=\"twitter:label1\" content=\"Tiempo de lectura\" \/>\n\t<meta name=\"twitter:data1\" content=\"208 minutos\" \/>\n<script type=\"application\/ld+json\" class=\"yoast-schema-graph\">{\"@context\":\"https:\/\/schema.org\",\"@graph\":[{\"@type\":\"WebPage\",\"@id\":\"https:\/\/www.involverh.com\/politica-privacidad\/\",\"url\":\"https:\/\/www.involverh.com\/politica-privacidad\/\",\"name\":\"Pol\u00edtica de privacidad -\",\"isPartOf\":{\"@id\":\"https:\/\/www.involverh.com\/#website\"},\"datePublished\":\"2025-07-23T06:00:14+00:00\",\"dateModified\":\"2026-04-30T18:29:58+00:00\",\"description\":\"Atrae mejor talento con una plataforma de reclutamiento dise\u00f1ada para PyMEs.Promoci\u00f3n v\u00e1lida solo durante enero: publica tu vacante gratis, recibe candidatos evaluados y mant\u00e9n el control total del proceso.\",\"breadcrumb\":{\"@id\":\"https:\/\/www.involverh.com\/politica-privacidad\/#breadcrumb\"},\"inLanguage\":\"es\",\"potentialAction\":[{\"@type\":\"ReadAction\",\"target\":[\"https:\/\/www.involverh.com\/politica-privacidad\/\"]}]},{\"@type\":\"BreadcrumbList\",\"@id\":\"https:\/\/www.involverh.com\/politica-privacidad\/#breadcrumb\",\"itemListElement\":[{\"@type\":\"ListItem\",\"position\":1,\"name\":\"Portada\",\"item\":\"https:\/\/www.involverh.com\/\"},{\"@type\":\"ListItem\",\"position\":2,\"name\":\"Pol\u00edtica de privacidad\"}]},{\"@type\":\"WebSite\",\"@id\":\"https:\/\/www.involverh.com\/#website\",\"url\":\"https:\/\/www.involverh.com\/\",\"name\":\"Involve RH\",\"description\":\"Encuentra trabajo en tiempo record\",\"publisher\":{\"@id\":\"https:\/\/www.involverh.com\/#organization\"},\"alternateName\":\"Involve Rh\",\"potentialAction\":[{\"@type\":\"SearchAction\",\"target\":{\"@type\":\"EntryPoint\",\"urlTemplate\":\"https:\/\/www.involverh.com\/?s={search_term_string}\"},\"query-input\":{\"@type\":\"PropertyValueSpecification\",\"valueRequired\":true,\"valueName\":\"search_term_string\"}}],\"inLanguage\":\"es\"},{\"@type\":\"Organization\",\"@id\":\"https:\/\/www.involverh.com\/#organization\",\"name\":\"involve\u00b7rh\",\"url\":\"https:\/\/www.involverh.com\/\",\"logo\":{\"@type\":\"ImageObject\",\"inLanguage\":\"es\",\"@id\":\"https:\/\/www.involverh.com\/#\/schema\/logo\/image\/\",\"url\":\"https:\/\/mlxhlgcdef1k.i.optimole.com\/cb:MACx.edf\/w:241\/h:34\/q:mauto\/f:best\/https:\/\/www.involverh.com\/wp-content\/uploads\/2025\/11\/logoInvolveho-1.webp\",\"contentUrl\":\"https:\/\/mlxhlgcdef1k.i.optimole.com\/cb:MACx.edf\/w:241\/h:34\/q:mauto\/f:best\/https:\/\/www.involverh.com\/wp-content\/uploads\/2025\/11\/logoInvolveho-1.webp\",\"width\":241,\"height\":34,\"caption\":\"involve\u00b7rh\"},\"image\":{\"@id\":\"https:\/\/www.involverh.com\/#\/schema\/logo\/image\/\"},\"sameAs\":[\"https:\/\/www.facebook.com\/Involve.rh\"]}]}<\/script>\n<!-- \/ Yoast SEO plugin. -->","yoast_head_json":{"title":"Pol\u00edtica de privacidad -","description":"Atrae mejor talento con una plataforma de reclutamiento dise\u00f1ada para PyMEs.Promoci\u00f3n v\u00e1lida solo durante enero: publica tu vacante gratis, recibe candidatos evaluados y mant\u00e9n el control total del proceso.","robots":{"index":"index","follow":"follow","max-snippet":"max-snippet:-1","max-image-preview":"max-image-preview:large","max-video-preview":"max-video-preview:-1"},"canonical":"https:\/\/www.involverh.com\/es_es\/politica-privacidad\/","og_locale":"es_ES","og_type":"article","og_title":"Pol\u00edtica de privacidad -","og_description":"Atrae mejor talento con una plataforma de reclutamiento dise\u00f1ada para PyMEs.Promoci\u00f3n v\u00e1lida solo durante enero: publica tu vacante gratis, recibe candidatos evaluados y mant\u00e9n el control total del proceso.","og_url":"https:\/\/www.involverh.com\/es_es\/politica-privacidad\/","og_site_name":"involve\u00b7rh","article_publisher":"https:\/\/www.facebook.com\/Involve.rh","article_modified_time":"2026-04-30T18:29:58+00:00","og_image":[{"width":834,"height":834,"url":"https:\/\/www.involverh.com\/wp-content\/uploads\/2025\/12\/Sin-titulo-2.png?wsr","type":"image\/png"}],"twitter_card":"summary_large_image","twitter_misc":{"Tiempo de lectura":"208 minutos"},"schema":{"@context":"https:\/\/schema.org","@graph":[{"@type":"WebPage","@id":"https:\/\/www.involverh.com\/politica-privacidad\/","url":"https:\/\/www.involverh.com\/politica-privacidad\/","name":"Pol\u00edtica de privacidad -","isPartOf":{"@id":"https:\/\/www.involverh.com\/#website"},"datePublished":"2025-07-23T06:00:14+00:00","dateModified":"2026-04-30T18:29:58+00:00","description":"Atrae mejor talento con una plataforma de reclutamiento dise\u00f1ada para PyMEs.Promoci\u00f3n v\u00e1lida solo durante enero: publica tu vacante gratis, recibe candidatos evaluados y mant\u00e9n el control total del proceso.","breadcrumb":{"@id":"https:\/\/www.involverh.com\/politica-privacidad\/#breadcrumb"},"inLanguage":"es","potentialAction":[{"@type":"ReadAction","target":["https:\/\/www.involverh.com\/politica-privacidad\/"]}]},{"@type":"BreadcrumbList","@id":"https:\/\/www.involverh.com\/politica-privacidad\/#breadcrumb","itemListElement":[{"@type":"ListItem","position":1,"name":"Portada","item":"https:\/\/www.involverh.com\/"},{"@type":"ListItem","position":2,"name":"Pol\u00edtica de privacidad"}]},{"@type":"WebSite","@id":"https:\/\/www.involverh.com\/#website","url":"https:\/\/www.involverh.com\/","name":"Involve RH","description":"Encuentra trabajo en tiempo record","publisher":{"@id":"https:\/\/www.involverh.com\/#organization"},"alternateName":"Involve Rh","potentialAction":[{"@type":"SearchAction","target":{"@type":"EntryPoint","urlTemplate":"https:\/\/www.involverh.com\/?s={search_term_string}"},"query-input":{"@type":"PropertyValueSpecification","valueRequired":true,"valueName":"search_term_string"}}],"inLanguage":"es"},{"@type":"Organization","@id":"https:\/\/www.involverh.com\/#organization","name":"involve\u00b7rh","url":"https:\/\/www.involverh.com\/","logo":{"@type":"ImageObject","inLanguage":"es","@id":"https:\/\/www.involverh.com\/#\/schema\/logo\/image\/","url":"https:\/\/mlxhlgcdef1k.i.optimole.com\/cb:MACx.edf\/w:241\/h:34\/q:mauto\/f:best\/https:\/\/www.involverh.com\/wp-content\/uploads\/2025\/11\/logoInvolveho-1.webp","contentUrl":"https:\/\/mlxhlgcdef1k.i.optimole.com\/cb:MACx.edf\/w:241\/h:34\/q:mauto\/f:best\/https:\/\/www.involverh.com\/wp-content\/uploads\/2025\/11\/logoInvolveho-1.webp","width":241,"height":34,"caption":"involve\u00b7rh"},"image":{"@id":"https:\/\/www.involverh.com\/#\/schema\/logo\/image\/"},"sameAs":["https:\/\/www.facebook.com\/Involve.rh"]}]}},"_links":{"self":[{"href":"https:\/\/www.involverh.com\/es_es\/wp-json\/wp\/v2\/pages\/3","targetHints":{"allow":["GET"]}}],"collection":[{"href":"https:\/\/www.involverh.com\/es_es\/wp-json\/wp\/v2\/pages"}],"about":[{"href":"https:\/\/www.involverh.com\/es_es\/wp-json\/wp\/v2\/types\/page"}],"author":[{"embeddable":true,"href":"https:\/\/www.involverh.com\/es_es\/wp-json\/wp\/v2\/users\/1"}],"replies":[{"embeddable":true,"href":"https:\/\/www.involverh.com\/es_es\/wp-json\/wp\/v2\/comments?post=3"}],"version-history":[{"count":3,"href":"https:\/\/www.involverh.com\/es_es\/wp-json\/wp\/v2\/pages\/3\/revisions"}],"predecessor-version":[{"id":14304,"href":"https:\/\/www.involverh.com\/es_es\/wp-json\/wp\/v2\/pages\/3\/revisions\/14304"}],"wp:attachment":[{"href":"https:\/\/www.involverh.com\/es_es\/wp-json\/wp\/v2\/media?parent=3"}],"curies":[{"name":"wp","href":"https:\/\/api.w.org\/{rel}","templated":true}]}}